{"id":5862,"date":"2023-09-21T10:31:12","date_gmt":"2023-09-21T08:31:12","guid":{"rendered":"https:\/\/duchidaosta.com\/room\/james-joyce-suite\/"},"modified":"2026-04-11T14:10:12","modified_gmt":"2026-04-11T12:10:12","slug":"james-joyce-suite","status":"publish","type":"room","link":"https:\/\/duchidaosta.com\/de\/zimmer\/james-joyce-suite\/","title":{"rendered":"James Joyce Suite"},"content":{"rendered":"<div  class=\"grids-section single-room-description animated fadeInLeft grids-is-advanced alignwide\" style=\"--_gs-gap-desktop:0px 0px;--_gs-m-desktop:0 0 0 0;--_gs-p-desktop:0 0 0 0;--_gs-bg-desktop:transparent none;--_gs-bg-xp-desktop:0px;--_gs-zi-desktop:auto;--_gs-d-desktop:block;--_gs-mw-desktop:calc(100% - 0 - 0);--_gs-gap-tablet:0px 0px;--_gs-m-tablet:0 0 0 0;--_gs-p-tablet:0 0 0 0;--_gs-bg-tablet:transparent none;--_gs-bg-xp-tablet:0px;--_gs-zi-tablet:auto;--_gs-d-tablet:block;--_gs-mw-tablet:calc(100% - 0 - 0);--_gs-gap-mobile:0px 0px;--_gs-m-mobile:0 0 0 0;--_gs-p-mobile:0 0 0 0;--_gs-bg-mobile:transparent none;--_gs-bg-xp-mobile:0px;--_gs-zi-mobile:auto;--_gs-d-mobile:block;--_gs-mw-mobile:calc(100% - 0 - 0);--_gs-columns:12;--_gs-rows:6\"><div class=\"grids-s-w_i\">\n<div class=\"grids-area\" style=\"--_ga-column:1\/13;--_ga-row:1\/7;--_ga-m-desktop:0 0 0 0;--_ga-p-desktop:0 0 0 0;--_ga-bg-desktop:transparent none;--_ga-zi-desktop:auto;--_ga-d-desktop:flex;--_ga-mw-desktop:calc(100% - 0 - 0);--_ga-m-tablet:0 0 0 0;--_ga-p-tablet:0 0 0 0;--_ga-bg-tablet:transparent none;--_ga-zi-tablet:auto;--_ga-d-tablet:flex;--_ga-mw-tablet:calc(100% - 0 - 0);--_ga-m-mobile:0 0 0 0;--_ga-p-mobile:0 0 0 0;--_ga-bg-mobile:transparent none;--_ga-zi-mobile:auto;--_ga-d-mobile:flex;--_ga-mw-mobile:calc(100% - 0 - 0)\">\n\n<h2 class=\"wp-block-heading has-text-align-center\">Einzigartig im Stil\n        <\/h2>\n\n\n\t<ul class=\"room-services-list room-services_evidence-list\">\n\t\t\t\t\t\t\t\t\t<li>\n\t\t\t\t\t<i class=\"fa-thin fa-expand-wide\"><\/i>\n\t\t\t\t\t<span>62 m\u00b2        <\/span>\n\t\t\t\t<\/li>\n\t\t\t\t\t\t\t<li>\n\t\t\t\t\t<i class=\"fa-thin fa-person\"><\/i>\n\t\t\t\t\t<span>2 Personen        <\/span>\n\t\t\t\t<\/li>\n\t\t\t\t\t\t\t<li>\n\t\t\t\t\t<i class=\"fa-thin fa-bed-front\"><\/i>\n\t\t\t\t\t<span>1 Bett        <\/span>\n\t\t\t\t<\/li>\n\t\t\t\t\t\t\t<li>\n\t\t\t\t\t<i class=\"fa-thin fa-shower\"><\/i>\n\t\t\t\t\t<span>2 B\u00e4der        <\/span>\n\t\t\t\t<\/li>\n\t\t\t\t\t\t\t<li>\n\t\t\t\t\t<i class=\"fa-thin fa-couch\"><\/i>\n\t\t\t\t\t<span>Wohnzimmer        <\/span>\n\t\t\t\t<\/li>\n\t\t\t\t\t\t<\/ul>\n\n\n\n\n<p class=\"has-text-align-center\">Eine Hommage an <strong>den ber\u00fchmten triestinischen Protagonisten des 20. Jahrhunderts<\/strong>: James Joyce.\n        <br>Die W\u00e4nde und das Mobiliar changieren zwischen Rot und Gold und schaffen ein <strong>ger\u00e4umiges und luxuri\u00f6ses Ambiente<\/strong>, das von der  <strong>habsburgischen Pracht<\/strong> inspiriert ist.\n        <br><\/p>\n\n\n\n<p class=\"has-text-align-center\">Ausgestattet mit einem <strong>ger\u00e4umigen begehbaren Kleiderschrank<\/strong> und <strong>zwei Badezimmern <\/strong>mit <strong>Marmorverkleidung<\/strong>, einer <strong>Badewanne und einer gro\u00dfen Dusche<\/strong>, bietet es eine elegante L\u00f6sung f\u00fcr <strong>erstklassige Entspannung<\/strong>.\n        <\/p>\n\n<\/div>\n<\/div><\/div>\n\n<div  class=\"grids-section animated fadeInUp grids-is-advanced alignwide\" style=\"--_gs-gap-desktop:0px 0px;--_gs-m-desktop:0 0 0 0;--_gs-p-desktop:0 0 0 0;--_gs-bg-desktop:transparent none;--_gs-bg-xp-desktop:0px;--_gs-zi-desktop:auto;--_gs-d-desktop:block;--_gs-mw-desktop:calc(100% - 0 - 0);--_gs-gap-tablet:0px 0px;--_gs-m-tablet:0 0 0 0;--_gs-p-tablet:0 0 0 0;--_gs-bg-tablet:transparent none;--_gs-bg-xp-tablet:0px;--_gs-zi-tablet:auto;--_gs-d-tablet:block;--_gs-mw-tablet:calc(100% - 0 - 0);--_gs-gap-mobile:0px 0px;--_gs-m-mobile:0 0 0 0;--_gs-p-mobile:0 0 0 0;--_gs-bg-mobile:transparent none;--_gs-bg-xp-mobile:0px;--_gs-zi-mobile:auto;--_gs-d-mobile:block;--_gs-mw-mobile:calc(100% - 0 - 0);--_gs-columns:12;--_gs-rows:6\"><div class=\"grids-s-w_i\">\n<div class=\"grids-area\" style=\"--_ga-column:1\/13;--_ga-row:1\/7;--_ga-m-desktop:0 0 0 0;--_ga-p-desktop:0 0 0 0;--_ga-bg-desktop:transparent none;--_ga-zi-desktop:auto;--_ga-d-desktop:flex;--_ga-mw-desktop:calc(100% - 0 - 0);--_ga-m-tablet:0 0 0 0;--_ga-p-tablet:0 0 0 0;--_ga-bg-tablet:transparent none;--_ga-zi-tablet:auto;--_ga-d-tablet:flex;--_ga-mw-tablet:calc(100% - 0 - 0);--_ga-m-mobile:0 0 0 0;--_ga-p-mobile:0 0 0 0;--_ga-bg-mobile:transparent none;--_ga-zi-mobile:auto;--_ga-d-mobile:flex;--_ga-mw-mobile:calc(100% - 0 - 0)\">\n<a href=\"https:\/\/reservations.verticalbooking.com\/premium\/index.html?id_stile=18543&#038;id_albergo=11510&#038;dc=4435&#038;lingua_int=deu\" class=\"btn btn-booking btn-center\" target=\"_blank\" rel=\"noopener\">Verf\u00fcgbarkeit pr\u00fcfen<\/a>\n\n<\/div>\n<\/div><\/div>\n\n<div  class=\"grids-section animated fadeInUp grids-is-advanced alignfull\" style=\"--_gs-gap-desktop:0px 0px;--_gs-m-desktop:0 0 0 0;--_gs-p-desktop:0 0 0 0;--_gs-bg-desktop:transparent none;--_gs-bg-xp-desktop:0px;--_gs-zi-desktop:auto;--_gs-d-desktop:block;--_gs-mw-desktop:calc(100% - 0 - 0);--_gs-gap-tablet:0px 0px;--_gs-m-tablet:0 0 0 0;--_gs-p-tablet:0 0 0 0;--_gs-bg-tablet:transparent none;--_gs-bg-xp-tablet:0px;--_gs-zi-tablet:auto;--_gs-d-tablet:block;--_gs-mw-tablet:calc(100% - 0 - 0);--_gs-gap-mobile:0px 0px;--_gs-m-mobile:0 0 0 0;--_gs-p-mobile:0 0 0 0;--_gs-bg-mobile:transparent none;--_gs-bg-xp-mobile:0px;--_gs-zi-mobile:auto;--_gs-d-mobile:block;--_gs-mw-mobile:calc(100% - 0 - 0);--_gs-columns:12;--_gs-rows:6\"><div class=\"grids-s-w_i\">\n<div class=\"grids-area\" style=\"--_ga-column:1\/13;--_ga-row:1\/7;--_ga-m-desktop:0 0 0 0;--_ga-p-desktop:0 0 0 0;--_ga-bg-desktop:transparent none;--_ga-zi-desktop:auto;--_ga-d-desktop:flex;--_ga-mw-desktop:calc(100% - 0 - 0);--_ga-m-tablet:0 0 0 0;--_ga-p-tablet:0 0 0 0;--_ga-bg-tablet:transparent none;--_ga-zi-tablet:auto;--_ga-d-tablet:flex;--_ga-mw-tablet:calc(100% - 0 - 0);--_ga-m-mobile:0 0 0 0;--_ga-p-mobile:0 0 0 0;--_ga-bg-mobile:transparent none;--_ga-zi-mobile:auto;--_ga-d-mobile:flex;--_ga-mw-mobile:calc(100% - 0 - 0)\">\n    <!-- GALLERY (Swiper) -->\n    <div class=\"slider-gallery-wrapper\" id=\"customGallery_room\">\n        <div class=\"swiper-wrapper\">\n                                            <div class=\"slider-gallery-single-image swiper-slide\">\n                    <figure class=\"full-width slider-gallery\">\n                        <img decoding=\"async\"\n                            src=\"https:\/\/duchidaosta.com\/wp-content\/uploads\/2023\/06\/suite-james-joyce-hotel-duchi-d-aosta-trieste-2.jpg\"\n                            alt=\"Suite james joyce con vista su Trieste\"\n                            loading=\"lazy\"\n                        \/>\n                    <\/figure>\n                <\/div>\n                                            <div class=\"slider-gallery-single-image swiper-slide\">\n                    <figure class=\"full-width slider-gallery\">\n                        <img decoding=\"async\"\n                            src=\"https:\/\/duchidaosta.com\/wp-content\/uploads\/2023\/06\/suite-james-joyce-hotel-duchi-d-aosta-trieste-3.jpg\"\n                            alt=\"Suite james joyce con vista su Trieste\"\n                            loading=\"lazy\"\n                        \/>\n                    <\/figure>\n                <\/div>\n                                            <div class=\"slider-gallery-single-image swiper-slide\">\n                    <figure class=\"full-width slider-gallery\">\n                        <img decoding=\"async\"\n                            src=\"https:\/\/duchidaosta.com\/wp-content\/uploads\/2023\/06\/suite-james-joyce-hotel-duchi-d-aosta-trieste-4.jpg\"\n                            alt=\"Suite james joyce con vista su Trieste\"\n                            loading=\"lazy\"\n                        \/>\n                    <\/figure>\n                <\/div>\n                                            <div class=\"slider-gallery-single-image swiper-slide\">\n                    <figure class=\"full-width slider-gallery\">\n                        <img decoding=\"async\"\n                            src=\"https:\/\/duchidaosta.com\/wp-content\/uploads\/2023\/06\/suite-james-joyce-hotel-duchi-d-aosta-trieste-8.jpg\"\n                            alt=\"Lussuosa suite james joyce con letto matrimoniale, ampio divano e atmosfera accogliente\"\n                            loading=\"lazy\"\n                        \/>\n                    <\/figure>\n                <\/div>\n                                            <div class=\"slider-gallery-single-image swiper-slide\">\n                    <figure class=\"full-width slider-gallery\">\n                        <img decoding=\"async\"\n                            src=\"https:\/\/duchidaosta.com\/wp-content\/uploads\/2023\/06\/suite-james-joyce-hotel-duchi-d-aosta-trieste-7.jpg\"\n                            alt=\"Suite james joyce con vista su Trieste\"\n                            loading=\"lazy\"\n                        \/>\n                    <\/figure>\n                <\/div>\n                                            <div class=\"slider-gallery-single-image swiper-slide\">\n                    <figure class=\"full-width slider-gallery\">\n                        <img decoding=\"async\"\n                            src=\"https:\/\/duchidaosta.com\/wp-content\/uploads\/2023\/06\/suite-james-joyce-hotel-duchi-d-aosta-trieste-5.jpg\"\n                            alt=\"Suite james joyce con vista su Trieste\"\n                            loading=\"lazy\"\n                        \/>\n                    <\/figure>\n                <\/div>\n                                            <div class=\"slider-gallery-single-image swiper-slide\">\n                    <figure class=\"full-width slider-gallery\">\n                        <img decoding=\"async\"\n                            src=\"https:\/\/duchidaosta.com\/wp-content\/uploads\/2023\/06\/suite-james-joyce-hotel-duchi-d-aosta-trieste-6.jpg\"\n                            alt=\"Letto matrimoniale decorato della suite james joyce del \"\n                            loading=\"lazy\"\n                        \/>\n                    <\/figure>\n                <\/div>\n                                            <div class=\"slider-gallery-single-image swiper-slide\">\n                    <figure class=\"full-width slider-gallery\">\n                        <img decoding=\"async\"\n                            src=\"https:\/\/duchidaosta.com\/wp-content\/uploads\/2023\/06\/suite-james-joyce-hotel-duchi-d-aosta-trieste-9.jpg\"\n                            alt=\"Bagno della suite james joyce con elementi di design\"\n                            loading=\"lazy\"\n                        \/>\n                    <\/figure>\n                <\/div>\n                                            <div class=\"slider-gallery-single-image swiper-slide\">\n                    <figure class=\"full-width slider-gallery\">\n                        <img decoding=\"async\"\n                            src=\"https:\/\/duchidaosta.com\/wp-content\/uploads\/2023\/06\/suite-james-joyce-hotel-duchi-d-aosta-trieste-1.jpg\"\n                            alt=\"Bagno della suite james joyce con elementi di design\"\n                            loading=\"lazy\"\n                        \/>\n                    <\/figure>\n                <\/div>\n                    <\/div>\n\n        <!-- FRECCE (gallery principale) -->\n        <div class=\"swiper-button-prev\"><\/div>\n        <div class=\"swiper-button-next\"><\/div>\n\n        <div class=\"slider-list-navigation\">\n            <div class=\"swiper-pagination\"><\/div>\n        <\/div>\n\t<\/div>\n\n    <!-- LIGHTBOX (solo Swiper, nessuna libreria extra) -->\n    <div class=\"swiper-lightbox\" id=\"customGallery_room__lightbox\" aria-hidden=\"true\">\n        <button type=\"button\" class=\"swiper-lightbox__close\" aria-label=\"Chiudi\">\u00d7<\/button>\n\n        <div class=\"swiper-lightbox__inner\">\n            <div class=\"swiper swiper-lightbox__swiper\" id=\"customGallery_room__lightbox_swiper\">\n                <div class=\"swiper-wrapper\">\n                                                                    <div class=\"swiper-slide\">\n                            <div class=\"swiper-lightbox__slide\">\n                                <img decoding=\"async\"\n                                    src=\"https:\/\/duchidaosta.com\/wp-content\/uploads\/2023\/06\/suite-james-joyce-hotel-duchi-d-aosta-trieste-2.jpg\"\n                                    alt=\"Suite james joyce con vista su Trieste\"\n                                \/>\n                            <\/div>\n                        <\/div>\n                                                                    <div class=\"swiper-slide\">\n                            <div class=\"swiper-lightbox__slide\">\n                                <img decoding=\"async\"\n                                    src=\"https:\/\/duchidaosta.com\/wp-content\/uploads\/2023\/06\/suite-james-joyce-hotel-duchi-d-aosta-trieste-3.jpg\"\n                                    alt=\"Suite james joyce con vista su Trieste\"\n                                \/>\n                            <\/div>\n                        <\/div>\n                                                                    <div class=\"swiper-slide\">\n                            <div class=\"swiper-lightbox__slide\">\n                                <img decoding=\"async\"\n                                    src=\"https:\/\/duchidaosta.com\/wp-content\/uploads\/2023\/06\/suite-james-joyce-hotel-duchi-d-aosta-trieste-4.jpg\"\n                                    alt=\"Suite james joyce con vista su Trieste\"\n                                \/>\n                            <\/div>\n                        <\/div>\n                                                                    <div class=\"swiper-slide\">\n                            <div class=\"swiper-lightbox__slide\">\n                                <img decoding=\"async\"\n                                    src=\"https:\/\/duchidaosta.com\/wp-content\/uploads\/2023\/06\/suite-james-joyce-hotel-duchi-d-aosta-trieste-8.jpg\"\n                                    alt=\"Lussuosa suite james joyce con letto matrimoniale, ampio divano e atmosfera accogliente\"\n                                \/>\n                            <\/div>\n                        <\/div>\n                                                                    <div class=\"swiper-slide\">\n                            <div class=\"swiper-lightbox__slide\">\n                                <img decoding=\"async\"\n                                    src=\"https:\/\/duchidaosta.com\/wp-content\/uploads\/2023\/06\/suite-james-joyce-hotel-duchi-d-aosta-trieste-7.jpg\"\n                                    alt=\"Suite james joyce con vista su Trieste\"\n                                \/>\n                            <\/div>\n                        <\/div>\n                                                                    <div class=\"swiper-slide\">\n                            <div class=\"swiper-lightbox__slide\">\n                                <img decoding=\"async\"\n                                    src=\"https:\/\/duchidaosta.com\/wp-content\/uploads\/2023\/06\/suite-james-joyce-hotel-duchi-d-aosta-trieste-5.jpg\"\n                                    alt=\"Suite james joyce con vista su Trieste\"\n                                \/>\n                            <\/div>\n                        <\/div>\n                                                                    <div class=\"swiper-slide\">\n                            <div class=\"swiper-lightbox__slide\">\n                                <img decoding=\"async\"\n                                    src=\"https:\/\/duchidaosta.com\/wp-content\/uploads\/2023\/06\/suite-james-joyce-hotel-duchi-d-aosta-trieste-6.jpg\"\n                                    alt=\"Letto matrimoniale decorato della suite james joyce del \"\n                                \/>\n                            <\/div>\n                        <\/div>\n                                                                    <div class=\"swiper-slide\">\n                            <div class=\"swiper-lightbox__slide\">\n                                <img decoding=\"async\"\n                                    src=\"https:\/\/duchidaosta.com\/wp-content\/uploads\/2023\/06\/suite-james-joyce-hotel-duchi-d-aosta-trieste-9.jpg\"\n                                    alt=\"Bagno della suite james joyce con elementi di design\"\n                                \/>\n                            <\/div>\n                        <\/div>\n                                                                    <div class=\"swiper-slide\">\n                            <div class=\"swiper-lightbox__slide\">\n                                <img decoding=\"async\"\n                                    src=\"https:\/\/duchidaosta.com\/wp-content\/uploads\/2023\/06\/suite-james-joyce-hotel-duchi-d-aosta-trieste-1.jpg\"\n                                    alt=\"Bagno della suite james joyce con elementi di design\"\n                                \/>\n                            <\/div>\n                        <\/div>\n                                    <\/div>\n\n                <!-- FRECCE (lightbox) -->\n                <div class=\"swiper-button-prev\"><\/div>\n                <div class=\"swiper-button-next\"><\/div>\n\n                <!-- PALLINI (lightbox) -->\n                <div class=\"swiper-pagination\"><\/div>\n            <\/div>\n        <\/div>\n    <\/div>\n\n<script type=\"text\/javascript\">\njQuery(document).ready(function () {\n\n    var galleryId   = '#customGallery_room';\n    var lightboxId  = '#customGallery_room__lightbox';\n    var lightboxSw  = '#customGallery_room__lightbox_swiper';\n\n    \/\/ Swiper principale\n    var mainSwiper = new Swiper(galleryId, {\n        slidesPerView: 'auto',\n        spaceBetween: 0,\n        loop: true,\n        centeredSlides: true,\n        autoplay: {\n            delay: 5500,\n            disableOnInteraction: true,\n        },\n        navigation: {\n            nextEl: galleryId + ' .swiper-button-next',\n            prevEl: galleryId + ' .swiper-button-prev'\n        },\n        pagination: {\n            el: galleryId + ' .slider-list-navigation .swiper-pagination',\n            clickable: true\n        },\n    });\n\n    \/\/ Swiper del lightbox (creato al primo open)\n    var lbSwiper = null;\n\n    function openLightbox(startIndex) {\n        var $lb = jQuery(lightboxId);\n\n        $lb.addClass('is-open').attr('aria-hidden', 'false');\n        jQuery('body').addClass('swiper-lightbox-open');\n\n        if (!lbSwiper) {\n            lbSwiper = new Swiper(lightboxSw, {\n                slidesPerView: 1,\n                loop: true,\n                centeredSlides: true,\n                keyboard: {\n                    enabled: true,\n                    onlyInViewport: false\n                },\n                navigation: {\n                    nextEl: lightboxSw + ' .swiper-button-next',\n                    prevEl: lightboxSw + ' .swiper-button-prev'\n                },\n                pagination: {\n                    el: lightboxSw + ' .swiper-pagination',\n                    clickable: true\n                }\n            });\n        }\n\n        \/\/ Con loop true, usiamo slideToLoop per posizionare correttamente\n        if (typeof startIndex === 'number') {\n            lbSwiper.slideToLoop(startIndex, 0);\n        }\n    }\n\n    function closeLightbox() {\n        var $lb = jQuery(lightboxId);\n        $lb.removeClass('is-open').attr('aria-hidden', 'true');\n        jQuery('body').removeClass('swiper-lightbox-open');\n    }\n\n    \/\/ Click sulla gallery: apri lightbox alla slide corretta\n    \/\/ Con loop, Swiper mette data-swiper-slide-index sulle slide cliccate (incluse le duplicate)\n    mainSwiper.on('click', function(swiper) {\n        if (!swiper.clickedSlide) return;\n\n        var realIndexAttr = swiper.clickedSlide.getAttribute('data-swiper-slide-index');\n        var realIndex = (realIndexAttr !== null) ? parseInt(realIndexAttr, 10) : swiper.clickedIndex;\n\n        if (!isNaN(realIndex)) {\n            openLightbox(realIndex);\n        }\n    });\n\n    \/\/ Chiudi: bottone X\n    jQuery(lightboxId + ' .swiper-lightbox__close').on('click', function(e){\n        e.preventDefault();\n        closeLightbox();\n    });\n\n    \/\/ Chiudi: click fuori dall'immagine (overlay)\n    jQuery(lightboxId).on('click', function(e){\n\n        \/\/ Se clicco sull'immagine, NON chiudo\n        if (jQuery(e.target).closest('.swiper-lightbox__slide img').length) return;\n\n        \/\/ Se clicco su controlli UI (frecce, pagination, close), NON chiudo\n        if (jQuery(e.target).closest('.swiper-button-prev, .swiper-button-next, .swiper-pagination, .swiper-lightbox__close').length) return;\n\n        \/\/ Altrimenti (overlay \/ zone vuote) chiudo\n        closeLightbox();\n    });\n\n    \/\/ Chiudi: ESC\n    jQuery(document).on('keydown', function(e){\n        if (e.key === 'Escape' && jQuery(lightboxId).hasClass('is-open')) {\n            closeLightbox();\n        }\n    });\n\n});\n<\/script>\n\n<style>\n\/* blocca scroll quando la lightbox \u00e8 aperta *\/\nbody.swiper-lightbox-open {\n  overflow: hidden;\n}\n\n\/* overlay *\/\n.swiper-lightbox {\n  position: fixed;\n  inset: 0;\n  z-index: 99999;\n  display: none;\n  background: rgba(0,0,0,.92);\n}\n\n\/* visibile *\/\n.swiper-lightbox.is-open {\n  display: block;\n}\n\n\/* contenitore interno *\/\n.swiper-lightbox__inner {\n  width: 100%;\n  height: 100%;\n  display: flex;\n  align-items: center;\n  justify-content: center;\n}\n\n\/* swiper fullscreen (lightbox) *\/\n.swiper-lightbox__swiper {\n  width: 100%;\n  height: 100%;\n}\n\n\/* slide (lightbox) *\/\n.swiper-lightbox__slide {\n  width: 100%;\n  height: 100%;\n  display: flex;\n  align-items: center;\n  justify-content: center;\n}\n\n.swiper-lightbox__slide img {\n  max-width: 95vw;\n  max-height: 90vh;\n  width: auto;\n  height: auto;\n  object-fit: contain;\n}\n\n\/* bottone chiusura *\/\n.swiper-lightbox__close {\n  position: absolute;\n  top: 16px;\n  right: 16px;\n  z-index: 100000;\n  width: 44px;\n  height: 44px;\n  border: 0;\n  border-radius: 999px;\n  background: rgba(255,255,255,.12);\n  color: #fff;\n  font-size: 28px;\n  line-height: 44px;\n  cursor: pointer;\n}\n\n\/* navigazione lightbox *\/\n.swiper-lightbox .swiper-button-prev,\n.swiper-lightbox .swiper-button-next {\n  color: #fff;\n  padding: 30px;\n}\n\n.swiper-lightbox .swiper-pagination-bullet {\n  background: rgba(255,255,255,.6);\n  opacity: 1;\n}\n\n.swiper-lightbox .swiper-pagination-bullet-active {\n  background: #fff;\n}\n\n\/* TWEAK visual gi\u00e0 presenti *\/\nbutton.swiper-lightbox__close {\n  position: absolute !important;\n  color: white !important;\n  font-size: 50px !important;\n  font-weight: 400 !important;\n}\n\n\/* abilita click sull'immagine in gallery *\/\n.slider-gallery-single-image.swiper-slide img{\n  pointer-events: all !important;\n}\n\n\/* FRECCE in gallery principale *\/\n.slider-gallery-wrapper .swiper-button-prev,\n.slider-gallery-wrapper .swiper-button-next {\n  color: #fff;      \/* cambia se vuoi *\/\n  padding: 30px;\n}\n\n\/* (opzionale) ombra per leggibilit\u00e0 frecce su immagini chiare *\/\n.slider-gallery-wrapper .swiper-button-prev:after,\n.slider-gallery-wrapper .swiper-button-next:after {\n  text-shadow: 0 2px 10px rgba(0,0,0,.35);\n}\n\n\n\n\n\n\n\n\n\n\n\n\n\n\/* --- PAGINATION: forzo visibilit\u00e0 ovunque --- *\/\n.slider-gallery-wrapper,\n.swiper-lightbox__swiper {\n  position: relative;\n}\n\n\/* PALLINI nella gallery (fuori dal lightbox) *\/\n.slider-gallery-wrapper .slider-list-navigation {\n  position: absolute;\n  left: 0;\n  right: 0;\n  bottom: 0px;\n  z-index: 50;\n  display: flex !important;\n  justify-content: center;\n  pointer-events: none; \/* non blocca click\/drag *\/\n}\n\n.slider-gallery-wrapper .slider-list-navigation .swiper-pagination {\n  position: static !important;\n  display: block !important;\n  opacity: 1 !important;\n  visibility: visible !important;\n  pointer-events: auto;\n}\n\n\/* PALLINI nel lightbox *\/\n.swiper-lightbox .swiper-pagination {\n  position: absolute !important;\n  left: 0;\n  right: 0;\n  bottom: 18px !important;\n  z-index: 100001 !important;\n  display: flex !important;\n  justify-content: center;\n  opacity: 1 !important;\n  visibility: visible !important;\n}\n\n\/* BULLETS: dimensioni e visibilit\u00e0 *\/\n.slider-gallery-wrapper .swiper-pagination-bullet,\n.swiper-lightbox .swiper-pagination-bullet {\n  width: 10px !important;\n  height: 10px !important;\n  opacity: 1 !important;\n  display: inline-block !important;\n  margin: 0 6px !important;\n}\n\n\/* colori (puoi cambiarli) *\/\n.slider-gallery-wrapper .swiper-pagination-bullet, .swiper-lightbox .swiper-pagination-bullet {\n    background: rgb(154 154 154 \/ 60%) !important;\n    border-color: rgb(154 154 154 \/ 30%) !important;\n}\n\n.slider-gallery-wrapper .swiper-pagination-bullet-active,\n.swiper-lightbox .swiper-pagination-bullet-active {\n  background: #fff !important;\n}\n\n\/* (opzionale) se in gallery i pallini finiscono \"sotto\" e non li vedi mai, crea spazio *\/\n.slider-gallery-wrapper {\n  padding-bottom: 34px;\n}\n\n<\/style>\n\n\n<\/div>\n<\/div><\/div>\n\n<div  class=\"grids-section room-services-row grids-is-advanced alignwide\" style=\"--_gs-gap-desktop:0px 0px;--_gs-m-desktop:0 0 0 0;--_gs-p-desktop:0 0 0 0;--_gs-bg-desktop:transparent none;--_gs-bg-xp-desktop:0px;--_gs-zi-desktop:auto;--_gs-d-desktop:block;--_gs-mw-desktop:calc(100% - 0 - 0);--_gs-gap-tablet:0px 0px;--_gs-m-tablet:0 0 0 0;--_gs-p-tablet:0 0 0 0;--_gs-bg-tablet:transparent none;--_gs-bg-xp-tablet:0px;--_gs-zi-tablet:auto;--_gs-d-tablet:block;--_gs-mw-tablet:calc(100% - 0 - 0);--_gs-gap-mobile:0px 0px;--_gs-m-mobile:0 0 0 0;--_gs-p-mobile:0 0 0 0;--_gs-bg-mobile:transparent none;--_gs-bg-xp-mobile:0px;--_gs-zi-mobile:auto;--_gs-d-mobile:block;--_gs-mw-mobile:calc(100% - 0 - 0);--_gs-columns:12;--_gs-rows:6\"><div class=\"grids-s-w_i\">\n<div class=\"grids-area animated fadeInLeft\" style=\"--_ga-column:1\/6;--_ga-row:1\/7;--_ga-m-desktop:0 0 0 0;--_ga-p-desktop:0 0 0 0;--_ga-bg-desktop:transparent none;--_ga-zi-desktop:auto;--_ga-d-desktop:flex;--_ga-mw-desktop:calc(100% - 0 - 0);--_ga-m-tablet:0 0 0 0;--_ga-p-tablet:0 0 0 0;--_ga-bg-tablet:transparent none;--_ga-zi-tablet:auto;--_ga-d-tablet:flex;--_ga-mw-tablet:calc(100% - 0 - 0);--_ga-m-mobile:0 0 0 0;--_ga-p-mobile:0 0 0 0;--_ga-bg-mobile:transparent none;--_ga-zi-mobile:auto;--_ga-d-mobile:flex;--_ga-mw-mobile:calc(100% - 0 - 0)\">\n\n<p class=\"counter-h no-counter\">DIENSTLEISTUNGEN IN DER SUITE\n        <\/p>\n\n\n\t<ul class=\"room-services-list room-services-list\">\n\t\t\t\t\t\t\t\t\t<li>\n\t\t\t\t\t<i class=\"fa-thin fa-window-frame-open\"><\/i>\n\t\t\t\t\t<span>Bezaubernder Blick auf die Piazza Unit\u00e0 d'Italia        <\/span>\n\t\t\t\t<\/li>\n\t\t\t\t\t\t\t<li>\n\t\t\t\t\t<i class=\"fa-thin fa-mug-saucer\"><\/i>\n\t\t\t\t\t<span>Fr\u00fchst\u00fcck in Harry's Bistr\u00f2 e Dehors inklusive        <\/span>\n\t\t\t\t<\/li>\n\t\t\t\t\t\t\t<li>\n\t\t\t\t\t<i class=\"fa-thin fa-couch\"><\/i>\n\t\t\t\t\t<span>Lounge-Bereich mit Sofa        <\/span>\n\t\t\t\t<\/li>\n\t\t\t\t\t\t\t<li>\n\t\t\t\t\t<i class=\"fa-thin fa-clothes-hanger\"><\/i>\n\t\t\t\t\t<span>Begehbarer Kleiderschrank        <\/span>\n\t\t\t\t<\/li>\n\t\t\t\t\t\t\t<li>\n\t\t\t\t\t<i class=\"fa-thin fa-lamp-desk\"><\/i>\n\t\t\t\t\t<span>Schreibtisch        <\/span>\n\t\t\t\t<\/li>\n\t\t\t\t\t\t\t<li>\n\t\t\t\t\t<i class=\"fa-thin fa-air-conditioner\"><\/i>\n\t\t\t\t\t<span>Klimaanlage mit Regulierung        <\/span>\n\t\t\t\t<\/li>\n\t\t\t\t\t\t\t<li>\n\t\t\t\t\t<i class=\"fa-thin fa-thin fa-wifi\"><\/i>\n\t\t\t\t\t<span>Kostenlose WI-FI Internetverbindung        <\/span>\n\t\t\t\t<\/li>\n\t\t\t\t\t\t\t<li>\n\t\t\t\t\t<i class=\"fa-thin fa-tv\"><\/i>\n\t\t\t\t\t<span>LED-TV mit HD-Satellitenkan\u00e4len        <\/span>\n\t\t\t\t<\/li>\n\t\t\t\t\t\t\t<li>\n\t\t\t\t\t<i class=\"fa-thin fa-vault\"><\/i>\n\t\t\t\t\t<span>Elektronischer Safe        <\/span>\n\t\t\t\t<\/li>\n\t\t\t\t\t\t\t<li>\n\t\t\t\t\t<i class=\"fa-thin \"><\/i>\n\t\t\t\t\t<span><\/span>\n\t\t\t\t<\/li>\n\t\t\t\t\t\t\t<li>\n\t\t\t\t\t<i class=\"fa-thin \"><\/i>\n\t\t\t\t\t<span><\/span>\n\t\t\t\t<\/li>\n\t\t\t\t\t\t<\/ul>\n\n\n<\/div>\n\n<div class=\"grids-area box-services-included animated fadeInRight\" style=\"--_ga-column:7\/13;--_ga-row:1\/7;--_ga-m-desktop:0 0 0 0;--_ga-p-desktop:0 0 0 0;--_ga-bg-desktop:transparent none;--_ga-zi-desktop:auto;--_ga-d-desktop:flex;--_ga-mw-desktop:calc(100% - 0 - 0);--_ga-m-tablet:0 0 0 0;--_ga-p-tablet:0 0 0 0;--_ga-bg-tablet:transparent none;--_ga-zi-tablet:auto;--_ga-d-tablet:flex;--_ga-mw-tablet:calc(100% - 0 - 0);--_ga-m-mobile:0 0 0 0;--_ga-p-mobile:0 0 0 0;--_ga-bg-mobile:transparent none;--_ga-zi-mobile:auto;--_ga-d-mobile:flex;--_ga-mw-mobile:calc(100% - 0 - 0)\">\n\n<p class=\"counter-h\">EIN JUWEL\n        <\/p>\n\n\n\n<p>Genie\u00dfen Sie <strong>einen faszinierenden Panoramablick auf die Piazza dell&#8217;Unit\u00e0 d&#8217;Italia<\/strong>, mit <strong>Blick auf das Meer<\/strong> in dem Sie ankommen, mit <strong>kulinarischen Momenten<\/strong> verw\u00f6hnen, die Ihren Aufenthalt zu einem unvergesslichen Erlebnis machen werden.\n        <\/p>\n\n\n\n<p>Wenn Sie sich f\u00fcr unsere James Joice Suite entscheiden, bieten wir Ihnen:\n        <\/p>\n\n\n\t<ul class=\"room-services-list room-services_included-list\">\n\t\t\t\t\t\t\t\t\t<li>\n\t\t\t\t\t<i class=\"fa-thin fa-wine-bottle\"><\/i>\n\t\t\t\t\t<span>Eine Flasche Prosecco        <\/span>\n\t\t\t\t<\/li>\n\t\t\t\t\t\t\t<li>\n\t\t\t\t\t<i class=\"fa-thin fa-martini-glass-citrus\"><\/i>\n\t\t\t\t\t<span>Aperitif in unserer Harry\u2019s Bar        <\/span>\n\t\t\t\t<\/li>\n\t\t\t\t\t\t\t<li>\n\t\t\t\t\t<i class=\"fa-thin fa-refrigerator\"><\/i>\n\t\t\t\t\t<span>Minibar mit kostenlosen Softdrinks        <\/span>\n\t\t\t\t<\/li>\n\t\t\t\t\t\t\t<li>\n\t\t\t\t\t<i class=\"fa-thin fa-spa\"><\/i>\n\t\t\t\t\t<span>2 Stunden Zugang zum Duchi Damare Spa inklusive, vorbehaltlich obligatorischer Reservierung<\/span>\n\t\t\t\t<\/li>\n\t\t\t\t\t\t<\/ul>\n\n\n<\/div>\n<\/div><\/div>\n\n\n<div class=\"wp-block-group divider animated slideInLeft\"><div class=\"wp-block-group__inner-container is-layout-constrained wp-block-group-is-layout-constrained\">\n<hr class=\"wp-block-separator has-alpha-channel-opacity\"\/>\n\n\n\n<p class=\"has-text-align-center\">Eklektisch und raffiniert\n        <\/p>\n<\/div><\/div>\n","protected":false},"excerpt":{"rendered":"<p>Einzigartig im Stil<\/p>\n","protected":false},"author":1,"featured_media":5009,"template":"","meta":{"_acf_changed":false,"advgb_blocks_editor_width":"","advgb_blocks_columns_visual_guide":"","footnotes":""},"room_categories":[],"class_list":["post-5862","room","type-room","status-publish","has-post-thumbnail","hentry","entry"],"acf":[],"yoast_head":"<!-- This site is optimized with the Yoast SEO plugin v26.4 - https:\/\/yoast.com\/wordpress\/plugins\/seo\/ -->\n<title>Suite James Joyce Hotel Triest - Grand Hotel Duchi d&#039;Aosta<\/title>\n<meta name=\"description\" content=\"Die James Joyce Suite hat einen bezaubernden Eckblick auf die Piazza dell&#039;Unit\u00e0 d&#039;Italia, einen der sch\u00f6nsten Pl\u00e4tze Europas, einen Blick auf den Molo Audace und das Meer.\" \/>\n<meta name=\"robots\" content=\"index, follow, max-snippet:-1, max-image-preview:large, max-video-preview:-1\" \/>\n<link rel=\"canonical\" href=\"https:\/\/duchidaosta.com\/de\/zimmer\/james-joyce-suite\/\" \/>\n<meta property=\"og:locale\" content=\"de_DE\" \/>\n<meta property=\"og:type\" content=\"article\" \/>\n<meta property=\"og:title\" content=\"Suite James Joyce Hotel Triest - Grand Hotel Duchi d&#039;Aosta\" \/>\n<meta property=\"og:description\" content=\"Die James Joyce Suite hat einen bezaubernden Eckblick auf die Piazza dell&#039;Unit\u00e0 d&#039;Italia, einen der sch\u00f6nsten Pl\u00e4tze Europas, einen Blick auf den Molo Audace und das Meer.\" \/>\n<meta property=\"og:url\" content=\"https:\/\/duchidaosta.com\/de\/zimmer\/james-joyce-suite\/\" \/>\n<meta property=\"og:site_name\" content=\"Grand Hotel Duchi d&#039;Aosta\" \/>\n<meta property=\"article:publisher\" content=\"https:\/\/www.facebook.com\/Hotel.Duchi.Trieste\" \/>\n<meta property=\"article:modified_time\" content=\"2026-04-11T12:10:12+00:00\" \/>\n<meta property=\"og:image\" content=\"https:\/\/duchidaosta.com\/wp-content\/uploads\/2023\/06\/suite-james-joyce-hotel-duchi-d-aosta-trieste-banner.jpg\" \/>\n\t<meta property=\"og:image:width\" content=\"2000\" \/>\n\t<meta property=\"og:image:height\" content=\"1000\" \/>\n\t<meta property=\"og:image:type\" content=\"image\/jpeg\" \/>\n<meta name=\"twitter:card\" content=\"summary_large_image\" \/>\n<meta name=\"twitter:label1\" content=\"Gesch\u00e4tzte Lesezeit\" \/>\n\t<meta name=\"twitter:data1\" content=\"1\u00a0Minute\" \/>\n<script type=\"application\/ld+json\" class=\"yoast-schema-graph\">{\"@context\":\"https:\/\/schema.org\",\"@graph\":[{\"@type\":\"WebPage\",\"@id\":\"https:\/\/duchidaosta.com\/de\/zimmer\/james-joyce-suite\/\",\"url\":\"https:\/\/duchidaosta.com\/de\/zimmer\/james-joyce-suite\/\",\"name\":\"Suite James Joyce Hotel Triest - Grand Hotel Duchi d&#039;Aosta\",\"isPartOf\":{\"@id\":\"https:\/\/duchidaosta.com\/de\/#website\"},\"primaryImageOfPage\":{\"@id\":\"https:\/\/duchidaosta.com\/de\/zimmer\/james-joyce-suite\/#primaryimage\"},\"image\":{\"@id\":\"https:\/\/duchidaosta.com\/de\/zimmer\/james-joyce-suite\/#primaryimage\"},\"thumbnailUrl\":\"https:\/\/duchidaosta.com\/wp-content\/uploads\/2023\/06\/suite-james-joyce-hotel-duchi-d-aosta-trieste-banner.jpg\",\"datePublished\":\"2023-09-21T08:31:12+00:00\",\"dateModified\":\"2026-04-11T12:10:12+00:00\",\"description\":\"Die James Joyce Suite hat einen bezaubernden Eckblick auf die Piazza dell'Unit\u00e0 d'Italia, einen der sch\u00f6nsten Pl\u00e4tze Europas, einen Blick auf den Molo Audace und das Meer.\",\"breadcrumb\":{\"@id\":\"https:\/\/duchidaosta.com\/de\/zimmer\/james-joyce-suite\/#breadcrumb\"},\"inLanguage\":\"de\",\"potentialAction\":[{\"@type\":\"ReadAction\",\"target\":[\"https:\/\/duchidaosta.com\/de\/zimmer\/james-joyce-suite\/\"]}]},{\"@type\":\"ImageObject\",\"inLanguage\":\"de\",\"@id\":\"https:\/\/duchidaosta.com\/de\/zimmer\/james-joyce-suite\/#primaryimage\",\"url\":\"https:\/\/duchidaosta.com\/wp-content\/uploads\/2023\/06\/suite-james-joyce-hotel-duchi-d-aosta-trieste-banner.jpg\",\"contentUrl\":\"https:\/\/duchidaosta.com\/wp-content\/uploads\/2023\/06\/suite-james-joyce-hotel-duchi-d-aosta-trieste-banner.jpg\",\"width\":2000,\"height\":1000,\"caption\":\"Lussuosa suite james joyce del Grand Hotel Duchi d'Aosta . Letto matrimoniale, divano bianco, tende rosse e televisione moderna.\"},{\"@type\":\"BreadcrumbList\",\"@id\":\"https:\/\/duchidaosta.com\/de\/zimmer\/james-joyce-suite\/#breadcrumb\",\"itemListElement\":[{\"@type\":\"ListItem\",\"position\":1,\"name\":\"Home\",\"item\":\"https:\/\/duchidaosta.com\/de\/\"},{\"@type\":\"ListItem\",\"position\":2,\"name\":\"James Joyce Suite\"}]},{\"@type\":\"WebSite\",\"@id\":\"https:\/\/duchidaosta.com\/de\/#website\",\"url\":\"https:\/\/duchidaosta.com\/de\/\",\"name\":\"Grand Hotel Duchi d&#039;Aosta\",\"description\":\"\",\"publisher\":{\"@id\":\"https:\/\/duchidaosta.com\/de\/#organization\"},\"potentialAction\":[{\"@type\":\"SearchAction\",\"target\":{\"@type\":\"EntryPoint\",\"urlTemplate\":\"https:\/\/duchidaosta.com\/de\/?s={search_term_string}\"},\"query-input\":{\"@type\":\"PropertyValueSpecification\",\"valueRequired\":true,\"valueName\":\"search_term_string\"}}],\"inLanguage\":\"de\"},{\"@type\":\"Organization\",\"@id\":\"https:\/\/duchidaosta.com\/de\/#organization\",\"name\":\"Grand Hotel Duchi d&#039;Aosta\",\"url\":\"https:\/\/duchidaosta.com\/de\/\",\"logo\":{\"@type\":\"ImageObject\",\"inLanguage\":\"de\",\"@id\":\"https:\/\/duchidaosta.com\/de\/#\/schema\/logo\/image\/\",\"url\":\"https:\/\/duchidaosta.com\/wp-content\/uploads\/2023\/07\/logo-duchi-daosta.svg\",\"contentUrl\":\"https:\/\/duchidaosta.com\/wp-content\/uploads\/2023\/07\/logo-duchi-daosta.svg\",\"caption\":\"Grand Hotel Duchi d&#039;Aosta\"},\"image\":{\"@id\":\"https:\/\/duchidaosta.com\/de\/#\/schema\/logo\/image\/\"},\"sameAs\":[\"https:\/\/www.facebook.com\/Hotel.Duchi.Trieste\",\"https:\/\/www.instagram.com\/duchitrieste\/\",\"https:\/\/www.linkedin.com\/company\/grand-hotel-duchi-d-aosta-harry-s-piccolo-bistr-trieste\/\"]}]}<\/script>\n<!-- \/ Yoast SEO plugin. -->","yoast_head_json":{"title":"Suite James Joyce Hotel Triest - Grand Hotel Duchi d&#039;Aosta","description":"Die James Joyce Suite hat einen bezaubernden Eckblick auf die Piazza dell'Unit\u00e0 d'Italia, einen der sch\u00f6nsten Pl\u00e4tze Europas, einen Blick auf den Molo Audace und das Meer.","robots":{"index":"index","follow":"follow","max-snippet":"max-snippet:-1","max-image-preview":"max-image-preview:large","max-video-preview":"max-video-preview:-1"},"canonical":"https:\/\/duchidaosta.com\/de\/zimmer\/james-joyce-suite\/","og_locale":"de_DE","og_type":"article","og_title":"Suite James Joyce Hotel Triest - Grand Hotel Duchi d&#039;Aosta","og_description":"Die James Joyce Suite hat einen bezaubernden Eckblick auf die Piazza dell'Unit\u00e0 d'Italia, einen der sch\u00f6nsten Pl\u00e4tze Europas, einen Blick auf den Molo Audace und das Meer.","og_url":"https:\/\/duchidaosta.com\/de\/zimmer\/james-joyce-suite\/","og_site_name":"Grand Hotel Duchi d&#039;Aosta","article_publisher":"https:\/\/www.facebook.com\/Hotel.Duchi.Trieste","article_modified_time":"2026-04-11T12:10:12+00:00","og_image":[{"width":2000,"height":1000,"url":"https:\/\/duchidaosta.com\/wp-content\/uploads\/2023\/06\/suite-james-joyce-hotel-duchi-d-aosta-trieste-banner.jpg","type":"image\/jpeg"}],"twitter_card":"summary_large_image","twitter_misc":{"Gesch\u00e4tzte Lesezeit":"1\u00a0Minute"},"schema":{"@context":"https:\/\/schema.org","@graph":[{"@type":"WebPage","@id":"https:\/\/duchidaosta.com\/de\/zimmer\/james-joyce-suite\/","url":"https:\/\/duchidaosta.com\/de\/zimmer\/james-joyce-suite\/","name":"Suite James Joyce Hotel Triest - Grand Hotel Duchi d&#039;Aosta","isPartOf":{"@id":"https:\/\/duchidaosta.com\/de\/#website"},"primaryImageOfPage":{"@id":"https:\/\/duchidaosta.com\/de\/zimmer\/james-joyce-suite\/#primaryimage"},"image":{"@id":"https:\/\/duchidaosta.com\/de\/zimmer\/james-joyce-suite\/#primaryimage"},"thumbnailUrl":"https:\/\/duchidaosta.com\/wp-content\/uploads\/2023\/06\/suite-james-joyce-hotel-duchi-d-aosta-trieste-banner.jpg","datePublished":"2023-09-21T08:31:12+00:00","dateModified":"2026-04-11T12:10:12+00:00","description":"Die James Joyce Suite hat einen bezaubernden Eckblick auf die Piazza dell'Unit\u00e0 d'Italia, einen der sch\u00f6nsten Pl\u00e4tze Europas, einen Blick auf den Molo Audace und das Meer.","breadcrumb":{"@id":"https:\/\/duchidaosta.com\/de\/zimmer\/james-joyce-suite\/#breadcrumb"},"inLanguage":"de","potentialAction":[{"@type":"ReadAction","target":["https:\/\/duchidaosta.com\/de\/zimmer\/james-joyce-suite\/"]}]},{"@type":"ImageObject","inLanguage":"de","@id":"https:\/\/duchidaosta.com\/de\/zimmer\/james-joyce-suite\/#primaryimage","url":"https:\/\/duchidaosta.com\/wp-content\/uploads\/2023\/06\/suite-james-joyce-hotel-duchi-d-aosta-trieste-banner.jpg","contentUrl":"https:\/\/duchidaosta.com\/wp-content\/uploads\/2023\/06\/suite-james-joyce-hotel-duchi-d-aosta-trieste-banner.jpg","width":2000,"height":1000,"caption":"Lussuosa suite james joyce del Grand Hotel Duchi d'Aosta . Letto matrimoniale, divano bianco, tende rosse e televisione moderna."},{"@type":"BreadcrumbList","@id":"https:\/\/duchidaosta.com\/de\/zimmer\/james-joyce-suite\/#breadcrumb","itemListElement":[{"@type":"ListItem","position":1,"name":"Home","item":"https:\/\/duchidaosta.com\/de\/"},{"@type":"ListItem","position":2,"name":"James Joyce Suite"}]},{"@type":"WebSite","@id":"https:\/\/duchidaosta.com\/de\/#website","url":"https:\/\/duchidaosta.com\/de\/","name":"Grand Hotel Duchi d&#039;Aosta","description":"","publisher":{"@id":"https:\/\/duchidaosta.com\/de\/#organization"},"potentialAction":[{"@type":"SearchAction","target":{"@type":"EntryPoint","urlTemplate":"https:\/\/duchidaosta.com\/de\/?s={search_term_string}"},"query-input":{"@type":"PropertyValueSpecification","valueRequired":true,"valueName":"search_term_string"}}],"inLanguage":"de"},{"@type":"Organization","@id":"https:\/\/duchidaosta.com\/de\/#organization","name":"Grand Hotel Duchi d&#039;Aosta","url":"https:\/\/duchidaosta.com\/de\/","logo":{"@type":"ImageObject","inLanguage":"de","@id":"https:\/\/duchidaosta.com\/de\/#\/schema\/logo\/image\/","url":"https:\/\/duchidaosta.com\/wp-content\/uploads\/2023\/07\/logo-duchi-daosta.svg","contentUrl":"https:\/\/duchidaosta.com\/wp-content\/uploads\/2023\/07\/logo-duchi-daosta.svg","caption":"Grand Hotel Duchi d&#039;Aosta"},"image":{"@id":"https:\/\/duchidaosta.com\/de\/#\/schema\/logo\/image\/"},"sameAs":["https:\/\/www.facebook.com\/Hotel.Duchi.Trieste","https:\/\/www.instagram.com\/duchitrieste\/","https:\/\/www.linkedin.com\/company\/grand-hotel-duchi-d-aosta-harry-s-piccolo-bistr-trieste\/"]}]}},"featured_img":"https:\/\/duchidaosta.com\/wp-content\/uploads\/2023\/06\/suite-james-joyce-hotel-duchi-d-aosta-trieste-banner-1568x784.jpg","coauthors":[],"author_meta":{"author_link":"https:\/\/duchidaosta.com\/de\/author\/jampaa\/","display_name":"Jampaa"},"relative_dates":{"created":"Posted 3\u00a0Jahren ago","modified":"Updated 3\u00a0Wochen ago"},"absolute_dates":{"created":"Posted on 21\/09\/2023","modified":"Updated on 11\/04\/2026"},"absolute_dates_time":{"created":"Posted on 21\/09\/2023 10:31","modified":"Updated on 11\/04\/2026 14:10"},"featured_img_caption":"","tax_additional":{"room_categories":{"linked":[],"unlinked":[],"slug":"room_categories","name":"Kategorien"},"translation_priority":{"linked":["<a href=\"https:\/\/duchidaosta.com\/de\/?taxonomy=translation_priority&#038;term=optional-de\" class=\"advgb-post-tax-term\">Optional<\/a>"],"unlinked":["<span class=\"advgb-post-tax-term\">Optional<\/span>"],"slug":"translation_priority","name":"\u00dcbersetzungspriorit\u00e4ten"}},"series_order":"","_links":{"self":[{"href":"https:\/\/duchidaosta.com\/de\/wp-json\/wp\/v2\/room\/5862","targetHints":{"allow":["GET"]}}],"collection":[{"href":"https:\/\/duchidaosta.com\/de\/wp-json\/wp\/v2\/room"}],"about":[{"href":"https:\/\/duchidaosta.com\/de\/wp-json\/wp\/v2\/types\/room"}],"author":[{"embeddable":true,"href":"https:\/\/duchidaosta.com\/de\/wp-json\/wp\/v2\/users\/1"}],"version-history":[{"count":8,"href":"https:\/\/duchidaosta.com\/de\/wp-json\/wp\/v2\/room\/5862\/revisions"}],"predecessor-version":[{"id":14615,"href":"https:\/\/duchidaosta.com\/de\/wp-json\/wp\/v2\/room\/5862\/revisions\/14615"}],"wp:featuredmedia":[{"embeddable":true,"href":"https:\/\/duchidaosta.com\/de\/wp-json\/wp\/v2\/media\/5009"}],"wp:attachment":[{"href":"https:\/\/duchidaosta.com\/de\/wp-json\/wp\/v2\/media?parent=5862"}],"wp:term":[{"taxonomy":"room_categories","embeddable":true,"href":"https:\/\/duchidaosta.com\/de\/wp-json\/wp\/v2\/room_categories?post=5862"}],"curies":[{"name":"wp","href":"https:\/\/api.w.org\/{rel}","templated":true}]}}