{"id":5448,"date":"2023-09-08T11:43:22","date_gmt":"2023-09-08T09:43:22","guid":{"rendered":"https:\/\/duchidaosta.com\/?page_id=5448"},"modified":"2025-11-03T11:28:33","modified_gmt":"2025-11-03T10:28:33","slug":"staff","status":"publish","type":"page","link":"https:\/\/duchidaosta.com\/it\/staff\/","title":{"rendered":"Staff"},"content":{"rendered":"<div  id=\"servizi\" class=\"grids-section staff-box-row grids-is-advanced alignwide\" style=\"--_gs-gap-desktop:0px 0px;--_gs-m-desktop:0 0 0 0;--_gs-p-desktop:0 0 0 0;--_gs-bg-desktop:transparent none;--_gs-bg-xp-desktop:0px;--_gs-zi-desktop:auto;--_gs-d-desktop:block;--_gs-mw-desktop:calc(100% - 0 - 0);--_gs-gap-tablet:0px 0px;--_gs-m-tablet:0 0 0 0;--_gs-p-tablet:0 0 0 0;--_gs-bg-tablet:transparent none;--_gs-bg-xp-tablet:0px;--_gs-zi-tablet:auto;--_gs-d-tablet:block;--_gs-mw-tablet:calc(100% - 0 - 0);--_gs-gap-mobile:0px 0px;--_gs-m-mobile:0 0 0 0;--_gs-p-mobile:0 0 0 0;--_gs-bg-mobile:transparent none;--_gs-bg-xp-mobile:0px;--_gs-zi-mobile:auto;--_gs-d-mobile:block;--_gs-mw-mobile:calc(100% - 0 - 0);--_gs-columns:12;--_gs-rows:6\"><div class=\"grids-s-w_i\">\n<div class=\"grids-area\" style=\"--_ga-column:1\/13;--_ga-row:1\/3;--_ga-m-desktop:0 0 0 0;--_ga-p-desktop:0 0 0 0;--_ga-bg-desktop:transparent none;--_ga-zi-desktop:auto;--_ga-d-desktop:flex;--_ga-mw-desktop:calc(100% - 0 - 0);--_ga-m-tablet:0 0 0 0;--_ga-p-tablet:0 0 0 0;--_ga-bg-tablet:transparent none;--_ga-zi-tablet:auto;--_ga-d-tablet:flex;--_ga-mw-tablet:calc(100% - 0 - 0);--_ga-m-mobile:0 0 0 0;--_ga-p-mobile:0 0 0 0;--_ga-bg-mobile:transparent none;--_ga-zi-mobile:auto;--_ga-d-mobile:flex;--_ga-mw-mobile:calc(100% - 0 - 0)\">\n\n<h2 class=\"wp-block-heading has-text-align-center counter-h\">Il nostro Staff<\/h2>\n\n\n\n<p class=\"has-text-align-center\">Dedizione e attenzione costante<\/p>\n\n<\/div>\n\n<div class=\"grids-area service-box\" style=\"--_ga-column:1\/5;--_ga-row:3\/4;--_ga-m-desktop:0 0 0 0;--_ga-p-desktop:0 0 0 0;--_ga-bg-desktop:#f5f5f5 none;--_ga-zi-desktop:auto;--_ga-d-desktop:flex;--_ga-mw-desktop:calc(100% - 0 - 0);--_ga-m-tablet:0 0 0 0;--_ga-p-tablet:0 0 0 0;--_ga-bg-tablet:#f5f5f5 none;--_ga-zi-tablet:auto;--_ga-d-tablet:flex;--_ga-mw-tablet:calc(100% - 0 - 0);--_ga-m-mobile:0 0 0 0;--_ga-p-mobile:0 0 0 0;--_ga-bg-mobile:#f5f5f5 none;--_ga-zi-mobile:auto;--_ga-d-mobile:flex;--_ga-mw-mobile:calc(100% - 0 - 0)\">\n\n<h6 class=\"wp-block-heading has-text-align-center\" style=\"text-transform:uppercase\">Ma\u00eetre de Maison<\/h6>\n\n\n\n<p class=\"has-text-align-center\">Milena Da Ronch<\/p>\n\n\n\n<figure class=\"wp-block-image size-full image-staff-fit\"><img loading=\"lazy\" decoding=\"async\" width=\"600\" height=\"800\" src=\"https:\/\/duchidaosta.com\/wp-content\/uploads\/2024\/01\/Milena-2.webp\" alt=\"\" class=\"wp-image-6752\" style=\"object-fit:cover\" srcset=\"https:\/\/duchidaosta.com\/wp-content\/uploads\/2024\/01\/Milena-2.webp 600w, https:\/\/duchidaosta.com\/wp-content\/uploads\/2024\/01\/Milena-2-225x300.webp 225w, https:\/\/duchidaosta.com\/wp-content\/uploads\/2024\/01\/Milena-2-500x667.webp 500w\" sizes=\"auto, (max-width: 600px) 100vw, 600px\" \/><\/figure>\n\n\n\n<p class=\"has-text-align-center\">La nostra Ma\u00eetre de Maison, \u00e8 al timone della vostra <strong>esperienza a 5 stelle<\/strong>. Con una gestione impeccabile della squadra e una passione instancabile per i dettagli, <strong>traccia la rotta verso gli standard pi\u00f9 elevati di eccellenza e comfort<\/strong>, assicurandosi che ogni vostro desiderio sia non solo soddisfatto, ma superato con stile.<\/p>\n\n<\/div>\n\n<div class=\"grids-area service-box\" style=\"--_ga-column:5\/9;--_ga-row:3\/4;--_ga-m-desktop:0 0 0 0;--_ga-p-desktop:0 0 0 0;--_ga-bg-desktop:#f5f5f5 none;--_ga-zi-desktop:auto;--_ga-d-desktop:flex;--_ga-mw-desktop:calc(100% - 0 - 0);--_ga-m-tablet:0 0 0 0;--_ga-p-tablet:0 0 0 0;--_ga-bg-tablet:#f5f5f5 none;--_ga-zi-tablet:auto;--_ga-d-tablet:flex;--_ga-mw-tablet:calc(100% - 0 - 0);--_ga-m-mobile:0 0 0 0;--_ga-p-mobile:0 0 0 0;--_ga-bg-mobile:#f5f5f5 none;--_ga-zi-mobile:auto;--_ga-d-mobile:flex;--_ga-mw-mobile:calc(100% - 0 - 0)\">\n\n<h6 class=\"wp-block-heading has-text-align-center\">HR MANAGER<\/h6>\n\n\n\n<p class=\"has-text-align-center\">Anna Rodda<\/p>\n\n\n\n<figure class=\"wp-block-image size-full image-staff-fit\"><img loading=\"lazy\" decoding=\"async\" width=\"1708\" height=\"2560\" src=\"https:\/\/duchidaosta.com\/wp-content\/uploads\/2024\/05\/Anna-Rodda-HR-Manager-scaled.webp\" alt=\"\" class=\"wp-image-7137\" srcset=\"https:\/\/duchidaosta.com\/wp-content\/uploads\/2024\/05\/Anna-Rodda-HR-Manager-scaled.webp 1708w, https:\/\/duchidaosta.com\/wp-content\/uploads\/2024\/05\/Anna-Rodda-HR-Manager-200x300.webp 200w, https:\/\/duchidaosta.com\/wp-content\/uploads\/2024\/05\/Anna-Rodda-HR-Manager-683x1024.webp 683w, https:\/\/duchidaosta.com\/wp-content\/uploads\/2024\/05\/Anna-Rodda-HR-Manager-768x1151.webp 768w, https:\/\/duchidaosta.com\/wp-content\/uploads\/2024\/05\/Anna-Rodda-HR-Manager-1025x1536.webp 1025w, https:\/\/duchidaosta.com\/wp-content\/uploads\/2024\/05\/Anna-Rodda-HR-Manager-1366x2048.webp 1366w, https:\/\/duchidaosta.com\/wp-content\/uploads\/2024\/05\/Anna-Rodda-HR-Manager-500x750.webp 500w, https:\/\/duchidaosta.com\/wp-content\/uploads\/2024\/05\/Anna-Rodda-HR-Manager-800x1199.webp 800w, https:\/\/duchidaosta.com\/wp-content\/uploads\/2024\/05\/Anna-Rodda-HR-Manager-1280x1919.webp 1280w, https:\/\/duchidaosta.com\/wp-content\/uploads\/2024\/05\/Anna-Rodda-HR-Manager-1568x2351.webp 1568w\" sizes=\"auto, (max-width: 1708px) 100vw, 1708px\" \/><\/figure>\n\n\n\n<p class=\"has-text-align-center\">\u00c8 la nostra responsabile delle risorse umane a <strong>scoprire i talenti nascosti<\/strong>, a coltivare il potenziale di ogni membro della squadra e a <strong>creare un ambiente in cui ognuno pu\u00f2 brillare<\/strong>. Con passione instancabile, si dedica a costruire una <strong>cultura aziendale<\/strong> capace di incantare gli ospiti con cordialit\u00e0, cura e attenzione.<\/p>\n\n<\/div>\n\n<div class=\"grids-area service-box\" style=\"--_ga-column:9\/13;--_ga-row:3\/4;--_ga-m-desktop:0 0 0 0;--_ga-p-desktop:0 0 0 0;--_ga-bg-desktop:#f5f5f5 none;--_ga-zi-desktop:auto;--_ga-d-desktop:flex;--_ga-mw-desktop:calc(100% - 0 - 0);--_ga-m-tablet:0 0 0 0;--_ga-p-tablet:0 0 0 0;--_ga-bg-tablet:#f5f5f5 none;--_ga-zi-tablet:auto;--_ga-d-tablet:flex;--_ga-mw-tablet:calc(100% - 0 - 0);--_ga-m-mobile:0 0 0 0;--_ga-p-mobile:0 0 0 0;--_ga-bg-mobile:#f5f5f5 none;--_ga-zi-mobile:auto;--_ga-d-mobile:flex;--_ga-mw-mobile:calc(100% - 0 - 0)\">\n\n<h6 class=\"wp-block-heading has-text-align-center\" style=\"text-transform:uppercase\"><strong>Director of Sales &amp; Marketing<\/strong><\/h6>\n\n\n\n<p class=\"has-text-align-center\">Alessandro Urru<\/p>\n\n\n\n<figure class=\"wp-block-image size-full image-staff-fit\"><img loading=\"lazy\" decoding=\"async\" width=\"1200\" height=\"1600\" src=\"https:\/\/duchidaosta.com\/wp-content\/uploads\/2025\/03\/Alessandro-Urru.webp\" alt=\"\" class=\"wp-image-8770\" srcset=\"https:\/\/duchidaosta.com\/wp-content\/uploads\/2025\/03\/Alessandro-Urru.webp 1200w, https:\/\/duchidaosta.com\/wp-content\/uploads\/2025\/03\/Alessandro-Urru-225x300.webp 225w, https:\/\/duchidaosta.com\/wp-content\/uploads\/2025\/03\/Alessandro-Urru-768x1024.webp 768w, https:\/\/duchidaosta.com\/wp-content\/uploads\/2025\/03\/Alessandro-Urru-1152x1536.webp 1152w, https:\/\/duchidaosta.com\/wp-content\/uploads\/2025\/03\/Alessandro-Urru-500x667.webp 500w, https:\/\/duchidaosta.com\/wp-content\/uploads\/2025\/03\/Alessandro-Urru-800x1067.webp 800w\" sizes=\"auto, (max-width: 1200px) 100vw, 1200px\" \/><\/figure>\n\n\n\n<p class=\"has-text-align-center\"><strong>Director of Sales &amp; Marketing<\/strong> esperto in strategie commerciali e crescita aziendale. Focalizzato sull\u2019innovazione e sulla crescita, ha sviluppato competenze avanzate nella gestione delle strategie commerciali. Guida il team con leadership efficace, ottimizzando vendite e marketing per raggiungere obiettivi ambiziosi e risultati concreti.<\/p>\n\n<\/div>\n\n<div class=\"grids-area service-box\" style=\"--_ga-column:1\/5;--_ga-row:4\/5;--_ga-m-desktop:0 0 0 0;--_ga-p-desktop:0 0 0 0;--_ga-bg-desktop:#f5f5f5 none;--_ga-zi-desktop:auto;--_ga-d-desktop:flex;--_ga-mw-desktop:calc(100% - 0 - 0);--_ga-m-tablet:0 0 0 0;--_ga-p-tablet:0 0 0 0;--_ga-bg-tablet:#f5f5f5 none;--_ga-zi-tablet:auto;--_ga-d-tablet:flex;--_ga-mw-tablet:calc(100% - 0 - 0);--_ga-m-mobile:0 0 0 0;--_ga-p-mobile:0 0 0 0;--_ga-bg-mobile:#f5f5f5 none;--_ga-zi-mobile:auto;--_ga-d-mobile:flex;--_ga-mw-mobile:calc(100% - 0 - 0)\">\n\n<h6 class=\"wp-block-heading has-text-align-center\">SALES &amp; EVENTS<\/h6>\n\n\n\n<p class=\"has-text-align-center\">Valentina Andrighetti<\/p>\n\n\n\n<figure class=\"wp-block-image size-full image-staff-fit\"><img loading=\"lazy\" decoding=\"async\" width=\"1708\" height=\"2560\" src=\"https:\/\/duchidaosta.com\/wp-content\/uploads\/2025\/01\/Valentina-scaled.webp\" alt=\"\" class=\"wp-image-8070\" srcset=\"https:\/\/duchidaosta.com\/wp-content\/uploads\/2025\/01\/Valentina-scaled.webp 1708w, https:\/\/duchidaosta.com\/wp-content\/uploads\/2025\/01\/Valentina-200x300.webp 200w, https:\/\/duchidaosta.com\/wp-content\/uploads\/2025\/01\/Valentina-683x1024.webp 683w, https:\/\/duchidaosta.com\/wp-content\/uploads\/2025\/01\/Valentina-768x1151.webp 768w, https:\/\/duchidaosta.com\/wp-content\/uploads\/2025\/01\/Valentina-1025x1536.webp 1025w, https:\/\/duchidaosta.com\/wp-content\/uploads\/2025\/01\/Valentina-1366x2048.webp 1366w, https:\/\/duchidaosta.com\/wp-content\/uploads\/2025\/01\/Valentina-1568x2351.webp 1568w, https:\/\/duchidaosta.com\/wp-content\/uploads\/2025\/01\/Valentina-500x750.webp 500w, https:\/\/duchidaosta.com\/wp-content\/uploads\/2025\/01\/Valentina-800x1199.webp 800w, https:\/\/duchidaosta.com\/wp-content\/uploads\/2025\/01\/Valentina-1280x1919.webp 1280w, https:\/\/duchidaosta.com\/wp-content\/uploads\/2025\/01\/Valentina-1920x2879.webp 1920w\" sizes=\"auto, (max-width: 1708px) 100vw, 1708px\" \/><\/figure>\n\n\n\n<p class=\"has-text-align-center\">Solare e ambiziosa, Valentina&nbsp;<strong>cura con passione<\/strong>&nbsp;le relazioni con agenzie e tour operator, organizzando soggiorni ed eventi&nbsp;<strong>su misura<\/strong>. Con il suo sorriso coinvolgente e la sua maestria, promuove il nostro hotel e l\u2019incanto di Trieste.&nbsp;\u00c8 l&#8217;anima dell&#8217;hotel, capace di trasmettere la sua energia positiva a chiunque incontri.<\/p>\n\n<\/div>\n\n<div class=\"grids-area service-box\" style=\"--_ga-column:9\/13;--_ga-row:4\/5;--_ga-m-desktop:0 0 0 0;--_ga-p-desktop:0 0 0 0;--_ga-bg-desktop:#f5f5f5 none;--_ga-zi-desktop:auto;--_ga-d-desktop:none;--_ga-mw-desktop:calc(100% - 0 - 0);--_ga-m-tablet:0 0 0 0;--_ga-p-tablet:0 0 0 0;--_ga-bg-tablet:#f5f5f5 none;--_ga-zi-tablet:auto;--_ga-d-tablet:none;--_ga-mw-tablet:calc(100% - 0 - 0);--_ga-m-mobile:0 0 0 0;--_ga-p-mobile:0 0 0 0;--_ga-bg-mobile:#f5f5f5 none;--_ga-zi-mobile:auto;--_ga-d-mobile:none;--_ga-mw-mobile:calc(100% - 0 - 0)\">\n\n<h6 class=\"wp-block-heading has-text-align-center\">GOVERNANTE<\/h6>\n\n\n\n<p class=\"has-text-align-center\">Patrizia Manca<\/p>\n\n\n\n<figure class=\"wp-block-image size-full image-staff-fit\"><img loading=\"lazy\" decoding=\"async\" width=\"1707\" height=\"2560\" src=\"https:\/\/duchidaosta.com\/wp-content\/uploads\/2025\/01\/Patrizia-Manca-scaled.webp\" alt=\"\" class=\"wp-image-8057\" srcset=\"https:\/\/duchidaosta.com\/wp-content\/uploads\/2025\/01\/Patrizia-Manca-scaled.webp 1707w, https:\/\/duchidaosta.com\/wp-content\/uploads\/2025\/01\/Patrizia-Manca-200x300.webp 200w, https:\/\/duchidaosta.com\/wp-content\/uploads\/2025\/01\/Patrizia-Manca-683x1024.webp 683w, https:\/\/duchidaosta.com\/wp-content\/uploads\/2025\/01\/Patrizia-Manca-768x1152.webp 768w, https:\/\/duchidaosta.com\/wp-content\/uploads\/2025\/01\/Patrizia-Manca-1024x1536.webp 1024w, https:\/\/duchidaosta.com\/wp-content\/uploads\/2025\/01\/Patrizia-Manca-1366x2048.webp 1366w, https:\/\/duchidaosta.com\/wp-content\/uploads\/2025\/01\/Patrizia-Manca-1568x2351.webp 1568w, https:\/\/duchidaosta.com\/wp-content\/uploads\/2025\/01\/Patrizia-Manca-500x750.webp 500w, https:\/\/duchidaosta.com\/wp-content\/uploads\/2025\/01\/Patrizia-Manca-800x1200.webp 800w, https:\/\/duchidaosta.com\/wp-content\/uploads\/2025\/01\/Patrizia-Manca-1280x1919.webp 1280w, https:\/\/duchidaosta.com\/wp-content\/uploads\/2025\/01\/Patrizia-Manca-1920x2879.webp 1920w\" sizes=\"auto, (max-width: 1707px) 100vw, 1707px\" \/><\/figure>\n\n\n\n<p class=\"has-text-align-center\">Patrizia \u00e8 pi\u00f9 che una semplice governante, \u00e8 una <strong>persona di fiducia<\/strong> per noi, attenta ai dettagli, si prende cura non solo delle camere del nostro albergo ma di tutti noi! <strong>Precisa<\/strong>, <strong>scrupolosa<\/strong>, ama trasferire tutte le sue conoscenze alle giovani cameriere che iniziano a svolgere il lavoro ai piani, organizzando lezioni e formazioni sul campo.<\/p>\n\n<\/div>\n\n<div class=\"grids-area service-box\" style=\"--_ga-column:5\/9;--_ga-row:4\/5;--_ga-m-desktop:0 0 0 0;--_ga-p-desktop:0 0 0 0;--_ga-bg-desktop:#f5f5f5 none;--_ga-zi-desktop:auto;--_ga-d-desktop:flex;--_ga-mw-desktop:calc(100% - 0 - 0);--_ga-m-tablet:0 0 0 0;--_ga-p-tablet:0 0 0 0;--_ga-bg-tablet:#f5f5f5 none;--_ga-zi-tablet:auto;--_ga-d-tablet:flex;--_ga-mw-tablet:calc(100% - 0 - 0);--_ga-m-mobile:0 0 0 0;--_ga-p-mobile:0 0 0 0;--_ga-bg-mobile:#f5f5f5 none;--_ga-zi-mobile:auto;--_ga-d-mobile:flex;--_ga-mw-mobile:calc(100% - 0 - 0)\">\n\n<h6 class=\"wp-block-heading has-text-align-center\">FRONT OFFICE MANAGER<\/h6>\n\n\n\n<p class=\"has-text-align-center\">Giuseppe Di Trolio<\/p>\n\n\n\n<figure class=\"wp-block-image size-full image-staff-fit\"><img loading=\"lazy\" decoding=\"async\" width=\"1600\" height=\"2400\" src=\"https:\/\/duchidaosta.com\/wp-content\/uploads\/2025\/01\/Giuseppe.webp\" alt=\"\" class=\"wp-image-8073\" style=\"object-fit:cover\" srcset=\"https:\/\/duchidaosta.com\/wp-content\/uploads\/2025\/01\/Giuseppe.webp 1600w, https:\/\/duchidaosta.com\/wp-content\/uploads\/2025\/01\/Giuseppe-200x300.webp 200w, https:\/\/duchidaosta.com\/wp-content\/uploads\/2025\/01\/Giuseppe-683x1024.webp 683w, https:\/\/duchidaosta.com\/wp-content\/uploads\/2025\/01\/Giuseppe-768x1152.webp 768w, https:\/\/duchidaosta.com\/wp-content\/uploads\/2025\/01\/Giuseppe-1024x1536.webp 1024w, https:\/\/duchidaosta.com\/wp-content\/uploads\/2025\/01\/Giuseppe-1365x2048.webp 1365w, https:\/\/duchidaosta.com\/wp-content\/uploads\/2025\/01\/Giuseppe-1568x2352.webp 1568w, https:\/\/duchidaosta.com\/wp-content\/uploads\/2025\/01\/Giuseppe-500x750.webp 500w, https:\/\/duchidaosta.com\/wp-content\/uploads\/2025\/01\/Giuseppe-800x1200.webp 800w, https:\/\/duchidaosta.com\/wp-content\/uploads\/2025\/01\/Giuseppe-1280x1920.webp 1280w\" sizes=\"auto, (max-width: 1600px) 100vw, 1600px\" \/><\/figure>\n\n\n\n<p class=\"has-text-align-center\">Giuseppe, preciso e&nbsp;<strong>attento ai dettagli<\/strong>, guida con passione il team del Front Office per garantire un&#8217;<strong>esperienza indimenticabile<\/strong>&nbsp;agli ospiti, assicurando un servizio eccellente e ispirando il suo staff con la sua&nbsp;<strong>dedizione all&#8217;ospitalit\u00e0<\/strong>. La sua presenza discreta ma costante rende ogni soggiorno unico, creando ricordi che durano nel tempo.<\/p>\n\n<\/div>\n\n<div class=\"grids-area service-box\" style=\"--_ga-column:5\/9;--_ga-row:5\/6;--_ga-m-desktop:0 0 0 0;--_ga-p-desktop:0 0 0 0;--_ga-bg-desktop:#f5f5f5 none;--_ga-zi-desktop:auto;--_ga-d-desktop:none;--_ga-mw-desktop:calc(100% - 0 - 0);--_ga-m-tablet:0 0 0 0;--_ga-p-tablet:0 0 0 0;--_ga-bg-tablet:#f5f5f5 none;--_ga-zi-tablet:auto;--_ga-d-tablet:none;--_ga-mw-tablet:calc(100% - 0 - 0);--_ga-m-mobile:0 0 0 0;--_ga-p-mobile:0 0 0 0;--_ga-bg-mobile:#f5f5f5 none;--_ga-zi-mobile:auto;--_ga-d-mobile:none;--_ga-mw-mobile:calc(100% - 0 - 0)\">\n\n<h6 class=\"wp-block-heading has-text-align-center\">CHEF<\/h6>\n\n\n\n<p class=\"has-text-align-center\">Matteo Metullio e Davide De Pra<\/p>\n\n\n\n<figure class=\"wp-block-image size-full image-staff-fit\"><img loading=\"lazy\" decoding=\"async\" width=\"600\" height=\"800\" src=\"https:\/\/duchidaosta.com\/wp-content\/uploads\/2023\/09\/chef-staff-hotel-duchi-daosta-trieste-7.jpg\" alt=\"\" class=\"wp-image-5802\" srcset=\"https:\/\/duchidaosta.com\/wp-content\/uploads\/2023\/09\/chef-staff-hotel-duchi-daosta-trieste-7.jpg 600w, https:\/\/duchidaosta.com\/wp-content\/uploads\/2023\/09\/chef-staff-hotel-duchi-daosta-trieste-7-225x300.jpg 225w\" sizes=\"auto, (max-width: 600px) 100vw, 600px\" \/><\/figure>\n\n\n\n<p class=\"has-text-align-center\">Con oltre <strong>10 anni di collaborazione e due stelle Michelin<\/strong>, gli Executive Chef Matteo Metullio e Davide De Pra offrono un <strong>viaggio sensoriale in continua evoluzione<\/strong>. Ogni giorno, la brigata Harry\u2019s compone sinfonie di sapori e emozioni, trasformando ogni pasto in un trionfo di gusti.<\/p>\n\n<\/div>\n\n<div class=\"grids-area service-box\" style=\"--_ga-column:1\/5;--_ga-row:5\/6;--_ga-m-desktop:0 0 0 0;--_ga-p-desktop:0 0 0 0;--_ga-bg-desktop:#f5f5f5 none;--_ga-zi-desktop:auto;--_ga-d-desktop:none;--_ga-mw-desktop:calc(100% - 0 - 0);--_ga-m-tablet:0 0 0 0;--_ga-p-tablet:0 0 0 0;--_ga-bg-tablet:#f5f5f5 none;--_ga-zi-tablet:auto;--_ga-d-tablet:none;--_ga-mw-tablet:calc(100% - 0 - 0);--_ga-m-mobile:0 0 0 0;--_ga-p-mobile:0 0 0 0;--_ga-bg-mobile:#f5f5f5 none;--_ga-zi-mobile:auto;--_ga-d-mobile:none;--_ga-mw-mobile:calc(100% - 0 - 0)\">\n\n<h6 class=\"wp-block-heading has-text-align-center\">SOMMELIER<\/h6>\n\n\n\n<p class=\"has-text-align-center\">Manuele Duse<\/p>\n\n\n\n<figure class=\"wp-block-image size-full image-staff-fit\"><img loading=\"lazy\" decoding=\"async\" width=\"1708\" height=\"2560\" src=\"https:\/\/duchidaosta.com\/wp-content\/uploads\/2024\/05\/Manuele-Sommelier-scaled.webp\" alt=\"\" class=\"wp-image-7161\" srcset=\"https:\/\/duchidaosta.com\/wp-content\/uploads\/2024\/05\/Manuele-Sommelier-scaled.webp 1708w, https:\/\/duchidaosta.com\/wp-content\/uploads\/2024\/05\/Manuele-Sommelier-200x300.webp 200w, https:\/\/duchidaosta.com\/wp-content\/uploads\/2024\/05\/Manuele-Sommelier-683x1024.webp 683w, https:\/\/duchidaosta.com\/wp-content\/uploads\/2024\/05\/Manuele-Sommelier-768x1151.webp 768w, https:\/\/duchidaosta.com\/wp-content\/uploads\/2024\/05\/Manuele-Sommelier-1025x1536.webp 1025w, https:\/\/duchidaosta.com\/wp-content\/uploads\/2024\/05\/Manuele-Sommelier-1366x2048.webp 1366w, https:\/\/duchidaosta.com\/wp-content\/uploads\/2024\/05\/Manuele-Sommelier-500x750.webp 500w, https:\/\/duchidaosta.com\/wp-content\/uploads\/2024\/05\/Manuele-Sommelier-800x1199.webp 800w, https:\/\/duchidaosta.com\/wp-content\/uploads\/2024\/05\/Manuele-Sommelier-1280x1919.webp 1280w, https:\/\/duchidaosta.com\/wp-content\/uploads\/2024\/05\/Manuele-Sommelier-1920x2879.webp 1920w, https:\/\/duchidaosta.com\/wp-content\/uploads\/2024\/05\/Manuele-Sommelier-1568x2351.webp 1568w\" sizes=\"auto, (max-width: 1708px) 100vw, 1708px\" \/><\/figure>\n\n\n\n<p class=\"has-text-align-center\">Il nostro sommelier custodisce il segreto di ogni bottiglia della nostra cantina. Un vero appassionato che non conosce limiti geografici, spaziando da etichette locali a quelle internazionali. Con un approccio metodico nell\u2019abbinare aromi e sapori, vi invita a scoprire il mondo attraverso un calice accuratamente selezionato.<\/p>\n\n<\/div>\n\n<div class=\"grids-area\" style=\"--_ga-column:9\/13;--_ga-row:6\/7;--_ga-m-desktop:0 0 0 0;--_ga-p-desktop:0 0 0 0;--_ga-bg-desktop:#f5f5f5 none;--_ga-zi-desktop:auto;--_ga-d-desktop:none;--_ga-mw-desktop:calc(100% - 0 - 0);--_ga-m-tablet:0 0 0 0;--_ga-p-tablet:0 0 0 0;--_ga-bg-tablet:#f5f5f5 none;--_ga-zi-tablet:auto;--_ga-d-tablet:none;--_ga-mw-tablet:calc(100% - 0 - 0);--_ga-m-mobile:0 0 0 0;--_ga-p-mobile:0 0 0 0;--_ga-bg-mobile:#f5f5f5 none;--_ga-zi-mobile:auto;--_ga-d-mobile:none;--_ga-mw-mobile:calc(100% - 0 - 0)\"><\/div>\n\n<div class=\"grids-area\" style=\"--_ga-column:1\/5;--_ga-row:6\/7;--_ga-m-desktop:0 0 0 0;--_ga-p-desktop:0 0 0 0;--_ga-bg-desktop:#f5f5f5 none;--_ga-zi-desktop:auto;--_ga-d-desktop:none;--_ga-mw-desktop:calc(100% - 0 - 0);--_ga-m-tablet:0 0 0 0;--_ga-p-tablet:0 0 0 0;--_ga-bg-tablet:#f5f5f5 none;--_ga-zi-tablet:auto;--_ga-d-tablet:none;--_ga-mw-tablet:calc(100% - 0 - 0);--_ga-m-mobile:0 0 0 0;--_ga-p-mobile:0 0 0 0;--_ga-bg-mobile:#f5f5f5 none;--_ga-zi-mobile:auto;--_ga-d-mobile:none;--_ga-mw-mobile:calc(100% - 0 - 0)\"><\/div>\n\n<div class=\"grids-area\" style=\"--_ga-column:5\/9;--_ga-row:6\/7;--_ga-m-desktop:0 0 0 0;--_ga-p-desktop:0 0 0 0;--_ga-bg-desktop:#f5f5f5 none;--_ga-zi-desktop:auto;--_ga-d-desktop:none;--_ga-mw-desktop:calc(100% - 0 - 0);--_ga-m-tablet:0 0 0 0;--_ga-p-tablet:0 0 0 0;--_ga-bg-tablet:#f5f5f5 none;--_ga-zi-tablet:auto;--_ga-d-tablet:none;--_ga-mw-tablet:calc(100% - 0 - 0);--_ga-m-mobile:0 0 0 0;--_ga-p-mobile:0 0 0 0;--_ga-bg-mobile:#f5f5f5 none;--_ga-zi-mobile:auto;--_ga-d-mobile:none;--_ga-mw-mobile:calc(100% - 0 - 0)\"><\/div>\n<\/div><\/div>\n\n<div  id=\"servizi\" class=\"grids-section staff-box-row grids-is-advanced alignwide\" style=\"--_gs-gap-desktop:0px 0px;--_gs-m-desktop:0 0 0 0;--_gs-p-desktop:0 0 0 0;--_gs-bg-desktop:transparent none;--_gs-bg-xp-desktop:0px;--_gs-zi-desktop:auto;--_gs-d-desktop:none;--_gs-mw-desktop:calc(100% - 0 - 0);--_gs-gap-tablet:0px 0px;--_gs-m-tablet:0 0 0 0;--_gs-p-tablet:0 0 0 0;--_gs-bg-tablet:transparent none;--_gs-bg-xp-tablet:0px;--_gs-zi-tablet:auto;--_gs-d-tablet:none;--_gs-mw-tablet:calc(100% - 0 - 0);--_gs-gap-mobile:0px 0px;--_gs-m-mobile:0 0 0 0;--_gs-p-mobile:0 0 0 0;--_gs-bg-mobile:transparent none;--_gs-bg-xp-mobile:0px;--_gs-zi-mobile:auto;--_gs-d-mobile:none;--_gs-mw-mobile:calc(100% - 0 - 0);--_gs-columns:12;--_gs-rows:6\"><div class=\"grids-s-w_i\">\n<div class=\"grids-area\" style=\"--_ga-column:1\/13;--_ga-row:1\/3;--_ga-m-desktop:0 0 0 0;--_ga-p-desktop:0 0 0 0;--_ga-bg-desktop:transparent none;--_ga-zi-desktop:auto;--_ga-d-desktop:flex;--_ga-mw-desktop:calc(100% - 0 - 0);--_ga-m-tablet:0 0 0 0;--_ga-p-tablet:0 0 0 0;--_ga-bg-tablet:transparent none;--_ga-zi-tablet:auto;--_ga-d-tablet:flex;--_ga-mw-tablet:calc(100% - 0 - 0);--_ga-m-mobile:0 0 0 0;--_ga-p-mobile:0 0 0 0;--_ga-bg-mobile:transparent none;--_ga-zi-mobile:auto;--_ga-d-mobile:flex;--_ga-mw-mobile:calc(100% - 0 - 0)\">\n\n<h2 class=\"wp-block-heading has-text-align-center counter-h\">Il nostro Staff<\/h2>\n\n\n\n<p class=\"has-text-align-center\">Dedizione e attenzione costante<\/p>\n\n<\/div>\n\n<div class=\"grids-area service-box\" style=\"--_ga-column:1\/5;--_ga-row:3\/4;--_ga-m-desktop:0 0 0 0;--_ga-p-desktop:0 0 0 0;--_ga-bg-desktop:#f5f5f5 none;--_ga-zi-desktop:auto;--_ga-d-desktop:flex;--_ga-mw-desktop:calc(100% - 0 - 0);--_ga-m-tablet:0 0 0 0;--_ga-p-tablet:0 0 0 0;--_ga-bg-tablet:#f5f5f5 none;--_ga-zi-tablet:auto;--_ga-d-tablet:flex;--_ga-mw-tablet:calc(100% - 0 - 0);--_ga-m-mobile:0 0 0 0;--_ga-p-mobile:0 0 0 0;--_ga-bg-mobile:#f5f5f5 none;--_ga-zi-mobile:auto;--_ga-d-mobile:flex;--_ga-mw-mobile:calc(100% - 0 - 0)\">\n\n<h6 class=\"wp-block-heading has-text-align-center\" style=\"text-transform:uppercase\">Ma\u00eetre de Maison<\/h6>\n\n\n\n<p class=\"has-text-align-center\">Milena Da Ronch<\/p>\n\n\n\n<figure class=\"wp-block-image size-full image-staff-fit\"><img loading=\"lazy\" decoding=\"async\" width=\"600\" height=\"800\" src=\"https:\/\/duchidaosta.com\/wp-content\/uploads\/2024\/01\/Milena-2.webp\" alt=\"\" class=\"wp-image-6752\" style=\"object-fit:cover\" srcset=\"https:\/\/duchidaosta.com\/wp-content\/uploads\/2024\/01\/Milena-2.webp 600w, https:\/\/duchidaosta.com\/wp-content\/uploads\/2024\/01\/Milena-2-225x300.webp 225w, https:\/\/duchidaosta.com\/wp-content\/uploads\/2024\/01\/Milena-2-500x667.webp 500w\" sizes=\"auto, (max-width: 600px) 100vw, 600px\" \/><\/figure>\n\n\n\n<p class=\"has-text-align-center\">La nostra Ma\u00eetre de Maison, \u00e8 al timone della vostra <strong>esperienza a 5 stelle<\/strong>. Con una gestione impeccabile della squadra e una passione instancabile per i dettagli, <strong>traccia la rotta verso gli standard pi\u00f9 elevati di eccellenza e comfort<\/strong>, assicurandosi che ogni vostro desiderio sia non solo soddisfatto, ma superato con stile.<\/p>\n\n<\/div>\n\n<div class=\"grids-area service-box\" style=\"--_ga-column:5\/9;--_ga-row:3\/4;--_ga-m-desktop:0 0 0 0;--_ga-p-desktop:0 0 0 0;--_ga-bg-desktop:#f5f5f5 none;--_ga-zi-desktop:auto;--_ga-d-desktop:flex;--_ga-mw-desktop:calc(100% - 0 - 0);--_ga-m-tablet:0 0 0 0;--_ga-p-tablet:0 0 0 0;--_ga-bg-tablet:#f5f5f5 none;--_ga-zi-tablet:auto;--_ga-d-tablet:flex;--_ga-mw-tablet:calc(100% - 0 - 0);--_ga-m-mobile:0 0 0 0;--_ga-p-mobile:0 0 0 0;--_ga-bg-mobile:#f5f5f5 none;--_ga-zi-mobile:auto;--_ga-d-mobile:flex;--_ga-mw-mobile:calc(100% - 0 - 0)\">\n\n<h6 class=\"wp-block-heading has-text-align-center\">HR MANAGER<\/h6>\n\n\n\n<p class=\"has-text-align-center\">Anna Rodda<\/p>\n\n\n\n<figure class=\"wp-block-image size-full image-staff-fit\"><img loading=\"lazy\" decoding=\"async\" width=\"1708\" height=\"2560\" src=\"https:\/\/duchidaosta.com\/wp-content\/uploads\/2024\/05\/Anna-Rodda-HR-Manager-scaled.webp\" alt=\"\" class=\"wp-image-7137\" srcset=\"https:\/\/duchidaosta.com\/wp-content\/uploads\/2024\/05\/Anna-Rodda-HR-Manager-scaled.webp 1708w, https:\/\/duchidaosta.com\/wp-content\/uploads\/2024\/05\/Anna-Rodda-HR-Manager-200x300.webp 200w, https:\/\/duchidaosta.com\/wp-content\/uploads\/2024\/05\/Anna-Rodda-HR-Manager-683x1024.webp 683w, https:\/\/duchidaosta.com\/wp-content\/uploads\/2024\/05\/Anna-Rodda-HR-Manager-768x1151.webp 768w, https:\/\/duchidaosta.com\/wp-content\/uploads\/2024\/05\/Anna-Rodda-HR-Manager-1025x1536.webp 1025w, https:\/\/duchidaosta.com\/wp-content\/uploads\/2024\/05\/Anna-Rodda-HR-Manager-1366x2048.webp 1366w, https:\/\/duchidaosta.com\/wp-content\/uploads\/2024\/05\/Anna-Rodda-HR-Manager-500x750.webp 500w, https:\/\/duchidaosta.com\/wp-content\/uploads\/2024\/05\/Anna-Rodda-HR-Manager-800x1199.webp 800w, https:\/\/duchidaosta.com\/wp-content\/uploads\/2024\/05\/Anna-Rodda-HR-Manager-1280x1919.webp 1280w, https:\/\/duchidaosta.com\/wp-content\/uploads\/2024\/05\/Anna-Rodda-HR-Manager-1568x2351.webp 1568w\" sizes=\"auto, (max-width: 1708px) 100vw, 1708px\" \/><\/figure>\n\n\n\n<p class=\"has-text-align-center\">\u00c8 la nostra responsabile delle risorse umane a <strong>scoprire i talenti nascosti<\/strong>, a coltivare il potenziale di ogni membro della squadra e a <strong>creare un ambiente in cui ognuno pu\u00f2 brillare<\/strong>. Con passione instancabile, si dedica a costruire una <strong>cultura aziendale<\/strong> capace di incantare gli ospiti con cordialit\u00e0, cura e attenzione.<\/p>\n\n<\/div>\n\n<div class=\"grids-area service-box\" style=\"--_ga-column:9\/13;--_ga-row:3\/4;--_ga-m-desktop:0 0 0 0;--_ga-p-desktop:0 0 0 0;--_ga-bg-desktop:#f5f5f5 none;--_ga-zi-desktop:auto;--_ga-d-desktop:flex;--_ga-mw-desktop:calc(100% - 0 - 0);--_ga-m-tablet:0 0 0 0;--_ga-p-tablet:0 0 0 0;--_ga-bg-tablet:#f5f5f5 none;--_ga-zi-tablet:auto;--_ga-d-tablet:flex;--_ga-mw-tablet:calc(100% - 0 - 0);--_ga-m-mobile:0 0 0 0;--_ga-p-mobile:0 0 0 0;--_ga-bg-mobile:#f5f5f5 none;--_ga-zi-mobile:auto;--_ga-d-mobile:flex;--_ga-mw-mobile:calc(100% - 0 - 0)\">\n\n<h6 class=\"wp-block-heading has-text-align-center\">HOUSEKEEPING SUPERVISOR<\/h6>\n\n\n\n<p class=\"has-text-align-center\">Stefano Piccinini<\/p>\n\n\n\n<figure class=\"wp-block-image size-full image-staff-fit\"><img loading=\"lazy\" decoding=\"async\" width=\"1708\" height=\"2560\" src=\"https:\/\/duchidaosta.com\/wp-content\/uploads\/2024\/05\/Stefano-Piccinini-Room-division-manager-scaled.webp\" alt=\"\" class=\"wp-image-7141\" srcset=\"https:\/\/duchidaosta.com\/wp-content\/uploads\/2024\/05\/Stefano-Piccinini-Room-division-manager-scaled.webp 1708w, https:\/\/duchidaosta.com\/wp-content\/uploads\/2024\/05\/Stefano-Piccinini-Room-division-manager-200x300.webp 200w, https:\/\/duchidaosta.com\/wp-content\/uploads\/2024\/05\/Stefano-Piccinini-Room-division-manager-683x1024.webp 683w, https:\/\/duchidaosta.com\/wp-content\/uploads\/2024\/05\/Stefano-Piccinini-Room-division-manager-768x1151.webp 768w, https:\/\/duchidaosta.com\/wp-content\/uploads\/2024\/05\/Stefano-Piccinini-Room-division-manager-1025x1536.webp 1025w, https:\/\/duchidaosta.com\/wp-content\/uploads\/2024\/05\/Stefano-Piccinini-Room-division-manager-1366x2048.webp 1366w, https:\/\/duchidaosta.com\/wp-content\/uploads\/2024\/05\/Stefano-Piccinini-Room-division-manager-500x750.webp 500w, https:\/\/duchidaosta.com\/wp-content\/uploads\/2024\/05\/Stefano-Piccinini-Room-division-manager-800x1199.webp 800w, https:\/\/duchidaosta.com\/wp-content\/uploads\/2024\/05\/Stefano-Piccinini-Room-division-manager-1280x1919.webp 1280w, https:\/\/duchidaosta.com\/wp-content\/uploads\/2024\/05\/Stefano-Piccinini-Room-division-manager-1568x2351.webp 1568w\" sizes=\"auto, (max-width: 1708px) 100vw, 1708px\" \/><\/figure>\n\n\n\n<p class=\"has-text-align-center\">Nel cuore pulsante dell&#8217;hotel, dove ogni dettaglio svela la sua essenza, Stefano silenziosamente coordina il team garantendo <strong>armonia e ospitalit\u00e0<\/strong> in ogni camera e in ogni angolo.<strong>&nbsp;Con dedizione<\/strong>&nbsp;supporta anche il Ricevimento, trasformando il soggiorno degli ospiti in un&#8217;<strong>esperienza indimenticabile<\/strong>.<\/p>\n\n<\/div>\n\n<div class=\"grids-area service-box\" style=\"--_ga-column:1\/5;--_ga-row:4\/5;--_ga-m-desktop:0 0 0 0;--_ga-p-desktop:0 0 0 0;--_ga-bg-desktop:#f5f5f5 none;--_ga-zi-desktop:auto;--_ga-d-desktop:flex;--_ga-mw-desktop:calc(100% - 0 - 0);--_ga-m-tablet:0 0 0 0;--_ga-p-tablet:0 0 0 0;--_ga-bg-tablet:#f5f5f5 none;--_ga-zi-tablet:auto;--_ga-d-tablet:flex;--_ga-mw-tablet:calc(100% - 0 - 0);--_ga-m-mobile:0 0 0 0;--_ga-p-mobile:0 0 0 0;--_ga-bg-mobile:#f5f5f5 none;--_ga-zi-mobile:auto;--_ga-d-mobile:flex;--_ga-mw-mobile:calc(100% - 0 - 0)\">\n\n<h6 class=\"wp-block-heading has-text-align-center\">SALES &amp; EVENTS<\/h6>\n\n\n\n<p class=\"has-text-align-center\">Valentina Andrighetti<\/p>\n\n\n\n<figure class=\"wp-block-image size-full image-staff-fit\"><img loading=\"lazy\" decoding=\"async\" width=\"5464\" height=\"8192\" src=\"https:\/\/duchidaosta.com\/wp-content\/uploads\/2024\/05\/BOA_8511.jpg\" alt=\"\" class=\"wp-image-7185\" srcset=\"https:\/\/duchidaosta.com\/wp-content\/uploads\/2024\/05\/BOA_8511.jpg 5464w, https:\/\/duchidaosta.com\/wp-content\/uploads\/2024\/05\/BOA_8511-200x300.jpg 200w, https:\/\/duchidaosta.com\/wp-content\/uploads\/2024\/05\/BOA_8511-683x1024.jpg 683w, https:\/\/duchidaosta.com\/wp-content\/uploads\/2024\/05\/BOA_8511-768x1151.jpg 768w, https:\/\/duchidaosta.com\/wp-content\/uploads\/2024\/05\/BOA_8511-1025x1536.jpg 1025w, https:\/\/duchidaosta.com\/wp-content\/uploads\/2024\/05\/BOA_8511-500x750.jpg 500w, https:\/\/duchidaosta.com\/wp-content\/uploads\/2024\/05\/BOA_8511-800x1199.jpg 800w, https:\/\/duchidaosta.com\/wp-content\/uploads\/2024\/05\/BOA_8511-1920x2879.jpg 1920w\" sizes=\"auto, (max-width: 5464px) 100vw, 5464px\" \/><\/figure>\n\n\n\n<p class=\"has-text-align-center\">Solare e ambiziosa, Valentina&nbsp;<strong>cura con passione<\/strong>&nbsp;le relazioni con agenzie e tour operator, organizzando soggiorni ed eventi&nbsp;<strong>su misura<\/strong>. Con il suo sorriso coinvolgente e la sua maestria, promuove il nostro hotel e l\u2019incanto di Trieste.&nbsp;\u00c8 l&#8217;anima dell&#8217;hotel, capace di trasmettere la sua energia positiva a chiunque incontri.<\/p>\n\n<\/div>\n\n<div class=\"grids-area service-box\" style=\"--_ga-column:1\/5;--_ga-row:5\/6;--_ga-m-desktop:0 0 0 0;--_ga-p-desktop:0 0 0 0;--_ga-bg-desktop:#f5f5f5 none;--_ga-zi-desktop:auto;--_ga-d-desktop:flex;--_ga-mw-desktop:calc(100% - 0 - 0);--_ga-m-tablet:0 0 0 0;--_ga-p-tablet:0 0 0 0;--_ga-bg-tablet:#f5f5f5 none;--_ga-zi-tablet:auto;--_ga-d-tablet:flex;--_ga-mw-tablet:calc(100% - 0 - 0);--_ga-m-mobile:0 0 0 0;--_ga-p-mobile:0 0 0 0;--_ga-bg-mobile:#f5f5f5 none;--_ga-zi-mobile:auto;--_ga-d-mobile:flex;--_ga-mw-mobile:calc(100% - 0 - 0)\">\n\n<h6 class=\"wp-block-heading has-text-align-center\">CHEF<\/h6>\n\n\n\n<p class=\"has-text-align-center\">Matteo Metullio e Davide De Pra<\/p>\n\n\n\n<figure class=\"wp-block-image size-full image-staff-fit\"><img loading=\"lazy\" decoding=\"async\" width=\"600\" height=\"800\" src=\"https:\/\/duchidaosta.com\/wp-content\/uploads\/2023\/09\/chef-staff-hotel-duchi-daosta-trieste-7.jpg\" alt=\"Chef del Grand Hotel Duchi d'Aosta\" class=\"wp-image-5802\" srcset=\"https:\/\/duchidaosta.com\/wp-content\/uploads\/2023\/09\/chef-staff-hotel-duchi-daosta-trieste-7.jpg 600w, https:\/\/duchidaosta.com\/wp-content\/uploads\/2023\/09\/chef-staff-hotel-duchi-daosta-trieste-7-225x300.jpg 225w\" sizes=\"auto, (max-width: 600px) 100vw, 600px\" \/><\/figure>\n\n\n\n<p class=\"has-text-align-center\">Con oltre <strong>10 anni di collaborazione e due stelle Michelin<\/strong>, gli Executive Chef Matteo Metullio e Davide De Pra offrono un <strong>viaggio sensoriale in continua evoluzione<\/strong>. Ogni giorno, la brigata Harry\u2019s compone sinfonie di sapori e emozioni, trasformando ogni pasto in un trionfo di gusti.<\/p>\n\n<\/div>\n\n<div class=\"grids-area service-box\" style=\"--_ga-column:5\/9;--_ga-row:4\/5;--_ga-m-desktop:0 0 0 0;--_ga-p-desktop:0 0 0 0;--_ga-bg-desktop:#f5f5f5 none;--_ga-zi-desktop:auto;--_ga-d-desktop:flex;--_ga-mw-desktop:calc(100% - 0 - 0);--_ga-m-tablet:0 0 0 0;--_ga-p-tablet:0 0 0 0;--_ga-bg-tablet:#f5f5f5 none;--_ga-zi-tablet:auto;--_ga-d-tablet:flex;--_ga-mw-tablet:calc(100% - 0 - 0);--_ga-m-mobile:0 0 0 0;--_ga-p-mobile:0 0 0 0;--_ga-bg-mobile:#f5f5f5 none;--_ga-zi-mobile:auto;--_ga-d-mobile:flex;--_ga-mw-mobile:calc(100% - 0 - 0)\">\n\n<h6 class=\"wp-block-heading has-text-align-center\">FRONT OFFICE MANAGER<\/h6>\n\n\n\n<p class=\"has-text-align-center\">Giuseppe Di Trolio<\/p>\n\n\n\n<figure class=\"wp-block-image size-full is-resized image-staff-fit\"><img loading=\"lazy\" decoding=\"async\" width=\"1600\" height=\"2400\" src=\"https:\/\/duchidaosta.com\/wp-content\/uploads\/2024\/06\/BOA_9600-rotated.jpg\" alt=\"\" class=\"wp-image-7296\" style=\"width:383px;height:auto\" srcset=\"https:\/\/duchidaosta.com\/wp-content\/uploads\/2024\/06\/BOA_9600-rotated.jpg 1600w, https:\/\/duchidaosta.com\/wp-content\/uploads\/2024\/06\/BOA_9600-200x300.jpg 200w, https:\/\/duchidaosta.com\/wp-content\/uploads\/2024\/06\/BOA_9600-683x1024.jpg 683w, https:\/\/duchidaosta.com\/wp-content\/uploads\/2024\/06\/BOA_9600-768x1152.jpg 768w, https:\/\/duchidaosta.com\/wp-content\/uploads\/2024\/06\/BOA_9600-1024x1536.jpg 1024w, https:\/\/duchidaosta.com\/wp-content\/uploads\/2024\/06\/BOA_9600-1365x2048.jpg 1365w, https:\/\/duchidaosta.com\/wp-content\/uploads\/2024\/06\/BOA_9600-500x750.jpg 500w, https:\/\/duchidaosta.com\/wp-content\/uploads\/2024\/06\/BOA_9600-800x1200.jpg 800w, https:\/\/duchidaosta.com\/wp-content\/uploads\/2024\/06\/BOA_9600-1280x1920.jpg 1280w, https:\/\/duchidaosta.com\/wp-content\/uploads\/2024\/06\/BOA_9600-1568x2352.jpg 1568w\" sizes=\"auto, (max-width: 1600px) 100vw, 1600px\" \/><\/figure>\n\n\n\n<p class=\"has-text-align-center\">Giuseppe, preciso e&nbsp;<strong>attento ai dettagli<\/strong>, guida con passione il team del Front Office per garantire un&#8217;<strong>esperienza indimenticabile<\/strong>&nbsp;agli ospiti, assicurando un servizio eccellente e ispirando il suo staff con la sua&nbsp;<strong>dedizione all&#8217;ospitalit\u00e0<\/strong>. La sua presenza discreta ma costante rende ogni soggiorno unico, creando ricordi che durano nel tempo.<\/p>\n\n<\/div>\n\n<div class=\"grids-area service-box\" style=\"--_ga-column:5\/9;--_ga-row:5\/6;--_ga-m-desktop:0 0 0 0;--_ga-p-desktop:0 0 0 0;--_ga-bg-desktop:#f5f5f5 none;--_ga-zi-desktop:auto;--_ga-d-desktop:none;--_ga-mw-desktop:calc(100% - 0 - 0);--_ga-m-tablet:0 0 0 0;--_ga-p-tablet:0 0 0 0;--_ga-bg-tablet:#f5f5f5 none;--_ga-zi-tablet:auto;--_ga-d-tablet:none;--_ga-mw-tablet:calc(100% - 0 - 0);--_ga-m-mobile:0 0 0 0;--_ga-p-mobile:0 0 0 0;--_ga-bg-mobile:#f5f5f5 none;--_ga-zi-mobile:auto;--_ga-d-mobile:none;--_ga-mw-mobile:calc(100% - 0 - 0)\">\n\n<h6 class=\"wp-block-heading has-text-align-center\">CHEF<\/h6>\n\n\n\n<p class=\"has-text-align-center\">Matteo Metullio e Davide De Pra<\/p>\n\n\n\n<figure class=\"wp-block-image size-full image-staff-fit\"><img loading=\"lazy\" decoding=\"async\" width=\"600\" height=\"800\" src=\"https:\/\/duchidaosta.com\/wp-content\/uploads\/2023\/09\/chef-staff-hotel-duchi-daosta-trieste-7.jpg\" alt=\"\" class=\"wp-image-5802\" srcset=\"https:\/\/duchidaosta.com\/wp-content\/uploads\/2023\/09\/chef-staff-hotel-duchi-daosta-trieste-7.jpg 600w, https:\/\/duchidaosta.com\/wp-content\/uploads\/2023\/09\/chef-staff-hotel-duchi-daosta-trieste-7-225x300.jpg 225w\" sizes=\"auto, (max-width: 600px) 100vw, 600px\" \/><\/figure>\n\n\n\n<p class=\"has-text-align-center\">Con oltre <strong>10 anni di collaborazione e due stelle Michelin<\/strong>, gli Executive Chef Matteo Metullio e Davide De Pra offrono un <strong>viaggio sensoriale in continua evoluzione<\/strong>. Ogni giorno, la brigata Harry\u2019s compone sinfonie di sapori e emozioni, trasformando ogni pasto in un trionfo di gusti.<\/p>\n\n<\/div>\n\n<div class=\"grids-area service-box\" style=\"--_ga-column:9\/13;--_ga-row:4\/5;--_ga-m-desktop:0 0 0 0;--_ga-p-desktop:0 0 0 0;--_ga-bg-desktop:#f5f5f5 none;--_ga-zi-desktop:auto;--_ga-d-desktop:flex;--_ga-mw-desktop:calc(100% - 0 - 0);--_ga-m-tablet:0 0 0 0;--_ga-p-tablet:0 0 0 0;--_ga-bg-tablet:#f5f5f5 none;--_ga-zi-tablet:auto;--_ga-d-tablet:flex;--_ga-mw-tablet:calc(100% - 0 - 0);--_ga-m-mobile:0 0 0 0;--_ga-p-mobile:0 0 0 0;--_ga-bg-mobile:#f5f5f5 none;--_ga-zi-mobile:auto;--_ga-d-mobile:flex;--_ga-mw-mobile:calc(100% - 0 - 0)\">\n\n<h6 class=\"wp-block-heading has-text-align-center\">SOMMELIER<\/h6>\n\n\n\n<p class=\"has-text-align-center\">Manuele Duse<\/p>\n\n\n\n<figure class=\"wp-block-image size-full image-staff-fit\"><img loading=\"lazy\" decoding=\"async\" width=\"1708\" height=\"2560\" src=\"https:\/\/duchidaosta.com\/wp-content\/uploads\/2024\/05\/Manuele-Sommelier-scaled.webp\" alt=\"\" class=\"wp-image-7161\" srcset=\"https:\/\/duchidaosta.com\/wp-content\/uploads\/2024\/05\/Manuele-Sommelier-scaled.webp 1708w, https:\/\/duchidaosta.com\/wp-content\/uploads\/2024\/05\/Manuele-Sommelier-200x300.webp 200w, https:\/\/duchidaosta.com\/wp-content\/uploads\/2024\/05\/Manuele-Sommelier-683x1024.webp 683w, https:\/\/duchidaosta.com\/wp-content\/uploads\/2024\/05\/Manuele-Sommelier-768x1151.webp 768w, https:\/\/duchidaosta.com\/wp-content\/uploads\/2024\/05\/Manuele-Sommelier-1025x1536.webp 1025w, https:\/\/duchidaosta.com\/wp-content\/uploads\/2024\/05\/Manuele-Sommelier-1366x2048.webp 1366w, https:\/\/duchidaosta.com\/wp-content\/uploads\/2024\/05\/Manuele-Sommelier-500x750.webp 500w, https:\/\/duchidaosta.com\/wp-content\/uploads\/2024\/05\/Manuele-Sommelier-800x1199.webp 800w, https:\/\/duchidaosta.com\/wp-content\/uploads\/2024\/05\/Manuele-Sommelier-1280x1919.webp 1280w, https:\/\/duchidaosta.com\/wp-content\/uploads\/2024\/05\/Manuele-Sommelier-1920x2879.webp 1920w, https:\/\/duchidaosta.com\/wp-content\/uploads\/2024\/05\/Manuele-Sommelier-1568x2351.webp 1568w\" sizes=\"auto, (max-width: 1708px) 100vw, 1708px\" \/><\/figure>\n\n\n\n<p class=\"has-text-align-center\">Il nostro sommelier custodisce il segreto di ogni bottiglia della nostra cantina. Un vero appassionato che non conosce limiti geografici, spaziando da etichette locali a quelle internazionali. Con un approccio metodico nell\u2019abbinare aromi e sapori, vi invita a scoprire il mondo attraverso un calice accuratamente selezionato.<\/p>\n\n<\/div>\n\n<div class=\"grids-area\" style=\"--_ga-column:9\/13;--_ga-row:6\/7;--_ga-m-desktop:0 0 0 0;--_ga-p-desktop:0 0 0 0;--_ga-bg-desktop:#f5f5f5 none;--_ga-zi-desktop:auto;--_ga-d-desktop:none;--_ga-mw-desktop:calc(100% - 0 - 0);--_ga-m-tablet:0 0 0 0;--_ga-p-tablet:0 0 0 0;--_ga-bg-tablet:#f5f5f5 none;--_ga-zi-tablet:auto;--_ga-d-tablet:none;--_ga-mw-tablet:calc(100% - 0 - 0);--_ga-m-mobile:0 0 0 0;--_ga-p-mobile:0 0 0 0;--_ga-bg-mobile:#f5f5f5 none;--_ga-zi-mobile:auto;--_ga-d-mobile:none;--_ga-mw-mobile:calc(100% - 0 - 0)\"><\/div>\n\n<div class=\"grids-area\" style=\"--_ga-column:1\/5;--_ga-row:6\/7;--_ga-m-desktop:0 0 0 0;--_ga-p-desktop:0 0 0 0;--_ga-bg-desktop:#f5f5f5 none;--_ga-zi-desktop:auto;--_ga-d-desktop:none;--_ga-mw-desktop:calc(100% - 0 - 0);--_ga-m-tablet:0 0 0 0;--_ga-p-tablet:0 0 0 0;--_ga-bg-tablet:#f5f5f5 none;--_ga-zi-tablet:auto;--_ga-d-tablet:none;--_ga-mw-tablet:calc(100% - 0 - 0);--_ga-m-mobile:0 0 0 0;--_ga-p-mobile:0 0 0 0;--_ga-bg-mobile:#f5f5f5 none;--_ga-zi-mobile:auto;--_ga-d-mobile:none;--_ga-mw-mobile:calc(100% - 0 - 0)\"><\/div>\n\n<div class=\"grids-area\" style=\"--_ga-column:5\/9;--_ga-row:6\/7;--_ga-m-desktop:0 0 0 0;--_ga-p-desktop:0 0 0 0;--_ga-bg-desktop:#f5f5f5 none;--_ga-zi-desktop:auto;--_ga-d-desktop:none;--_ga-mw-desktop:calc(100% - 0 - 0);--_ga-m-tablet:0 0 0 0;--_ga-p-tablet:0 0 0 0;--_ga-bg-tablet:#f5f5f5 none;--_ga-zi-tablet:auto;--_ga-d-tablet:none;--_ga-mw-tablet:calc(100% - 0 - 0);--_ga-m-mobile:0 0 0 0;--_ga-p-mobile:0 0 0 0;--_ga-bg-mobile:#f5f5f5 none;--_ga-zi-mobile:auto;--_ga-d-mobile:none;--_ga-mw-mobile:calc(100% - 0 - 0)\"><\/div>\n<\/div><\/div>\n\n<div  id=\"servizi\" class=\"grids-section staff-box-row grids-is-advanced alignwide\" style=\"--_gs-gap-desktop:0px 0px;--_gs-m-desktop:0 0 0 0;--_gs-p-desktop:0 0 0 0;--_gs-bg-desktop:transparent none;--_gs-bg-xp-desktop:0px;--_gs-zi-desktop:auto;--_gs-d-desktop:none;--_gs-mw-desktop:calc(100% - 0 - 0);--_gs-gap-tablet:0px 0px;--_gs-m-tablet:0 0 0 0;--_gs-p-tablet:0 0 0 0;--_gs-bg-tablet:transparent none;--_gs-bg-xp-tablet:0px;--_gs-zi-tablet:auto;--_gs-d-tablet:none;--_gs-mw-tablet:calc(100% - 0 - 0);--_gs-gap-mobile:0px 0px;--_gs-m-mobile:0 0 0 0;--_gs-p-mobile:0 0 0 0;--_gs-bg-mobile:transparent none;--_gs-bg-xp-mobile:0px;--_gs-zi-mobile:auto;--_gs-d-mobile:none;--_gs-mw-mobile:calc(100% - 0 - 0);--_gs-columns:12;--_gs-rows:6\"><div class=\"grids-s-w_i\">\n<div class=\"grids-area service-box\" style=\"--_ga-column:1\/5;--_ga-row:3\/5;--_ga-m-desktop:0 0 0 0;--_ga-p-desktop:0 0 0 0;--_ga-bg-desktop:#f5f5f5 none;--_ga-zi-desktop:auto;--_ga-d-desktop:flex;--_ga-mw-desktop:calc(100% - 0 - 0);--_ga-m-tablet:0 0 0 0;--_ga-p-tablet:0 0 0 0;--_ga-bg-tablet:#f5f5f5 none;--_ga-zi-tablet:auto;--_ga-d-tablet:flex;--_ga-mw-tablet:calc(100% - 0 - 0);--_ga-m-mobile:0 0 0 0;--_ga-p-mobile:0 0 0 0;--_ga-bg-mobile:#f5f5f5 none;--_ga-zi-mobile:auto;--_ga-d-mobile:flex;--_ga-mw-mobile:calc(100% - 0 - 0)\">\n\n<h6 class=\"wp-block-heading has-text-align-center\">MA\u00ceTRE DE MAISON<\/h6>\n\n\n\n<p class=\"has-text-align-center\">Milena Da Ronch<\/p>\n\n\n\n<figure class=\"wp-block-image size-full\"><img loading=\"lazy\" decoding=\"async\" width=\"600\" height=\"800\" src=\"https:\/\/duchidaosta.com\/wp-content\/uploads\/2024\/01\/Milena-2.webp\" alt=\"\" class=\"wp-image-6752\" srcset=\"https:\/\/duchidaosta.com\/wp-content\/uploads\/2024\/01\/Milena-2.webp 600w, https:\/\/duchidaosta.com\/wp-content\/uploads\/2024\/01\/Milena-2-225x300.webp 225w, https:\/\/duchidaosta.com\/wp-content\/uploads\/2024\/01\/Milena-2-500x667.webp 500w\" sizes=\"auto, (max-width: 600px) 100vw, 600px\" \/><\/figure>\n\n\n\n<p class=\"has-text-align-center\">La nostra Ma\u00eetre de Maison, \u00e8 <strong>al timone della vostra esperienza a 5 stelle<\/strong>. Con una gestione impeccabile della squadra e una passione instancabile per i dettagli, traccia la rotta verso gli standard pi\u00f9 elevati di eccellenza e comfort, assicurandosi che <strong>ogni vostro desiderio sia non solo soddisfatto, ma superato con stile<\/strong>.<\/p>\n\n<\/div>\n\n<div class=\"grids-area service-box\" style=\"--_ga-column:5\/9;--_ga-row:3\/5;--_ga-m-desktop:0 0 0 0;--_ga-p-desktop:0 0 0 0;--_ga-bg-desktop:#f5f5f5 none;--_ga-zi-desktop:auto;--_ga-d-desktop:flex;--_ga-mw-desktop:calc(100% - 0 - 0);--_ga-m-tablet:0 0 0 0;--_ga-p-tablet:0 0 0 0;--_ga-bg-tablet:#f5f5f5 none;--_ga-zi-tablet:auto;--_ga-d-tablet:flex;--_ga-mw-tablet:calc(100% - 0 - 0);--_ga-m-mobile:0 0 0 0;--_ga-p-mobile:0 0 0 0;--_ga-bg-mobile:#f5f5f5 none;--_ga-zi-mobile:auto;--_ga-d-mobile:flex;--_ga-mw-mobile:calc(100% - 0 - 0)\">\n\n<h6 class=\"wp-block-heading has-text-align-center\">HR MANAGER<\/h6>\n\n\n\n<p class=\"has-text-align-center\">Anna Rodda<\/p>\n\n\n\n<figure class=\"wp-block-image size-full\"><img loading=\"lazy\" decoding=\"async\" width=\"600\" height=\"800\" src=\"https:\/\/duchidaosta.com\/wp-content\/uploads\/2023\/09\/hr-manager-staff-hotel-duchi-daosta-trieste-2-1.jpg\" alt=\"\" class=\"wp-image-5830\" srcset=\"https:\/\/duchidaosta.com\/wp-content\/uploads\/2023\/09\/hr-manager-staff-hotel-duchi-daosta-trieste-2-1.jpg 600w, https:\/\/duchidaosta.com\/wp-content\/uploads\/2023\/09\/hr-manager-staff-hotel-duchi-daosta-trieste-2-1-225x300.jpg 225w\" sizes=\"auto, (max-width: 600px) 100vw, 600px\" \/><\/figure>\n\n\n\n<p class=\"has-text-align-center\">\u00c8 la nostra responsabile delle risorse umane a <strong>scoprire i talenti nascosti<\/strong>, a coltivare il potenziale di ogni membro della squadra e a <strong>creare un ambiente in cui ognuno pu\u00f2 brillare<\/strong>. Con passione instancabile, si dedica a costruire una <strong>cultura aziendale<\/strong> capace di incantare gli ospiti con cordialit\u00e0, cura e attenzione.<\/p>\n\n<\/div>\n\n<div class=\"grids-area service-box\" style=\"--_ga-column:9\/13;--_ga-row:3\/5;--_ga-m-desktop:0 0 0 0;--_ga-p-desktop:0 0 0 0;--_ga-bg-desktop:#f5f5f5 none;--_ga-zi-desktop:auto;--_ga-d-desktop:flex;--_ga-mw-desktop:calc(100% - 0 - 0);--_ga-m-tablet:0 0 0 0;--_ga-p-tablet:0 0 0 0;--_ga-bg-tablet:#f5f5f5 none;--_ga-zi-tablet:auto;--_ga-d-tablet:flex;--_ga-mw-tablet:calc(100% - 0 - 0);--_ga-m-mobile:0 0 0 0;--_ga-p-mobile:0 0 0 0;--_ga-bg-mobile:#f5f5f5 none;--_ga-zi-mobile:auto;--_ga-d-mobile:flex;--_ga-mw-mobile:calc(100% - 0 - 0)\">\n\n<h6 class=\"wp-block-heading has-text-align-center\">ROOM DIVISION MANAGER<\/h6>\n\n\n\n<p class=\"has-text-align-center\">Stefano Piccinini<\/p>\n\n\n\n<figure class=\"wp-block-image size-full\"><img loading=\"lazy\" decoding=\"async\" width=\"600\" height=\"800\" src=\"https:\/\/duchidaosta.com\/wp-content\/uploads\/2023\/09\/Room-division-manager-staff-hotel-duchi-daosta-trieste-5-1.jpg\" alt=\"\" class=\"wp-image-5845\" srcset=\"https:\/\/duchidaosta.com\/wp-content\/uploads\/2023\/09\/Room-division-manager-staff-hotel-duchi-daosta-trieste-5-1.jpg 600w, https:\/\/duchidaosta.com\/wp-content\/uploads\/2023\/09\/Room-division-manager-staff-hotel-duchi-daosta-trieste-5-1-225x300.jpg 225w\" sizes=\"auto, (max-width: 600px) 100vw, 600px\" \/><\/figure>\n\n\n\n<p class=\"has-text-align-center\">Ecco <strong>l\u2019artista che dipinge il quadro del vostro soggiorno<\/strong>, donando perfezione ad ogni angolo dell\u2019hotel. La sua esperienza si trasforma in un tocco magico che <strong>esalta la vostra dimora temporanea<\/strong>, in cui l\u2019eleganza del passato si unisce con il comfort moderno, creando momenti che rimarranno scolpiti nella memoria come gioielli preziosi.<\/p>\n\n<\/div>\n\n<div class=\"grids-area service-box\" style=\"--_ga-column:1\/5;--_ga-row:5\/6;--_ga-m-desktop:0 0 0 0;--_ga-p-desktop:0 0 0 0;--_ga-bg-desktop:#f5f5f5 none;--_ga-zi-desktop:auto;--_ga-d-desktop:flex;--_ga-mw-desktop:calc(100% - 0 - 0);--_ga-m-tablet:0 0 0 0;--_ga-p-tablet:0 0 0 0;--_ga-bg-tablet:#f5f5f5 none;--_ga-zi-tablet:auto;--_ga-d-tablet:flex;--_ga-mw-tablet:calc(100% - 0 - 0);--_ga-m-mobile:0 0 0 0;--_ga-p-mobile:0 0 0 0;--_ga-bg-mobile:#f5f5f5 none;--_ga-zi-mobile:auto;--_ga-d-mobile:flex;--_ga-mw-mobile:calc(100% - 0 - 0)\">\n\n<h6 class=\"wp-block-heading has-text-align-center\">CONCIERGE<\/h6>\n\n\n\n<p class=\"has-text-align-center\">Ramon Schuerch<\/p>\n\n\n\n<figure class=\"wp-block-image size-full\"><img loading=\"lazy\" decoding=\"async\" width=\"600\" height=\"800\" src=\"https:\/\/duchidaosta.com\/wp-content\/uploads\/2023\/09\/concierge-staff-hotel-duchi-daosta-trieste-7-1.jpg\" alt=\"\" class=\"wp-image-5827\" srcset=\"https:\/\/duchidaosta.com\/wp-content\/uploads\/2023\/09\/concierge-staff-hotel-duchi-daosta-trieste-7-1.jpg 600w, https:\/\/duchidaosta.com\/wp-content\/uploads\/2023\/09\/concierge-staff-hotel-duchi-daosta-trieste-7-1-225x300.jpg 225w\" sizes=\"auto, (max-width: 600px) 100vw, 600px\" \/><\/figure>\n\n\n\n<p class=\"has-text-align-center\"><strong>Ramon porta per voi le Chiavi d&#8217;Oro<\/strong>. Una figura imprescindibile per il vostro soggiorno e un punto di riferimento per tutti gli ospiti. <strong>Due decenni di esperienza dedicati all&#8217;accoglienza raffinata e impeccabile<\/strong> ed una conoscenza profonda della zona che vi guider\u00e0 alla scoperta di angoli sempre nuovi.<\/p>\n\n<\/div>\n\n<div class=\"grids-area service-box\" style=\"--_ga-column:5\/9;--_ga-row:5\/6;--_ga-m-desktop:0 0 0 0;--_ga-p-desktop:0 0 0 0;--_ga-bg-desktop:#f5f5f5 none;--_ga-zi-desktop:auto;--_ga-d-desktop:flex;--_ga-mw-desktop:calc(100% - 0 - 0);--_ga-m-tablet:0 0 0 0;--_ga-p-tablet:0 0 0 0;--_ga-bg-tablet:#f5f5f5 none;--_ga-zi-tablet:auto;--_ga-d-tablet:flex;--_ga-mw-tablet:calc(100% - 0 - 0);--_ga-m-mobile:0 0 0 0;--_ga-p-mobile:0 0 0 0;--_ga-bg-mobile:#f5f5f5 none;--_ga-zi-mobile:auto;--_ga-d-mobile:flex;--_ga-mw-mobile:calc(100% - 0 - 0)\">\n\n<h6 class=\"wp-block-heading has-text-align-center\">HARRY&#8217;S TEAM<\/h6>\n\n\n\n<p class=\"has-text-align-center\">Matteo Metullio e Davide De Pra<\/p>\n\n\n\n<figure class=\"wp-block-image size-full\"><img loading=\"lazy\" decoding=\"async\" width=\"600\" height=\"800\" src=\"https:\/\/duchidaosta.com\/wp-content\/uploads\/2023\/09\/chef-staff-hotel-duchi-daosta-trieste-7.jpg\" alt=\"\" class=\"wp-image-5802\" srcset=\"https:\/\/duchidaosta.com\/wp-content\/uploads\/2023\/09\/chef-staff-hotel-duchi-daosta-trieste-7.jpg 600w, https:\/\/duchidaosta.com\/wp-content\/uploads\/2023\/09\/chef-staff-hotel-duchi-daosta-trieste-7-225x300.jpg 225w\" sizes=\"auto, (max-width: 600px) 100vw, 600px\" \/><\/figure>\n\n\n\n<p class=\"has-text-align-center\">Con oltre <strong>10 anni di collaborazione e due stelle Michelin<\/strong>, gli Executive Chef Matteo Metullio e Davide De Pra offrono un <strong>viaggio sensoriale in continua evoluzione<\/strong>. Ogni giorno, la brigata Harry\u2019s compone sinfonie di sapori e emozioni, trasformando ogni pasto in un trionfo di gusti.<\/p>\n\n<\/div>\n\n<div class=\"grids-area service-box\" style=\"--_ga-column:9\/13;--_ga-row:5\/6;--_ga-m-desktop:0 0 0 0;--_ga-p-desktop:0 0 0 0;--_ga-bg-desktop:#f5f5f5 none;--_ga-zi-desktop:auto;--_ga-d-desktop:flex;--_ga-mw-desktop:calc(100% - 0 - 0);--_ga-m-tablet:0 0 0 0;--_ga-p-tablet:0 0 0 0;--_ga-bg-tablet:#f5f5f5 none;--_ga-zi-tablet:auto;--_ga-d-tablet:flex;--_ga-mw-tablet:calc(100% - 0 - 0);--_ga-m-mobile:0 0 0 0;--_ga-p-mobile:0 0 0 0;--_ga-bg-mobile:#f5f5f5 none;--_ga-zi-mobile:auto;--_ga-d-mobile:flex;--_ga-mw-mobile:calc(100% - 0 - 0)\">\n\n<h6 class=\"wp-block-heading has-text-align-center\">MA\u00ceTRE<\/h6>\n\n\n\n<p class=\"has-text-align-center\">Marco Andronico<\/p>\n\n\n\n<figure class=\"wp-block-image size-full\"><img loading=\"lazy\" decoding=\"async\" width=\"600\" height=\"800\" src=\"https:\/\/duchidaosta.com\/wp-content\/uploads\/2023\/09\/maitre-staff-hotel-duchi-daosta-trieste-6-1.jpg\" alt=\"\" class=\"wp-image-5836\" srcset=\"https:\/\/duchidaosta.com\/wp-content\/uploads\/2023\/09\/maitre-staff-hotel-duchi-daosta-trieste-6-1.jpg 600w, https:\/\/duchidaosta.com\/wp-content\/uploads\/2023\/09\/maitre-staff-hotel-duchi-daosta-trieste-6-1-225x300.jpg 225w\" sizes=\"auto, (max-width: 600px) 100vw, 600px\" \/><\/figure>\n\n\n\n<p class=\"has-text-align-center\">Marco, con vent&#8217;anni di esperienza, <strong>incarna l&#8217;essenza stessa dell&#8217;ospitalit\u00e0<\/strong>, unendo con grazia e professionalit\u00e0 l&#8217;arte della raffinatezza culinaria e l&#8217;arte dell\u2019accoglienza. Come un direttore d&#8217;orchestra in un grande spettacolo, il Ma\u00eetre <strong>cura ogni dettaglio<\/strong>, dalla disposizione delle posate alla selezione dei vini, dall&#8217;armonia delle luci all&#8217;attenzione ai desideri dei clienti.<\/p>\n\n<\/div>\n\n<div class=\"grids-area service-box\" style=\"--_ga-column:1\/5;--_ga-row:6\/7;--_ga-m-desktop:0 0 0 0;--_ga-p-desktop:0 0 0 0;--_ga-bg-desktop:#f5f5f5 none;--_ga-zi-desktop:auto;--_ga-d-desktop:flex;--_ga-mw-desktop:calc(100% - 0 - 0);--_ga-m-tablet:0 0 0 0;--_ga-p-tablet:0 0 0 0;--_ga-bg-tablet:#f5f5f5 none;--_ga-zi-tablet:auto;--_ga-d-tablet:flex;--_ga-mw-tablet:calc(100% - 0 - 0);--_ga-m-mobile:0 0 0 0;--_ga-p-mobile:0 0 0 0;--_ga-bg-mobile:#f5f5f5 none;--_ga-zi-mobile:auto;--_ga-d-mobile:flex;--_ga-mw-mobile:calc(100% - 0 - 0)\">\n\n<h6 class=\"wp-block-heading has-text-align-center\">SOMMELIER<\/h6>\n\n\n\n<p class=\"has-text-align-center\">Manuele Duse<\/p>\n\n\n\n<figure class=\"wp-block-image size-full\"><img loading=\"lazy\" decoding=\"async\" width=\"600\" height=\"800\" src=\"https:\/\/duchidaosta.com\/wp-content\/uploads\/2023\/09\/Sommelier-staff-hotel-duchi-daosta-trieste-8-1.jpg\" alt=\"\" class=\"wp-image-5848\" srcset=\"https:\/\/duchidaosta.com\/wp-content\/uploads\/2023\/09\/Sommelier-staff-hotel-duchi-daosta-trieste-8-1.jpg 600w, https:\/\/duchidaosta.com\/wp-content\/uploads\/2023\/09\/Sommelier-staff-hotel-duchi-daosta-trieste-8-1-225x300.jpg 225w\" sizes=\"auto, (max-width: 600px) 100vw, 600px\" \/><\/figure>\n\n\n\n<p class=\"has-text-align-center\">Il nostro sommelier <strong>custodisce il segreto di ogni bottiglia della nostra cantina<\/strong>. Un vero appassionato che non conosce limiti geografici, spaziando da etichette locali a quelle internazionali. Con un approccio metodico nell\u2019abbinare aromi e sapori, vi invita a scoprire il mondo attraverso un calice accuratamente selezionato.<\/p>\n\n<\/div>\n\n<div class=\"grids-area service-box\" style=\"--_ga-column:5\/9;--_ga-row:6\/7;--_ga-m-desktop:0 0 0 0;--_ga-p-desktop:0 0 0 0;--_ga-bg-desktop:#f5f5f5 none;--_ga-zi-desktop:auto;--_ga-d-desktop:flex;--_ga-mw-desktop:calc(100% - 0 - 0);--_ga-m-tablet:0 0 0 0;--_ga-p-tablet:0 0 0 0;--_ga-bg-tablet:#f5f5f5 none;--_ga-zi-tablet:auto;--_ga-d-tablet:flex;--_ga-mw-tablet:calc(100% - 0 - 0);--_ga-m-mobile:0 0 0 0;--_ga-p-mobile:0 0 0 0;--_ga-bg-mobile:#f5f5f5 none;--_ga-zi-mobile:auto;--_ga-d-mobile:flex;--_ga-mw-mobile:calc(100% - 0 - 0)\">\n\n<h6 class=\"wp-block-heading has-text-align-center\">PASTRY CHEF<\/h6>\n\n\n\n<p class=\"has-text-align-center\">Kevin Fejzullai<\/p>\n\n\n\n<figure class=\"wp-block-image size-full\"><img loading=\"lazy\" decoding=\"async\" width=\"600\" height=\"800\" src=\"https:\/\/duchidaosta.com\/wp-content\/uploads\/2023\/09\/pasticcere-hotel-duchi-daosta-trieste-6.jpg\" alt=\"\" class=\"wp-image-5839\" srcset=\"https:\/\/duchidaosta.com\/wp-content\/uploads\/2023\/09\/pasticcere-hotel-duchi-daosta-trieste-6.jpg 600w, https:\/\/duchidaosta.com\/wp-content\/uploads\/2023\/09\/pasticcere-hotel-duchi-daosta-trieste-6-225x300.jpg 225w\" sizes=\"auto, (max-width: 600px) 100vw, 600px\" \/><\/figure>\n\n\n\n<p class=\"has-text-align-center\">Ogni attimo \u00e8 un&#8217;opportunit\u00e0 straordinaria per immergersi nell&#8217;universo delle creazioni del nostro <strong>artista dei dessert<\/strong>. Con opere d&#8217;arte che incantano i sensi, torte, pasticcini e cioccolatini sono un inno al gusto e all&#8217;eleganza. Perfetti per <strong>impreziosire un tranquillo pomeriggio all&#8217;Harry&#8217;s<\/strong>, per rendere magico un dopo cena, o persino per portare a casa un dolce tesoro da custodire e assaporare con il cuore.<\/p>\n\n<\/div>\n\n<div class=\"grids-area\" style=\"--_ga-column:9\/13;--_ga-row:6\/7;--_ga-m-desktop:0 0 0 0;--_ga-p-desktop:0 0 0 0;--_ga-bg-desktop:transparent none;--_ga-zi-desktop:auto;--_ga-d-desktop:flex;--_ga-mw-desktop:calc(100% - 0 - 0);--_ga-m-tablet:0 0 0 0;--_ga-p-tablet:0 0 0 0;--_ga-bg-tablet:transparent none;--_ga-zi-tablet:auto;--_ga-d-tablet:flex;--_ga-mw-tablet:calc(100% - 0 - 0);--_ga-m-mobile:0 0 0 0;--_ga-p-mobile:0 0 0 0;--_ga-bg-mobile:transparent none;--_ga-zi-mobile:auto;--_ga-d-mobile:flex;--_ga-mw-mobile:calc(100% - 0 - 0)\"><\/div>\n<\/div><\/div>\n\n<div  id=\"unisciti\" class=\"grids-section staff-box-row grids-is-advanced alignwide\" style=\"--_gs-gap-desktop:0px 0px;--_gs-m-desktop:0 0 0 0;--_gs-p-desktop:0 0 0 0;--_gs-bg-desktop:transparent none;--_gs-bg-xp-desktop:0px;--_gs-zi-desktop:auto;--_gs-d-desktop:block;--_gs-mw-desktop:calc(100% - 0 - 0);--_gs-gap-tablet:0px 0px;--_gs-m-tablet:0 0 0 0;--_gs-p-tablet:0 0 0 0;--_gs-bg-tablet:transparent none;--_gs-bg-xp-tablet:0px;--_gs-zi-tablet:auto;--_gs-d-tablet:block;--_gs-mw-tablet:calc(100% - 0 - 0);--_gs-gap-mobile:0px 0px;--_gs-m-mobile:0 0 0 0;--_gs-p-mobile:0 0 0 0;--_gs-bg-mobile:transparent none;--_gs-bg-xp-mobile:0px;--_gs-zi-mobile:auto;--_gs-d-mobile:block;--_gs-mw-mobile:calc(100% - 0 - 0);--_gs-columns:12;--_gs-rows:6\"><div class=\"grids-s-w_i\">\n<div class=\"grids-area\" style=\"--_ga-column:1\/13;--_ga-row:1\/3;--_ga-m-desktop:0 0 0 0;--_ga-p-desktop:0 0 0 0;--_ga-bg-desktop:transparent none;--_ga-zi-desktop:auto;--_ga-d-desktop:flex;--_ga-mw-desktop:calc(100% - 0 - 0);--_ga-m-tablet:0 0 0 0;--_ga-p-tablet:0 0 0 0;--_ga-bg-tablet:transparent none;--_ga-zi-tablet:auto;--_ga-d-tablet:flex;--_ga-mw-tablet:calc(100% - 0 - 0);--_ga-m-mobile:0 0 0 0;--_ga-p-mobile:0 0 0 0;--_ga-bg-mobile:transparent none;--_ga-zi-mobile:auto;--_ga-d-mobile:flex;--_ga-mw-mobile:calc(100% - 0 - 0)\">\n\n<h2 class=\"wp-block-heading has-text-align-center counter-h\">Unisciti a noi<\/h2>\n\n\n\n<p><strong>Le persone sono la nostra risorsa pi\u00f9 preziosa<\/strong><\/p>\n\n\n\n<p>Facciamo parte di una grande famiglia con la <strong>passione per l\u2019ospitalit\u00e0 e l\u2019alta cucina<\/strong>.<\/p>\n\n\n\n<p>Valorizziamo i nostri collaboratori dando massimo risalto alle capacit\u00e0 di ciascuno, perch\u00e9 crediamo che l\u2019unione dei singoli sia la forza e l\u2019unicit\u00e0 della nostra squadra.<\/p>\n\n\n\n<h3 class=\"wp-block-heading\">Inviaci la tua candidatura<\/h3>\n\n\n\n<p><b>Vorresti entrare a far parte del nostro team?<\/b> Invia una mail all\u2019indirizzo <a class=\"email\" href=\"mailto:hr@duchidaosta.com?subject=candidatura spontanea\">hr@duchidaosta.com<\/a> allegando il tuo <b>curriculum<\/b> e specificando la <b>posizione<\/b> per cui vorresti candidarti. Ti risponderemo al pi\u00f9 presto e ti terremo sempre in considerazione.<\/p>\n\n\n\n<div class=\"wp-block-buttons is-content-justification-left is-layout-flex wp-container-core-buttons-is-layout-fdcfc74e wp-block-buttons-is-layout-flex\">\n<div class=\"wp-block-button\"><a class=\"wp-block-button__link wp-element-button\" href=\"mailto:hr@duchidaosta.com?subject=candidatura spontanea\">CANDIDATURA SPONTANEA<\/a><\/div>\n<\/div>\n\n<\/div>\n<\/div><\/div>\n\n<div  id=\"unisciti\" class=\"grids-section staff-box-row grids-is-advanced alignwide\" style=\"--_gs-gap-desktop:0px 0px;--_gs-m-desktop:0 0 0 0;--_gs-p-desktop:0 0 0 0;--_gs-bg-desktop:transparent none;--_gs-bg-xp-desktop:0px;--_gs-zi-desktop:auto;--_gs-d-desktop:none;--_gs-mw-desktop:calc(100% - 0 - 0);--_gs-gap-tablet:0px 0px;--_gs-m-tablet:0 0 0 0;--_gs-p-tablet:0 0 0 0;--_gs-bg-tablet:transparent none;--_gs-bg-xp-tablet:0px;--_gs-zi-tablet:auto;--_gs-d-tablet:none;--_gs-mw-tablet:calc(100% - 0 - 0);--_gs-gap-mobile:0px 0px;--_gs-m-mobile:0 0 0 0;--_gs-p-mobile:0 0 0 0;--_gs-bg-mobile:transparent none;--_gs-bg-xp-mobile:0px;--_gs-zi-mobile:auto;--_gs-d-mobile:none;--_gs-mw-mobile:calc(100% - 0 - 0);--_gs-columns:12;--_gs-rows:6\"><div class=\"grids-s-w_i\">\n<div class=\"grids-area\" style=\"--_ga-column:1\/13;--_ga-row:1\/3;--_ga-m-desktop:0 0 0 0;--_ga-p-desktop:0 0 0 0;--_ga-bg-desktop:transparent none;--_ga-zi-desktop:auto;--_ga-d-desktop:flex;--_ga-mw-desktop:calc(100% - 0 - 0);--_ga-m-tablet:0 0 0 0;--_ga-p-tablet:0 0 0 0;--_ga-bg-tablet:transparent none;--_ga-zi-tablet:auto;--_ga-d-tablet:flex;--_ga-mw-tablet:calc(100% - 0 - 0);--_ga-m-mobile:0 0 0 0;--_ga-p-mobile:0 0 0 0;--_ga-bg-mobile:transparent none;--_ga-zi-mobile:auto;--_ga-d-mobile:flex;--_ga-mw-mobile:calc(100% - 0 - 0)\">\n\n<h2 class=\"wp-block-heading has-text-align-center counter-h\">Unisciti a noi<\/h2>\n\n\n\n<p><strong>Le persone sono la nostra risorsa pi\u00f9 preziosa<\/strong><\/p>\n\n\n\n<p>Facciamo parte di una grande famiglia con la <strong>passione per l\u2019ospitalit\u00e0 e l\u2019alta cucina<\/strong>.<\/p>\n\n\n\n<p>Valorizziamo i nostri collaboratori dando massimo risalto alle capacit\u00e0 di ciascuno, perch\u00e9 crediamo che l\u2019unione dei singoli sia la forza e l\u2019unicit\u00e0 della nostra squadra.<\/p>\n\n\n\n<h3 class=\"wp-block-heading\">Inviaci la tua candidatura<\/h3>\n\n\n\n<p><strong>Vorresti entrare a far parte del nostro team?<\/strong> Invia una mail all\u2019indirizzo <a href=\"mailto:hr@duchidaosta.com\">hr@duchidaosta.com<\/a> allegando il tuo <strong>curriculum<\/strong> e specificando la <strong>posizione<\/strong> per cui vorresti candidarti.<br>Ti risponderemo al pi\u00f9 presto e ti terremo sempre in considerazione.<\/p>\n\n\n\n<h3 class=\"wp-block-heading\">Posizioni aperte<\/h3>\n\n<\/div>\n\n<div class=\"grids-area service-box\" style=\"--_ga-column:1\/5;--_ga-row:3\/5;--_ga-m-desktop:0 0 0 0;--_ga-p-desktop:0 0 0 0;--_ga-bg-desktop:#f5f5f5 none;--_ga-zi-desktop:auto;--_ga-d-desktop:flex;--_ga-mw-desktop:calc(100% - 0 - 0);--_ga-m-tablet:0 0 0 0;--_ga-p-tablet:0 0 0 0;--_ga-bg-tablet:#f5f5f5 none;--_ga-zi-tablet:auto;--_ga-d-tablet:flex;--_ga-mw-tablet:calc(100% - 0 - 0);--_ga-m-mobile:0 0 0 0;--_ga-p-mobile:0 0 0 0;--_ga-bg-mobile:#f5f5f5 none;--_ga-zi-mobile:auto;--_ga-d-mobile:flex;--_ga-mw-mobile:calc(100% - 0 - 0)\">\n\n<h6 class=\"wp-block-heading has-text-align-center\">CONCIERGE<\/h6>\n\n\n\n<p class=\"has-text-align-center\"><a href=\"mailto:hr@duchidaosta.com\">Candidati<\/a><\/p>\n\n<\/div>\n\n<div class=\"grids-area service-box\" style=\"--_ga-column:5\/9;--_ga-row:3\/5;--_ga-m-desktop:0 0 0 0;--_ga-p-desktop:0 0 0 0;--_ga-bg-desktop:#f5f5f5 none;--_ga-zi-desktop:auto;--_ga-d-desktop:flex;--_ga-mw-desktop:calc(100% - 0 - 0);--_ga-m-tablet:0 0 0 0;--_ga-p-tablet:0 0 0 0;--_ga-bg-tablet:#f5f5f5 none;--_ga-zi-tablet:auto;--_ga-d-tablet:flex;--_ga-mw-tablet:calc(100% - 0 - 0);--_ga-m-mobile:0 0 0 0;--_ga-p-mobile:0 0 0 0;--_ga-bg-mobile:#f5f5f5 none;--_ga-zi-mobile:auto;--_ga-d-mobile:flex;--_ga-mw-mobile:calc(100% - 0 - 0)\">\n\n<h6 class=\"wp-block-heading has-text-align-center\">Ristorante<br>stellato<\/h6>\n\n\n\n<p class=\"has-text-align-center\">Un\u2019esperienza culinaria unica e ricercata, premiata 2 stelle Michelin.<\/p>\n\n<\/div>\n\n<div class=\"grids-area service-box\" style=\"--_ga-column:9\/13;--_ga-row:3\/5;--_ga-m-desktop:0 0 0 0;--_ga-p-desktop:0 0 0 0;--_ga-bg-desktop:#f5f5f5 none;--_ga-zi-desktop:auto;--_ga-d-desktop:flex;--_ga-mw-desktop:calc(100% - 0 - 0);--_ga-m-tablet:0 0 0 0;--_ga-p-tablet:0 0 0 0;--_ga-bg-tablet:#f5f5f5 none;--_ga-zi-tablet:auto;--_ga-d-tablet:flex;--_ga-mw-tablet:calc(100% - 0 - 0);--_ga-m-mobile:0 0 0 0;--_ga-p-mobile:0 0 0 0;--_ga-bg-mobile:#f5f5f5 none;--_ga-zi-mobile:auto;--_ga-d-mobile:flex;--_ga-mw-mobile:calc(100% - 0 - 0)\">\n\n<h6 class=\"wp-block-heading has-text-align-center\">Servizio car valet<br>su richiesta<\/h6>\n\n\n\n<p class=\"has-text-align-center\">Senza pensieri e senza preoccupazioni. Al vostro arrivo un addetto specializzato si occuper\u00e0 del parcheggio.<\/p>\n\n<\/div>\n\n<div class=\"grids-area service-box\" style=\"--_ga-column:1\/5;--_ga-row:5\/7;--_ga-m-desktop:0 0 0 0;--_ga-p-desktop:0 0 0 0;--_ga-bg-desktop:#f5f5f5 none;--_ga-zi-desktop:auto;--_ga-d-desktop:flex;--_ga-mw-desktop:calc(100% - 0 - 0);--_ga-m-tablet:0 0 0 0;--_ga-p-tablet:0 0 0 0;--_ga-bg-tablet:#f5f5f5 none;--_ga-zi-tablet:auto;--_ga-d-tablet:flex;--_ga-mw-tablet:calc(100% - 0 - 0);--_ga-m-mobile:0 0 0 0;--_ga-p-mobile:0 0 0 0;--_ga-bg-mobile:#f5f5f5 none;--_ga-zi-mobile:auto;--_ga-d-mobile:flex;--_ga-mw-mobile:calc(100% - 0 - 0)\">\n\n<h6 class=\"wp-block-heading has-text-align-center\">Servizio in<br>camera 24 su 24<\/h6>\n\n\n\n<p class=\"has-text-align-center\">Realizziamo desideri in ogni momento.<\/p>\n\n<\/div>\n\n<div class=\"grids-area service-box\" style=\"--_ga-column:5\/9;--_ga-row:5\/7;--_ga-m-desktop:0 0 0 0;--_ga-p-desktop:0 0 0 0;--_ga-bg-desktop:#f5f5f5 none;--_ga-zi-desktop:auto;--_ga-d-desktop:flex;--_ga-mw-desktop:calc(100% - 0 - 0);--_ga-m-tablet:0 0 0 0;--_ga-p-tablet:0 0 0 0;--_ga-bg-tablet:#f5f5f5 none;--_ga-zi-tablet:auto;--_ga-d-tablet:flex;--_ga-mw-tablet:calc(100% - 0 - 0);--_ga-m-mobile:0 0 0 0;--_ga-p-mobile:0 0 0 0;--_ga-bg-mobile:#f5f5f5 none;--_ga-zi-mobile:auto;--_ga-d-mobile:flex;--_ga-mw-mobile:calc(100% - 0 - 0)\">\n\n<h6 class=\"wp-block-heading has-text-align-center\">Area wellness<\/h6>\n\n\n\n<p class=\"has-text-align-center\">Dotata di piscina, idromassaggio e bagno turco.<\/p>\n\n<\/div>\n\n<div class=\"grids-area service-box\" style=\"--_ga-column:9\/13;--_ga-row:5\/7;--_ga-m-desktop:0 0 0 0;--_ga-p-desktop:0 0 0 0;--_ga-bg-desktop:#f5f5f5 none;--_ga-zi-desktop:auto;--_ga-d-desktop:flex;--_ga-mw-desktop:calc(100% - 0 - 0);--_ga-m-tablet:0 0 0 0;--_ga-p-tablet:0 0 0 0;--_ga-bg-tablet:#f5f5f5 none;--_ga-zi-tablet:auto;--_ga-d-tablet:flex;--_ga-mw-tablet:calc(100% - 0 - 0);--_ga-m-mobile:0 0 0 0;--_ga-p-mobile:0 0 0 0;--_ga-bg-mobile:#f5f5f5 none;--_ga-zi-mobile:auto;--_ga-d-mobile:flex;--_ga-mw-mobile:calc(100% - 0 - 0)\">\n\n<h6 class=\"wp-block-heading has-text-align-center\">MINIBAR<br>GRATUITO<\/h6>\n\n\n\n<p class=\"has-text-align-center\">Goditi il minibar gratuito con una selezione di soft drinks inclusi.<\/p>\n\n<\/div>\n<\/div><\/div>","protected":false},"excerpt":{"rendered":"","protected":false},"author":1,"featured_media":5721,"parent":0,"menu_order":0,"comment_status":"closed","ping_status":"closed","template":"","meta":{"_acf_changed":false,"advgb_blocks_editor_width":"","advgb_blocks_columns_visual_guide":"","footnotes":""},"class_list":["post-5448","page","type-page","status-publish","has-post-thumbnail","hentry","entry"],"acf":[],"yoast_head":"<!-- This site is optimized with the Yoast SEO plugin v26.4 - https:\/\/yoast.com\/wordpress\/plugins\/seo\/ -->\n<title>Il nostro staff - Grand Hotel Duchi d&#039;Aosta<\/title>\n<meta name=\"description\" content=\"Professionalit\u00e0, premura e attenzione ai dettagli sono le caratteristiche distintive dello staff del Grand Hotel Duchi d\u2019Aosta.\" \/>\n<meta name=\"robots\" content=\"index, follow, max-snippet:-1, max-image-preview:large, max-video-preview:-1\" \/>\n<link rel=\"canonical\" href=\"https:\/\/duchidaosta.com\/it\/staff\/\" \/>\n<meta property=\"og:locale\" content=\"it_IT\" \/>\n<meta property=\"og:type\" content=\"article\" \/>\n<meta property=\"og:title\" content=\"Il nostro staff - Grand Hotel Duchi d&#039;Aosta\" \/>\n<meta property=\"og:description\" content=\"Professionalit\u00e0, premura e attenzione ai dettagli sono le caratteristiche distintive dello staff del Grand Hotel Duchi d\u2019Aosta.\" \/>\n<meta property=\"og:url\" content=\"https:\/\/duchidaosta.com\/it\/staff\/\" \/>\n<meta property=\"og:site_name\" content=\"Grand Hotel Duchi d&#039;Aosta\" \/>\n<meta property=\"article:publisher\" content=\"https:\/\/www.facebook.com\/Hotel.Duchi.Trieste\" \/>\n<meta property=\"article:modified_time\" content=\"2025-11-03T10:28:33+00:00\" \/>\n<meta property=\"og:image\" content=\"https:\/\/duchidaosta.com\/wp-content\/uploads\/2023\/09\/grand-hotel-duchi-d-aosta-trieste-4.jpg\" \/>\n\t<meta property=\"og:image:width\" content=\"1800\" \/>\n\t<meta property=\"og:image:height\" content=\"1200\" \/>\n\t<meta property=\"og:image:type\" content=\"image\/jpeg\" \/>\n<meta name=\"twitter:card\" content=\"summary_large_image\" \/>\n<meta name=\"twitter:label1\" content=\"Tempo di lettura stimato\" \/>\n\t<meta name=\"twitter:data1\" content=\"14 minuti\" \/>\n<script type=\"application\/ld+json\" class=\"yoast-schema-graph\">{\"@context\":\"https:\/\/schema.org\",\"@graph\":[{\"@type\":\"WebPage\",\"@id\":\"https:\/\/duchidaosta.com\/it\/staff\/\",\"url\":\"https:\/\/duchidaosta.com\/it\/staff\/\",\"name\":\"Il nostro staff - Grand Hotel Duchi d&#039;Aosta\",\"isPartOf\":{\"@id\":\"https:\/\/duchidaosta.com\/it\/#website\"},\"primaryImageOfPage\":{\"@id\":\"https:\/\/duchidaosta.com\/it\/staff\/#primaryimage\"},\"image\":{\"@id\":\"https:\/\/duchidaosta.com\/it\/staff\/#primaryimage\"},\"thumbnailUrl\":\"https:\/\/duchidaosta.com\/wp-content\/uploads\/2023\/09\/grand-hotel-duchi-d-aosta-trieste-4.jpg\",\"datePublished\":\"2023-09-08T09:43:22+00:00\",\"dateModified\":\"2025-11-03T10:28:33+00:00\",\"description\":\"Professionalit\u00e0, premura e attenzione ai dettagli sono le caratteristiche distintive dello staff del Grand Hotel Duchi d\u2019Aosta.\",\"breadcrumb\":{\"@id\":\"https:\/\/duchidaosta.com\/it\/staff\/#breadcrumb\"},\"inLanguage\":\"it-IT\",\"potentialAction\":[{\"@type\":\"ReadAction\",\"target\":[\"https:\/\/duchidaosta.com\/it\/staff\/\"]}]},{\"@type\":\"ImageObject\",\"inLanguage\":\"it-IT\",\"@id\":\"https:\/\/duchidaosta.com\/it\/staff\/#primaryimage\",\"url\":\"https:\/\/duchidaosta.com\/wp-content\/uploads\/2023\/09\/grand-hotel-duchi-d-aosta-trieste-4.jpg\",\"contentUrl\":\"https:\/\/duchidaosta.com\/wp-content\/uploads\/2023\/09\/grand-hotel-duchi-d-aosta-trieste-4.jpg\",\"width\":1800,\"height\":1200,\"caption\":\"Hall luminosa con lampadario imponente di colore azzurro. Atmosfera calda e accogliente.\"},{\"@type\":\"BreadcrumbList\",\"@id\":\"https:\/\/duchidaosta.com\/it\/staff\/#breadcrumb\",\"itemListElement\":[{\"@type\":\"ListItem\",\"position\":1,\"name\":\"Home\",\"item\":\"https:\/\/duchidaosta.com\/it\/\"},{\"@type\":\"ListItem\",\"position\":2,\"name\":\"Staff\"}]},{\"@type\":\"WebSite\",\"@id\":\"https:\/\/duchidaosta.com\/it\/#website\",\"url\":\"https:\/\/duchidaosta.com\/it\/\",\"name\":\"Grand Hotel Duchi d&#039;Aosta\",\"description\":\"\",\"publisher\":{\"@id\":\"https:\/\/duchidaosta.com\/it\/#organization\"},\"potentialAction\":[{\"@type\":\"SearchAction\",\"target\":{\"@type\":\"EntryPoint\",\"urlTemplate\":\"https:\/\/duchidaosta.com\/it\/?s={search_term_string}\"},\"query-input\":{\"@type\":\"PropertyValueSpecification\",\"valueRequired\":true,\"valueName\":\"search_term_string\"}}],\"inLanguage\":\"it-IT\"},{\"@type\":\"Organization\",\"@id\":\"https:\/\/duchidaosta.com\/it\/#organization\",\"name\":\"Grand Hotel Duchi d&#039;Aosta\",\"url\":\"https:\/\/duchidaosta.com\/it\/\",\"logo\":{\"@type\":\"ImageObject\",\"inLanguage\":\"it-IT\",\"@id\":\"https:\/\/duchidaosta.com\/it\/#\/schema\/logo\/image\/\",\"url\":\"https:\/\/duchidaosta.com\/wp-content\/uploads\/2023\/07\/logo-duchi-daosta.svg\",\"contentUrl\":\"https:\/\/duchidaosta.com\/wp-content\/uploads\/2023\/07\/logo-duchi-daosta.svg\",\"caption\":\"Grand Hotel Duchi d&#039;Aosta\"},\"image\":{\"@id\":\"https:\/\/duchidaosta.com\/it\/#\/schema\/logo\/image\/\"},\"sameAs\":[\"https:\/\/www.facebook.com\/Hotel.Duchi.Trieste\",\"https:\/\/www.instagram.com\/duchitrieste\/\",\"https:\/\/www.linkedin.com\/company\/grand-hotel-duchi-d-aosta-harry-s-piccolo-bistr-trieste\/\"]}]}<\/script>\n<!-- \/ Yoast SEO plugin. -->","yoast_head_json":{"title":"Il nostro staff - Grand Hotel Duchi d&#039;Aosta","description":"Professionalit\u00e0, premura e attenzione ai dettagli sono le caratteristiche distintive dello staff del Grand Hotel Duchi d\u2019Aosta.","robots":{"index":"index","follow":"follow","max-snippet":"max-snippet:-1","max-image-preview":"max-image-preview:large","max-video-preview":"max-video-preview:-1"},"canonical":"https:\/\/duchidaosta.com\/it\/staff\/","og_locale":"it_IT","og_type":"article","og_title":"Il nostro staff - Grand Hotel Duchi d&#039;Aosta","og_description":"Professionalit\u00e0, premura e attenzione ai dettagli sono le caratteristiche distintive dello staff del Grand Hotel Duchi d\u2019Aosta.","og_url":"https:\/\/duchidaosta.com\/it\/staff\/","og_site_name":"Grand Hotel Duchi d&#039;Aosta","article_publisher":"https:\/\/www.facebook.com\/Hotel.Duchi.Trieste","article_modified_time":"2025-11-03T10:28:33+00:00","og_image":[{"width":1800,"height":1200,"url":"https:\/\/duchidaosta.com\/wp-content\/uploads\/2023\/09\/grand-hotel-duchi-d-aosta-trieste-4.jpg","type":"image\/jpeg"}],"twitter_card":"summary_large_image","twitter_misc":{"Tempo di lettura stimato":"14 minuti"},"schema":{"@context":"https:\/\/schema.org","@graph":[{"@type":"WebPage","@id":"https:\/\/duchidaosta.com\/it\/staff\/","url":"https:\/\/duchidaosta.com\/it\/staff\/","name":"Il nostro staff - Grand Hotel Duchi d&#039;Aosta","isPartOf":{"@id":"https:\/\/duchidaosta.com\/it\/#website"},"primaryImageOfPage":{"@id":"https:\/\/duchidaosta.com\/it\/staff\/#primaryimage"},"image":{"@id":"https:\/\/duchidaosta.com\/it\/staff\/#primaryimage"},"thumbnailUrl":"https:\/\/duchidaosta.com\/wp-content\/uploads\/2023\/09\/grand-hotel-duchi-d-aosta-trieste-4.jpg","datePublished":"2023-09-08T09:43:22+00:00","dateModified":"2025-11-03T10:28:33+00:00","description":"Professionalit\u00e0, premura e attenzione ai dettagli sono le caratteristiche distintive dello staff del Grand Hotel Duchi d\u2019Aosta.","breadcrumb":{"@id":"https:\/\/duchidaosta.com\/it\/staff\/#breadcrumb"},"inLanguage":"it-IT","potentialAction":[{"@type":"ReadAction","target":["https:\/\/duchidaosta.com\/it\/staff\/"]}]},{"@type":"ImageObject","inLanguage":"it-IT","@id":"https:\/\/duchidaosta.com\/it\/staff\/#primaryimage","url":"https:\/\/duchidaosta.com\/wp-content\/uploads\/2023\/09\/grand-hotel-duchi-d-aosta-trieste-4.jpg","contentUrl":"https:\/\/duchidaosta.com\/wp-content\/uploads\/2023\/09\/grand-hotel-duchi-d-aosta-trieste-4.jpg","width":1800,"height":1200,"caption":"Hall luminosa con lampadario imponente di colore azzurro. Atmosfera calda e accogliente."},{"@type":"BreadcrumbList","@id":"https:\/\/duchidaosta.com\/it\/staff\/#breadcrumb","itemListElement":[{"@type":"ListItem","position":1,"name":"Home","item":"https:\/\/duchidaosta.com\/it\/"},{"@type":"ListItem","position":2,"name":"Staff"}]},{"@type":"WebSite","@id":"https:\/\/duchidaosta.com\/it\/#website","url":"https:\/\/duchidaosta.com\/it\/","name":"Grand Hotel Duchi d&#039;Aosta","description":"","publisher":{"@id":"https:\/\/duchidaosta.com\/it\/#organization"},"potentialAction":[{"@type":"SearchAction","target":{"@type":"EntryPoint","urlTemplate":"https:\/\/duchidaosta.com\/it\/?s={search_term_string}"},"query-input":{"@type":"PropertyValueSpecification","valueRequired":true,"valueName":"search_term_string"}}],"inLanguage":"it-IT"},{"@type":"Organization","@id":"https:\/\/duchidaosta.com\/it\/#organization","name":"Grand Hotel Duchi d&#039;Aosta","url":"https:\/\/duchidaosta.com\/it\/","logo":{"@type":"ImageObject","inLanguage":"it-IT","@id":"https:\/\/duchidaosta.com\/it\/#\/schema\/logo\/image\/","url":"https:\/\/duchidaosta.com\/wp-content\/uploads\/2023\/07\/logo-duchi-daosta.svg","contentUrl":"https:\/\/duchidaosta.com\/wp-content\/uploads\/2023\/07\/logo-duchi-daosta.svg","caption":"Grand Hotel Duchi d&#039;Aosta"},"image":{"@id":"https:\/\/duchidaosta.com\/it\/#\/schema\/logo\/image\/"},"sameAs":["https:\/\/www.facebook.com\/Hotel.Duchi.Trieste","https:\/\/www.instagram.com\/duchitrieste\/","https:\/\/www.linkedin.com\/company\/grand-hotel-duchi-d-aosta-harry-s-piccolo-bistr-trieste\/"]}]}},"coauthors":[],"author_meta":{"author_link":"https:\/\/duchidaosta.com\/it\/author\/jampaa\/","display_name":"Jampaa"},"relative_dates":{"created":"Pubblicato 3 anni fa","modified":"Aggiornato 6 mesi fa"},"absolute_dates":{"created":"Pubblicato il 08\/09\/2023","modified":"Aggiornato il 03\/11\/2025"},"absolute_dates_time":{"created":"Pubblicato il 08\/09\/2023 11:43","modified":"Aggiornato il 03\/11\/2025 11:28"},"featured_img_caption":"","featured_img":"https:\/\/duchidaosta.com\/wp-content\/uploads\/2023\/09\/grand-hotel-duchi-d-aosta-trieste-4-1568x1045.jpg","series_order":"","_links":{"self":[{"href":"https:\/\/duchidaosta.com\/it\/wp-json\/wp\/v2\/pages\/5448","targetHints":{"allow":["GET"]}}],"collection":[{"href":"https:\/\/duchidaosta.com\/it\/wp-json\/wp\/v2\/pages"}],"about":[{"href":"https:\/\/duchidaosta.com\/it\/wp-json\/wp\/v2\/types\/page"}],"author":[{"embeddable":true,"href":"https:\/\/duchidaosta.com\/it\/wp-json\/wp\/v2\/users\/1"}],"replies":[{"embeddable":true,"href":"https:\/\/duchidaosta.com\/it\/wp-json\/wp\/v2\/comments?post=5448"}],"version-history":[{"count":1,"href":"https:\/\/duchidaosta.com\/it\/wp-json\/wp\/v2\/pages\/5448\/revisions"}],"predecessor-version":[{"id":12525,"href":"https:\/\/duchidaosta.com\/it\/wp-json\/wp\/v2\/pages\/5448\/revisions\/12525"}],"wp:featuredmedia":[{"embeddable":true,"href":"https:\/\/duchidaosta.com\/it\/wp-json\/wp\/v2\/media\/5721"}],"wp:attachment":[{"href":"https:\/\/duchidaosta.com\/it\/wp-json\/wp\/v2\/media?parent=5448"}],"curies":[{"name":"wp","href":"https:\/\/api.w.org\/{rel}","templated":true}]}}