{"id":7738,"date":"2024-11-21T15:10:45","date_gmt":"2024-11-21T14:10:45","guid":{"rendered":"https:\/\/duchidaosta.com\/?page_id=7738"},"modified":"2025-02-19T10:56:35","modified_gmt":"2025-02-19T09:56:35","slug":"active-lifestyle","status":"publish","type":"page","link":"https:\/\/duchidaosta.com\/it\/active-lifestyle\/","title":{"rendered":"ACTIVE lifestyle"},"content":{"rendered":"<div  class=\"grids-section grids-is-advanced alignwide\" style=\"--_gs-gap-desktop:0px 0px;--_gs-m-desktop:0 0 0 0;--_gs-p-desktop:0 0 0 0;--_gs-bg-desktop:transparent none;--_gs-bg-xp-desktop:0px;--_gs-zi-desktop:auto;--_gs-d-desktop:block;--_gs-mw-desktop:calc(100% - 0 - 0);--_gs-gap-tablet:0px 0px;--_gs-m-tablet:0 0 0 0;--_gs-p-tablet:0 0 0 0;--_gs-bg-tablet:transparent none;--_gs-bg-xp-tablet:0px;--_gs-zi-tablet:auto;--_gs-d-tablet:block;--_gs-mw-tablet:calc(100% - 0 - 0);--_gs-gap-mobile:0px 0px;--_gs-m-mobile:0 0 0 0;--_gs-p-mobile:0 0 0 0;--_gs-bg-mobile:transparent none;--_gs-bg-xp-mobile:0px;--_gs-zi-mobile:auto;--_gs-d-mobile:block;--_gs-mw-mobile:calc(100% - 0 - 0);--_gs-columns:12;--_gs-rows:6\"><div class=\"grids-s-w_i\">\n<div class=\"grids-area content animated fadeInRight\" style=\"--_ga-column:6\/13;--_ga-row:1\/4;--_ga-va:center;--_ga-m-desktop:0 0 0 0;--_ga-p-desktop:20px 20px 20px 20px;--_ga-bg-desktop:transparent none;--_ga-zi-desktop:auto;--_ga-d-desktop:flex;--_ga-mw-desktop:calc(100% - 0 - 0);--_ga-m-tablet:0 0 0 0;--_ga-p-tablet:20px 20px 20px 20px;--_ga-bg-tablet:transparent none;--_ga-zi-tablet:auto;--_ga-d-tablet:flex;--_ga-mw-tablet:calc(100% - 0 - 0);--_ga-m-mobile:0 0 0 0;--_ga-p-mobile:20px 20px 20px 20px;--_ga-bg-mobile:transparent none;--_ga-zi-mobile:auto;--_ga-d-mobile:flex;--_ga-mw-mobile:calc(100% - 0 - 0)\">\n\n<p>La <strong>Riserva Naturale della Val Rosandra<\/strong> \u00e8 quanto di pi\u00f9 prezioso possa avere l\u2019appassionato di attivit\u00e0 all\u2019aria aperta: un posto speciale, un piccolo pezzetto di montagna in riva al mare.<br>Dal centro di Trieste bastano dieci minuti per raggiungerla ed immergersi in un ambiente profondamente diverso dalla confusione cittadina.<br><strong>La Grande<\/strong> \u00e8 una via di pi\u00f9 tiri attrezzata a spit, fittoni e chiodi normali che supera interamente la parete sud-occidentale del Monte Stena.<br>\u00c8 comodamente percorribile in mezza giornata e permette di respirare un po\u2019 d\u2019aria di montagna anche quando, per un motivo o per l\u2019altro, in montagna non ci si pu\u00f2 andare.<\/p>\n\n<\/div>\n\n<div class=\"grids-area image-big animated fadeInLeft\" style=\"--_ga-column:1\/6;--_ga-row:1\/7;--_ga-va:flex-end;--_ga-m-desktop:0 0 0 0;--_ga-p-desktop:0 0 0 0;--_ga-bg-desktop:transparent none;--_ga-zi-desktop:auto;--_ga-d-desktop:flex;--_ga-mw-desktop:calc(100% - 0 - 0);--_ga-m-tablet:0 0 0 0;--_ga-p-tablet:0 0 0 0;--_ga-bg-tablet:transparent none;--_ga-zi-tablet:auto;--_ga-d-tablet:flex;--_ga-mw-tablet:calc(100% - 0 - 0);--_ga-m-mobile:0 0 0 0;--_ga-p-mobile:0 0 0 0;--_ga-bg-mobile:transparent none;--_ga-zi-mobile:auto;--_ga-d-mobile:flex;--_ga-mw-mobile:calc(100% - 0 - 0)\">\n\n<figure class=\"wp-block-image size-full full-width\"><img loading=\"lazy\" decoding=\"async\" width=\"1280\" height=\"853\" src=\"https:\/\/duchidaosta.com\/wp-content\/uploads\/2024\/11\/Val-Rosandra-iStock-502039820.webp\" alt=\"\" class=\"wp-image-7642\" srcset=\"https:\/\/duchidaosta.com\/wp-content\/uploads\/2024\/11\/Val-Rosandra-iStock-502039820.webp 1280w, https:\/\/duchidaosta.com\/wp-content\/uploads\/2024\/11\/Val-Rosandra-iStock-502039820-300x200.webp 300w, https:\/\/duchidaosta.com\/wp-content\/uploads\/2024\/11\/Val-Rosandra-iStock-502039820-1024x682.webp 1024w, https:\/\/duchidaosta.com\/wp-content\/uploads\/2024\/11\/Val-Rosandra-iStock-502039820-768x512.webp 768w, https:\/\/duchidaosta.com\/wp-content\/uploads\/2024\/11\/Val-Rosandra-iStock-502039820-500x333.webp 500w, https:\/\/duchidaosta.com\/wp-content\/uploads\/2024\/11\/Val-Rosandra-iStock-502039820-800x533.webp 800w\" sizes=\"auto, (max-width: 1280px) 100vw, 1280px\" \/><\/figure>\n\n<\/div>\n\n<div class=\"grids-area image animated fadeInRight delay-100ms\" style=\"--_ga-column:5\/9;--_ga-row:4\/7;--_ga-va:flex-end;--_ga-m-desktop:0 0 0 0;--_ga-p-desktop:0 0 0 0;--_ga-bg-desktop:transparent none;--_ga-zi-desktop:auto;--_ga-d-desktop:flex;--_ga-mw-desktop:calc(100% - 0 - 0);--_ga-m-tablet:0 0 0 0;--_ga-p-tablet:0 0 0 0;--_ga-bg-tablet:transparent none;--_ga-zi-tablet:auto;--_ga-d-tablet:flex;--_ga-mw-tablet:calc(100% - 0 - 0);--_ga-m-mobile:0 0 0 0;--_ga-p-mobile:0 0 0 0;--_ga-bg-mobile:transparent none;--_ga-zi-mobile:auto;--_ga-d-mobile:flex;--_ga-mw-mobile:calc(100% - 0 - 0)\">\n\n<figure class=\"wp-block-image size-large full-width\"><img loading=\"lazy\" decoding=\"async\" width=\"1024\" height=\"562\" src=\"https:\/\/duchidaosta.com\/wp-content\/uploads\/2024\/11\/climbing-g0e189b71e_1920-1024x562.webp\" alt=\"\" class=\"wp-image-7741\" srcset=\"https:\/\/duchidaosta.com\/wp-content\/uploads\/2024\/11\/climbing-g0e189b71e_1920-1024x562.webp 1024w, https:\/\/duchidaosta.com\/wp-content\/uploads\/2024\/11\/climbing-g0e189b71e_1920-300x165.webp 300w, https:\/\/duchidaosta.com\/wp-content\/uploads\/2024\/11\/climbing-g0e189b71e_1920-768x422.webp 768w, https:\/\/duchidaosta.com\/wp-content\/uploads\/2024\/11\/climbing-g0e189b71e_1920-500x275.webp 500w, https:\/\/duchidaosta.com\/wp-content\/uploads\/2024\/11\/climbing-g0e189b71e_1920-800x439.webp 800w, https:\/\/duchidaosta.com\/wp-content\/uploads\/2024\/11\/climbing-g0e189b71e_1920.webp 1280w\" sizes=\"auto, (max-width: 1024px) 100vw, 1024px\" \/><\/figure>\n\n<\/div>\n<\/div><\/div>\n\n<div  class=\"grids-section three-image-row grids-is-advanced alignwide\" style=\"--_gs-gap-desktop:0px 0px;--_gs-m-desktop:0 0 0 0;--_gs-p-desktop:0 0 0 0;--_gs-bg-desktop:transparent none;--_gs-bg-xp-desktop:0px;--_gs-zi-desktop:auto;--_gs-d-desktop:block;--_gs-mw-desktop:calc(100% - 0 - 0);--_gs-gap-tablet:0px 0px;--_gs-m-tablet:0 0 0 0;--_gs-p-tablet:0 0 0 0;--_gs-bg-tablet:transparent none;--_gs-bg-xp-tablet:0px;--_gs-zi-tablet:auto;--_gs-d-tablet:block;--_gs-mw-tablet:calc(100% - 0 - 0);--_gs-gap-mobile:0px 0px;--_gs-m-mobile:0 0 0 0;--_gs-p-mobile:0 0 0 0;--_gs-bg-mobile:transparent none;--_gs-bg-xp-mobile:0px;--_gs-zi-mobile:auto;--_gs-d-mobile:block;--_gs-mw-mobile:calc(100% - 0 - 0);--_gs-columns:12;--_gs-rows:6\"><div class=\"grids-s-w_i\">\n<div class=\"grids-area content animated fadeInRight\" style=\"--_ga-column:1\/8;--_ga-row:1\/4;--_ga-va:center;--_ga-m-desktop:0 0 0 0;--_ga-p-desktop:0 0 0 0;--_ga-bg-desktop:transparent none;--_ga-zi-desktop:auto;--_ga-d-desktop:flex;--_ga-mw-desktop:calc(100% - 0 - 0);--_ga-m-tablet:0 0 0 0;--_ga-p-tablet:0 0 0 0;--_ga-bg-tablet:transparent none;--_ga-zi-tablet:auto;--_ga-d-tablet:flex;--_ga-mw-tablet:calc(100% - 0 - 0);--_ga-m-mobile:0 0 0 0;--_ga-p-mobile:0 0 0 0;--_ga-bg-mobile:transparent none;--_ga-zi-mobile:auto;--_ga-d-mobile:flex;--_ga-mw-mobile:calc(100% - 0 - 0)\">\n\n<h4 class=\"wp-block-heading\">SENTIERI E PANORAMI MOZZAFIATO<\/h4>\n\n\n\n<p>Percorrendo la stupenda strada costiera tra roccia bianca del Carso, il mare turchese e il cielo azzurro si arriva a Sistiana, partenza del <strong>Sentiero Rilke<\/strong>, percorso di incredibile valore naturalistico che si snoda nel <strong>Parco Naturale delle Falesie di Duino<\/strong> con degli scorci di mare da togliere il fiato. Chi percorre il Sentiero Rilke vede davanti a s\u00e8 la meta, ovvero il <strong>castello di Duino<\/strong>, appoggiato su una roccia a picco sul mare.<br><strong>Strada Napoleonica<\/strong>. Si tratta di 5 chilometri, che collegano Opicina con Prosecco, attraverso la natura, esposti in tratti al sole e al riparo dalla bora. La strada prende il nome da una leggenda secondo la quale pare che siano state le truppe napoleoniche a inaugurare la passeggiata; pi\u00f9 probabile, invece, che l\u2019altro nome del percorso \u201cpasseggiata vicentina\u201d risalga al cognome dell\u2019ingegnere Vicentini che progett\u00f2 il tracciato.<br><strong>Sentiero Naturalistico Tiziana Weiss<\/strong>, <strong>il sentiero della salvia<\/strong>. Il Sentiero \u00e8 stato realizzato con finalit\u00e0 di divulgazione naturalistica: lungo il tracciato, infatti, sono evidenziati gli elementi di maggior interesse con tabelle illustrative (12 \u201cstazioni di osservazione\u201d).<br>Lungo il sentiero Tiziana Weiss ad un certo punto incontrerete un bivio che riporta l\u2019indicazione <strong>Sentiero dei pescatori<\/strong>: se lo  Imboccherete percorrerete uno dei pi\u00f9 antichi sentieri del Carso.<\/p>\n\n<\/div>\n\n<div class=\"grids-area image-big animated fadeInLeft\" style=\"--_ga-column:8\/13;--_ga-row:1\/7;--_ga-va:flex-end;--_ga-m-desktop:0 0 0 0;--_ga-p-desktop:0 0 0 0;--_ga-bg-desktop:transparent none;--_ga-zi-desktop:auto;--_ga-d-desktop:flex;--_ga-mw-desktop:calc(100% - 0 - 0);--_ga-m-tablet:0 0 0 0;--_ga-p-tablet:0 0 0 0;--_ga-bg-tablet:transparent none;--_ga-zi-tablet:auto;--_ga-d-tablet:flex;--_ga-mw-tablet:calc(100% - 0 - 0);--_ga-m-mobile:0 0 0 0;--_ga-p-mobile:0 0 0 0;--_ga-bg-mobile:transparent none;--_ga-zi-mobile:auto;--_ga-d-mobile:flex;--_ga-mw-mobile:calc(100% - 0 - 0)\">\n\n<figure class=\"wp-block-image size-full full-width\"><img loading=\"lazy\" decoding=\"async\" width=\"1280\" height=\"852\" src=\"https:\/\/duchidaosta.com\/wp-content\/uploads\/2024\/11\/iStock-1392997996.webp\" alt=\"\" class=\"wp-image-7636\" srcset=\"https:\/\/duchidaosta.com\/wp-content\/uploads\/2024\/11\/iStock-1392997996.webp 1280w, https:\/\/duchidaosta.com\/wp-content\/uploads\/2024\/11\/iStock-1392997996-300x200.webp 300w, https:\/\/duchidaosta.com\/wp-content\/uploads\/2024\/11\/iStock-1392997996-1024x682.webp 1024w, https:\/\/duchidaosta.com\/wp-content\/uploads\/2024\/11\/iStock-1392997996-768x511.webp 768w, https:\/\/duchidaosta.com\/wp-content\/uploads\/2024\/11\/iStock-1392997996-500x333.webp 500w, https:\/\/duchidaosta.com\/wp-content\/uploads\/2024\/11\/iStock-1392997996-800x533.webp 800w\" sizes=\"auto, (max-width: 1280px) 100vw, 1280px\" \/><\/figure>\n\n<\/div>\n\n<div class=\"grids-area image animated fadeInRight delay-100ms\" style=\"--_ga-column:1\/5;--_ga-row:4\/7;--_ga-va:flex-end;--_ga-m-desktop:0 0 0 0;--_ga-p-desktop:0 0 0 0;--_ga-bg-desktop:transparent none;--_ga-zi-desktop:auto;--_ga-d-desktop:flex;--_ga-mw-desktop:calc(100% - 0 - 0);--_ga-m-tablet:0 0 0 0;--_ga-p-tablet:0 0 0 0;--_ga-bg-tablet:transparent none;--_ga-zi-tablet:auto;--_ga-d-tablet:flex;--_ga-mw-tablet:calc(100% - 0 - 0);--_ga-m-mobile:0 0 0 0;--_ga-p-mobile:0 0 0 0;--_ga-bg-mobile:transparent none;--_ga-zi-mobile:auto;--_ga-d-mobile:flex;--_ga-mw-mobile:calc(100% - 0 - 0)\">\n\n<figure class=\"wp-block-image size-large full-width\"><img loading=\"lazy\" decoding=\"async\" width=\"1024\" height=\"682\" src=\"https:\/\/duchidaosta.com\/wp-content\/uploads\/2024\/11\/iStock-1135477811-1024x682.webp\" alt=\"\" class=\"wp-image-7746\" srcset=\"https:\/\/duchidaosta.com\/wp-content\/uploads\/2024\/11\/iStock-1135477811-1024x682.webp 1024w, https:\/\/duchidaosta.com\/wp-content\/uploads\/2024\/11\/iStock-1135477811-300x200.webp 300w, https:\/\/duchidaosta.com\/wp-content\/uploads\/2024\/11\/iStock-1135477811-768x512.webp 768w, https:\/\/duchidaosta.com\/wp-content\/uploads\/2024\/11\/iStock-1135477811-500x333.webp 500w, https:\/\/duchidaosta.com\/wp-content\/uploads\/2024\/11\/iStock-1135477811-800x533.webp 800w, https:\/\/duchidaosta.com\/wp-content\/uploads\/2024\/11\/iStock-1135477811.webp 1280w\" sizes=\"auto, (max-width: 1024px) 100vw, 1024px\" \/><\/figure>\n\n<\/div>\n\n<div class=\"grids-area image animated fadeInRight delay-200ms\" style=\"--_ga-column:5\/9;--_ga-row:4\/7;--_ga-va:flex-end;--_ga-m-desktop:0 0 0 0;--_ga-p-desktop:0 0 0 0;--_ga-bg-desktop:transparent none;--_ga-zi-desktop:auto;--_ga-d-desktop:flex;--_ga-mw-desktop:calc(100% - 0 - 0);--_ga-m-tablet:0 0 0 0;--_ga-p-tablet:0 0 0 0;--_ga-bg-tablet:transparent none;--_ga-zi-tablet:auto;--_ga-d-tablet:flex;--_ga-mw-tablet:calc(100% - 0 - 0);--_ga-m-mobile:0 0 0 0;--_ga-p-mobile:0 0 0 0;--_ga-bg-mobile:transparent none;--_ga-zi-mobile:auto;--_ga-d-mobile:flex;--_ga-mw-mobile:calc(100% - 0 - 0)\">\n\n<figure class=\"wp-block-image size-large full-width\"><img loading=\"lazy\" decoding=\"async\" width=\"1024\" height=\"687\" src=\"https:\/\/duchidaosta.com\/wp-content\/uploads\/2024\/11\/Sentiero-Rilke-Castello-di-Duino-iStock-869830712-1024x687.webp\" alt=\"\" class=\"wp-image-7639\" srcset=\"https:\/\/duchidaosta.com\/wp-content\/uploads\/2024\/11\/Sentiero-Rilke-Castello-di-Duino-iStock-869830712-1024x687.webp 1024w, https:\/\/duchidaosta.com\/wp-content\/uploads\/2024\/11\/Sentiero-Rilke-Castello-di-Duino-iStock-869830712-300x201.webp 300w, https:\/\/duchidaosta.com\/wp-content\/uploads\/2024\/11\/Sentiero-Rilke-Castello-di-Duino-iStock-869830712-768x515.webp 768w, https:\/\/duchidaosta.com\/wp-content\/uploads\/2024\/11\/Sentiero-Rilke-Castello-di-Duino-iStock-869830712-500x336.webp 500w, https:\/\/duchidaosta.com\/wp-content\/uploads\/2024\/11\/Sentiero-Rilke-Castello-di-Duino-iStock-869830712-800x537.webp 800w, https:\/\/duchidaosta.com\/wp-content\/uploads\/2024\/11\/Sentiero-Rilke-Castello-di-Duino-iStock-869830712.webp 1280w\" sizes=\"auto, (max-width: 1024px) 100vw, 1024px\" \/><\/figure>\n\n<\/div>\n<\/div><\/div>\n\n<div  class=\"grids-section three-image-row grids-is-advanced alignwide\" style=\"--_gs-gap-desktop:0px 0px;--_gs-m-desktop:0 0 0 0;--_gs-p-desktop:0 0 0 0;--_gs-bg-desktop:transparent none;--_gs-bg-xp-desktop:0px;--_gs-zi-desktop:auto;--_gs-d-desktop:block;--_gs-mw-desktop:calc(100% - 0 - 0);--_gs-gap-tablet:0px 0px;--_gs-m-tablet:0 0 0 0;--_gs-p-tablet:0 0 0 0;--_gs-bg-tablet:transparent none;--_gs-bg-xp-tablet:0px;--_gs-zi-tablet:auto;--_gs-d-tablet:block;--_gs-mw-tablet:calc(100% - 0 - 0);--_gs-gap-mobile:0px 0px;--_gs-m-mobile:0 0 0 0;--_gs-p-mobile:0 0 0 0;--_gs-bg-mobile:transparent none;--_gs-bg-xp-mobile:0px;--_gs-zi-mobile:auto;--_gs-d-mobile:block;--_gs-mw-mobile:calc(100% - 0 - 0);--_gs-columns:12;--_gs-rows:6\"><div class=\"grids-s-w_i\">\n<div class=\"grids-area content animated fadeInRight\" style=\"--_ga-column:1\/8;--_ga-row:1\/4;--_ga-va:center;--_ga-m-desktop:0 0 0 0;--_ga-p-desktop:0 0 0 0;--_ga-bg-desktop:transparent none;--_ga-zi-desktop:auto;--_ga-d-desktop:flex;--_ga-mw-desktop:calc(100% - 0 - 0);--_ga-m-tablet:0 0 0 0;--_ga-p-tablet:0 0 0 0;--_ga-bg-tablet:transparent none;--_ga-zi-tablet:auto;--_ga-d-tablet:flex;--_ga-mw-tablet:calc(100% - 0 - 0);--_ga-m-mobile:0 0 0 0;--_ga-p-mobile:0 0 0 0;--_ga-bg-mobile:transparent none;--_ga-zi-mobile:auto;--_ga-d-mobile:flex;--_ga-mw-mobile:calc(100% - 0 - 0)\">\n\n<h4 class=\"wp-block-heading\">NEL BLU DEL MARE ADRIATICO<\/h4>\n\n\n\n<p>Percorrendo la stupenda strada costiera tra roccia bianca del Carso, il mare turchese e il cielo azzurro si arriva a Sistiana, partenza del <strong>Sentiero Rilke<\/strong>, percorso di incredibile valore naturalistico che si snoda nel <strong>Parco Naturale delle Falesie di Duino<\/strong> con degli scorci di mare da togliere il fiato. Chi percorre il Sentiero Rilke vede davanti a s\u00e8 la meta, ovvero il <strong>castello di Duino<\/strong>, appoggiato su una roccia a picco sul mare.<br>La <strong>Riserva Naturale della Val Rosandra<\/strong>, area di contatto tra il territorio alpino e il mare, ospita la pista ciclopedonale Giordano Cottur, unica nel suo genere. Il percorso segue il tracciato della ex ferrovia Trieste-Hrpelje (Erpelle), attiva tra il 1887 e il 1959, che collegava Trieste con la linea ferroviaria Transalpina che, a sua volta, congiungeva l\u2019Istria con Gorizia.<br>Ai piedi del<strong> Castello di Miramare<\/strong> si nasconde uno scrigno di biodiversit\u00e0 marina: l\u2019<strong>Area Marina Protetta Miramare<\/strong> \u00e8 l\u2019unica riserva marina della Regione, dove lo staff del WWF pu\u00f2 accompagnare i visitatori in mare per osservare decine di specie animali e vegetali.<\/p>\n\n<\/div>\n\n<div class=\"grids-area image-big animated fadeInLeft\" style=\"--_ga-column:8\/13;--_ga-row:1\/7;--_ga-va:flex-end;--_ga-m-desktop:0 0 0 0;--_ga-p-desktop:0 0 0 0;--_ga-bg-desktop:transparent none;--_ga-zi-desktop:auto;--_ga-d-desktop:flex;--_ga-mw-desktop:calc(100% - 0 - 0);--_ga-m-tablet:0 0 0 0;--_ga-p-tablet:0 0 0 0;--_ga-bg-tablet:transparent none;--_ga-zi-tablet:auto;--_ga-d-tablet:flex;--_ga-mw-tablet:calc(100% - 0 - 0);--_ga-m-mobile:0 0 0 0;--_ga-p-mobile:0 0 0 0;--_ga-bg-mobile:transparent none;--_ga-zi-mobile:auto;--_ga-d-mobile:flex;--_ga-mw-mobile:calc(100% - 0 - 0)\">\n\n<figure class=\"wp-block-image size-full full-width\"><img loading=\"lazy\" decoding=\"async\" width=\"1280\" height=\"853\" src=\"https:\/\/duchidaosta.com\/wp-content\/uploads\/2024\/11\/boat-g1d6cf73a3_1920.webp\" alt=\"\" class=\"wp-image-7750\" srcset=\"https:\/\/duchidaosta.com\/wp-content\/uploads\/2024\/11\/boat-g1d6cf73a3_1920.webp 1280w, https:\/\/duchidaosta.com\/wp-content\/uploads\/2024\/11\/boat-g1d6cf73a3_1920-300x200.webp 300w, https:\/\/duchidaosta.com\/wp-content\/uploads\/2024\/11\/boat-g1d6cf73a3_1920-1024x682.webp 1024w, https:\/\/duchidaosta.com\/wp-content\/uploads\/2024\/11\/boat-g1d6cf73a3_1920-768x512.webp 768w, https:\/\/duchidaosta.com\/wp-content\/uploads\/2024\/11\/boat-g1d6cf73a3_1920-500x333.webp 500w, https:\/\/duchidaosta.com\/wp-content\/uploads\/2024\/11\/boat-g1d6cf73a3_1920-800x533.webp 800w\" sizes=\"auto, (max-width: 1280px) 100vw, 1280px\" \/><\/figure>\n\n<\/div>\n\n<div class=\"grids-area image animated fadeInRight delay-100ms\" style=\"--_ga-column:1\/5;--_ga-row:4\/7;--_ga-va:flex-end;--_ga-m-desktop:0 0 0 0;--_ga-p-desktop:0 0 0 0;--_ga-bg-desktop:transparent none;--_ga-zi-desktop:auto;--_ga-d-desktop:flex;--_ga-mw-desktop:calc(100% - 0 - 0);--_ga-m-tablet:0 0 0 0;--_ga-p-tablet:0 0 0 0;--_ga-bg-tablet:transparent none;--_ga-zi-tablet:auto;--_ga-d-tablet:flex;--_ga-mw-tablet:calc(100% - 0 - 0);--_ga-m-mobile:0 0 0 0;--_ga-p-mobile:0 0 0 0;--_ga-bg-mobile:transparent none;--_ga-zi-mobile:auto;--_ga-d-mobile:flex;--_ga-mw-mobile:calc(100% - 0 - 0)\">\n\n<figure class=\"wp-block-image size-large full-width\"><img loading=\"lazy\" decoding=\"async\" width=\"1024\" height=\"682\" src=\"https:\/\/duchidaosta.com\/wp-content\/uploads\/2024\/11\/iStock-1438622332-1024x682.webp\" alt=\"\" class=\"wp-image-7756\" srcset=\"https:\/\/duchidaosta.com\/wp-content\/uploads\/2024\/11\/iStock-1438622332-1024x682.webp 1024w, https:\/\/duchidaosta.com\/wp-content\/uploads\/2024\/11\/iStock-1438622332-300x200.webp 300w, https:\/\/duchidaosta.com\/wp-content\/uploads\/2024\/11\/iStock-1438622332-768x512.webp 768w, https:\/\/duchidaosta.com\/wp-content\/uploads\/2024\/11\/iStock-1438622332-500x333.webp 500w, https:\/\/duchidaosta.com\/wp-content\/uploads\/2024\/11\/iStock-1438622332-800x533.webp 800w, https:\/\/duchidaosta.com\/wp-content\/uploads\/2024\/11\/iStock-1438622332.webp 1280w\" sizes=\"auto, (max-width: 1024px) 100vw, 1024px\" \/><\/figure>\n\n<\/div>\n\n<div class=\"grids-area image animated fadeInRight delay-200ms\" style=\"--_ga-column:5\/9;--_ga-row:4\/7;--_ga-va:flex-end;--_ga-m-desktop:0 0 0 0;--_ga-p-desktop:0 0 0 0;--_ga-bg-desktop:transparent none;--_ga-zi-desktop:auto;--_ga-d-desktop:flex;--_ga-mw-desktop:calc(100% - 0 - 0);--_ga-m-tablet:0 0 0 0;--_ga-p-tablet:0 0 0 0;--_ga-bg-tablet:transparent none;--_ga-zi-tablet:auto;--_ga-d-tablet:flex;--_ga-mw-tablet:calc(100% - 0 - 0);--_ga-m-mobile:0 0 0 0;--_ga-p-mobile:0 0 0 0;--_ga-bg-mobile:transparent none;--_ga-zi-mobile:auto;--_ga-d-mobile:flex;--_ga-mw-mobile:calc(100% - 0 - 0)\">\n\n<figure class=\"wp-block-image size-large full-width\"><img loading=\"lazy\" decoding=\"async\" width=\"1024\" height=\"682\" src=\"https:\/\/duchidaosta.com\/wp-content\/uploads\/2024\/11\/iStock-1130509239-1024x682.webp\" alt=\"\" class=\"wp-image-7753\" srcset=\"https:\/\/duchidaosta.com\/wp-content\/uploads\/2024\/11\/iStock-1130509239-1024x682.webp 1024w, https:\/\/duchidaosta.com\/wp-content\/uploads\/2024\/11\/iStock-1130509239-300x200.webp 300w, https:\/\/duchidaosta.com\/wp-content\/uploads\/2024\/11\/iStock-1130509239-768x512.webp 768w, https:\/\/duchidaosta.com\/wp-content\/uploads\/2024\/11\/iStock-1130509239-500x333.webp 500w, https:\/\/duchidaosta.com\/wp-content\/uploads\/2024\/11\/iStock-1130509239-800x533.webp 800w, https:\/\/duchidaosta.com\/wp-content\/uploads\/2024\/11\/iStock-1130509239.webp 1280w\" sizes=\"auto, (max-width: 1024px) 100vw, 1024px\" \/><\/figure>\n\n<\/div>\n<\/div><\/div>\n\n<div  class=\"grids-section three-image-row grids-is-advanced alignwide\" style=\"--_gs-gap-desktop:0px 0px;--_gs-m-desktop:0 0 0 0;--_gs-p-desktop:0 0 0 0;--_gs-bg-desktop:transparent none;--_gs-bg-xp-desktop:0px;--_gs-zi-desktop:auto;--_gs-d-desktop:block;--_gs-mw-desktop:calc(100% - 0 - 0);--_gs-gap-tablet:0px 0px;--_gs-m-tablet:0 0 0 0;--_gs-p-tablet:0 0 0 0;--_gs-bg-tablet:transparent none;--_gs-bg-xp-tablet:0px;--_gs-zi-tablet:auto;--_gs-d-tablet:block;--_gs-mw-tablet:calc(100% - 0 - 0);--_gs-gap-mobile:0px 0px;--_gs-m-mobile:0 0 0 0;--_gs-p-mobile:0 0 0 0;--_gs-bg-mobile:transparent none;--_gs-bg-xp-mobile:0px;--_gs-zi-mobile:auto;--_gs-d-mobile:block;--_gs-mw-mobile:calc(100% - 0 - 0);--_gs-columns:12;--_gs-rows:6\"><div class=\"grids-s-w_i\">\n<div class=\"grids-area content animated fadeInRight\" style=\"--_ga-column:7\/13;--_ga-row:1\/4;--_ga-va:center;--_ga-m-desktop:0 0 0 0;--_ga-p-desktop:0 0 0 0;--_ga-bg-desktop:transparent none;--_ga-zi-desktop:auto;--_ga-d-desktop:flex;--_ga-mw-desktop:calc(100% - 0 - 0);--_ga-m-tablet:0 0 0 0;--_ga-p-tablet:0 0 0 0;--_ga-bg-tablet:transparent none;--_ga-zi-tablet:auto;--_ga-d-tablet:flex;--_ga-mw-tablet:calc(100% - 0 - 0);--_ga-m-mobile:0 0 0 0;--_ga-p-mobile:0 0 0 0;--_ga-bg-mobile:transparent none;--_ga-zi-mobile:auto;--_ga-d-mobile:flex;--_ga-mw-mobile:calc(100% - 0 - 0)\">\n\n<h4 class=\"wp-block-heading\"><em>7 notti<\/em><\/h4>\n\n\n\n<ul class=\"wp-block-list\">\n<li><strong>7 notti in bed and breakfast<\/strong><\/li>\n\n\n\n<li><strong>cene<\/strong><br>3 cene Harry&#8217;s Restaurant e Dehors<br>3 cene ristoranti e trattorie tipici a Trieste<\/li>\n\n\n\n<li><strong>active lifestyle<\/strong>\n<ul class=\"wp-block-list\">\n<li>Walking tour di Trieste<\/li>\n\n\n\n<li>Hiking, Sentiero Rilke<\/li>\n\n\n\n<li>Hiking, Val Rosandra<\/li>\n\n\n\n<li>Hiking, Strada Napolenica<\/li>\n\n\n\n<li>Hiking, sentiero Tiziana Weiss<\/li>\n\n\n\n<li>Escursione in barca a vela nel Golfo di Trieste<\/li>\n<\/ul>\n<\/li>\n<\/ul>\n\n\n\n<p><strong>Tutte le visite e escursioni sono organizzare con guida privata<\/strong><\/p>\n\n\n\n<p>Informazioni e prenotazioni<br>Tel: <a href=\"tel:+390407600011\">+39 040 7600011<\/a><br><a href=\"mailto:info@duchidaosta.com\">info@duchidaosta.com<\/a><\/p>\n\n<\/div>\n\n<div class=\"grids-area image-big animated fadeInLeft\" style=\"--_ga-column:1\/7;--_ga-row:1\/7;--_ga-va:flex-end;--_ga-m-desktop:0 0 0 0;--_ga-p-desktop:0 0 0 0;--_ga-bg-desktop:transparent none;--_ga-zi-desktop:auto;--_ga-d-desktop:flex;--_ga-mw-desktop:calc(100% - 0 - 0);--_ga-m-tablet:0 0 0 0;--_ga-p-tablet:0 0 0 0;--_ga-bg-tablet:transparent none;--_ga-zi-tablet:auto;--_ga-d-tablet:flex;--_ga-mw-tablet:calc(100% - 0 - 0);--_ga-m-mobile:0 0 0 0;--_ga-p-mobile:0 0 0 0;--_ga-bg-mobile:transparent none;--_ga-zi-mobile:auto;--_ga-d-mobile:flex;--_ga-mw-mobile:calc(100% - 0 - 0)\">\n\n<figure class=\"wp-block-image size-large full-width\"><img loading=\"lazy\" decoding=\"async\" width=\"1024\" height=\"767\" src=\"https:\/\/duchidaosta.com\/wp-content\/uploads\/2024\/08\/GHDuchiAostaTrieste_Exterior-2-1024x767.jpg\" alt=\"\" class=\"wp-image-7402\" srcset=\"https:\/\/duchidaosta.com\/wp-content\/uploads\/2024\/08\/GHDuchiAostaTrieste_Exterior-2-1024x767.jpg 1024w, https:\/\/duchidaosta.com\/wp-content\/uploads\/2024\/08\/GHDuchiAostaTrieste_Exterior-2-300x225.jpg 300w, https:\/\/duchidaosta.com\/wp-content\/uploads\/2024\/08\/GHDuchiAostaTrieste_Exterior-2-768x575.jpg 768w, https:\/\/duchidaosta.com\/wp-content\/uploads\/2024\/08\/GHDuchiAostaTrieste_Exterior-2-1536x1150.jpg 1536w, https:\/\/duchidaosta.com\/wp-content\/uploads\/2024\/08\/GHDuchiAostaTrieste_Exterior-2-500x374.jpg 500w, https:\/\/duchidaosta.com\/wp-content\/uploads\/2024\/08\/GHDuchiAostaTrieste_Exterior-2-800x599.jpg 800w, https:\/\/duchidaosta.com\/wp-content\/uploads\/2024\/08\/GHDuchiAostaTrieste_Exterior-2-1280x959.jpg 1280w, https:\/\/duchidaosta.com\/wp-content\/uploads\/2024\/08\/GHDuchiAostaTrieste_Exterior-2-1568x1174.jpg 1568w, https:\/\/duchidaosta.com\/wp-content\/uploads\/2024\/08\/GHDuchiAostaTrieste_Exterior-2.jpg 1920w\" sizes=\"auto, (max-width: 1024px) 100vw, 1024px\" \/><\/figure>\n\n<\/div>\n\n<div class=\"grids-area image animated fadeInRight delay-100ms\" style=\"--_ga-column:6\/10;--_ga-row:4\/7;--_ga-va:flex-end;--_ga-m-desktop:0 0 0 0;--_ga-p-desktop:0 0 0 0;--_ga-bg-desktop:transparent none;--_ga-zi-desktop:auto;--_ga-d-desktop:flex;--_ga-mw-desktop:calc(100% - 0 - 0);--_ga-m-tablet:0 0 0 0;--_ga-p-tablet:0 0 0 0;--_ga-bg-tablet:transparent none;--_ga-zi-tablet:auto;--_ga-d-tablet:flex;--_ga-mw-tablet:calc(100% - 0 - 0);--_ga-m-mobile:0 0 0 0;--_ga-p-mobile:0 0 0 0;--_ga-bg-mobile:transparent none;--_ga-zi-mobile:auto;--_ga-d-mobile:flex;--_ga-mw-mobile:calc(100% - 0 - 0)\">\n\n<figure class=\"wp-block-image size-full full-width\"><img loading=\"lazy\" decoding=\"async\" width=\"279\" height=\"279\" src=\"https:\/\/duchidaosta.com\/wp-content\/uploads\/2024\/11\/experiences-ACTIVE-ITA.pdf-Page-5-image-2.png\" alt=\"\" class=\"wp-image-7761\" srcset=\"https:\/\/duchidaosta.com\/wp-content\/uploads\/2024\/11\/experiences-ACTIVE-ITA.pdf-Page-5-image-2.png 279w, https:\/\/duchidaosta.com\/wp-content\/uploads\/2024\/11\/experiences-ACTIVE-ITA.pdf-Page-5-image-2-150x150.png 150w\" sizes=\"auto, (max-width: 279px) 100vw, 279px\" \/><\/figure>\n\n<\/div>\n<\/div><\/div>\n\n<div  class=\"grids-section three-image-row grids-is-advanced alignwide\" style=\"--_gs-gap-desktop:0px 0px;--_gs-m-desktop:0 0 0 0;--_gs-p-desktop:0 0 0 0;--_gs-bg-desktop:transparent none;--_gs-bg-xp-desktop:0px;--_gs-zi-desktop:auto;--_gs-d-desktop:block;--_gs-mw-desktop:calc(100% - 0 - 0);--_gs-gap-tablet:0px 0px;--_gs-m-tablet:0 0 0 0;--_gs-p-tablet:0 0 0 0;--_gs-bg-tablet:transparent none;--_gs-bg-xp-tablet:0px;--_gs-zi-tablet:auto;--_gs-d-tablet:block;--_gs-mw-tablet:calc(100% - 0 - 0);--_gs-gap-mobile:0px 0px;--_gs-m-mobile:0 0 0 0;--_gs-p-mobile:0 0 0 0;--_gs-bg-mobile:transparent none;--_gs-bg-xp-mobile:0px;--_gs-zi-mobile:auto;--_gs-d-mobile:block;--_gs-mw-mobile:calc(100% - 0 - 0);--_gs-columns:12;--_gs-rows:6\"><div class=\"grids-s-w_i\">\n<div class=\"grids-area content animated fadeInRight\" style=\"--_ga-column:7\/13;--_ga-row:1\/4;--_ga-va:center;--_ga-m-desktop:0 0 0 0;--_ga-p-desktop:0 0 0 0;--_ga-bg-desktop:transparent none;--_ga-zi-desktop:auto;--_ga-d-desktop:flex;--_ga-mw-desktop:calc(100% - 0 - 0);--_ga-m-tablet:0 0 0 0;--_ga-p-tablet:0 0 0 0;--_ga-bg-tablet:transparent none;--_ga-zi-tablet:auto;--_ga-d-tablet:flex;--_ga-mw-tablet:calc(100% - 0 - 0);--_ga-m-mobile:0 0 0 0;--_ga-p-mobile:0 0 0 0;--_ga-bg-mobile:transparent none;--_ga-zi-mobile:auto;--_ga-d-mobile:flex;--_ga-mw-mobile:calc(100% - 0 - 0)\">\n\n<h4 class=\"wp-block-heading\"><em>3 notti<\/em><\/h4>\n\n\n\n<ul class=\"wp-block-list\">\n<li><strong>3 notti in bed and breakfast<\/strong><\/li>\n\n\n\n<li><strong>cene<\/strong><br>1 cene Harry&#8217;s Restaurant e Dehors<br>1 cena ristorante tipico a Trieste<\/li>\n\n\n\n<li><strong>active lifestyle<\/strong>\n<ul class=\"wp-block-list\">\n<li>Walking tour di Trieste<\/li>\n\n\n\n<li>Hiking, Sentiero Rilke<\/li>\n\n\n\n<li>Hiking, Val Rosandra<\/li>\n<\/ul>\n<\/li>\n<\/ul>\n\n\n\n<p><strong>Tutte le visite e escursioni sono organizzare con guida privata<\/strong><\/p>\n\n\n\n<p>Informazioni e prenotazioni<br>Tel: <a href=\"tel:+390407600011\">+39 040 7600011<\/a><br><a href=\"mailto:info@duchidaosta.com\">info@duchidaosta.com<\/a><\/p>\n\n<\/div>\n\n<div class=\"grids-area image-big animated fadeInLeft\" style=\"--_ga-column:1\/7;--_ga-row:1\/7;--_ga-va:flex-end;--_ga-m-desktop:0 0 0 0;--_ga-p-desktop:0 0 0 0;--_ga-bg-desktop:transparent none;--_ga-zi-desktop:auto;--_ga-d-desktop:flex;--_ga-mw-desktop:calc(100% - 0 - 0);--_ga-m-tablet:0 0 0 0;--_ga-p-tablet:0 0 0 0;--_ga-bg-tablet:transparent none;--_ga-zi-tablet:auto;--_ga-d-tablet:flex;--_ga-mw-tablet:calc(100% - 0 - 0);--_ga-m-mobile:0 0 0 0;--_ga-p-mobile:0 0 0 0;--_ga-bg-mobile:transparent none;--_ga-zi-mobile:auto;--_ga-d-mobile:flex;--_ga-mw-mobile:calc(100% - 0 - 0)\">\n\n<figure class=\"wp-block-image size-large full-width\"><img loading=\"lazy\" decoding=\"async\" width=\"1024\" height=\"693\" src=\"https:\/\/duchidaosta.com\/wp-content\/uploads\/2024\/11\/experiences-ACTIVE-ITA.pdf-Page-6-image-1-1024x693.png\" alt=\"\" class=\"wp-image-7764\" srcset=\"https:\/\/duchidaosta.com\/wp-content\/uploads\/2024\/11\/experiences-ACTIVE-ITA.pdf-Page-6-image-1-1024x693.png 1024w, https:\/\/duchidaosta.com\/wp-content\/uploads\/2024\/11\/experiences-ACTIVE-ITA.pdf-Page-6-image-1-300x203.png 300w, https:\/\/duchidaosta.com\/wp-content\/uploads\/2024\/11\/experiences-ACTIVE-ITA.pdf-Page-6-image-1-768x520.png 768w, https:\/\/duchidaosta.com\/wp-content\/uploads\/2024\/11\/experiences-ACTIVE-ITA.pdf-Page-6-image-1-500x338.png 500w, https:\/\/duchidaosta.com\/wp-content\/uploads\/2024\/11\/experiences-ACTIVE-ITA.pdf-Page-6-image-1-800x541.png 800w, https:\/\/duchidaosta.com\/wp-content\/uploads\/2024\/11\/experiences-ACTIVE-ITA.pdf-Page-6-image-1.png 1181w\" sizes=\"auto, (max-width: 1024px) 100vw, 1024px\" \/><\/figure>\n\n<\/div>\n\n<div class=\"grids-area image animated fadeInRight delay-100ms\" style=\"--_ga-column:6\/10;--_ga-row:4\/7;--_ga-va:flex-end;--_ga-m-desktop:0 0 0 0;--_ga-p-desktop:0 0 0 0;--_ga-bg-desktop:transparent none;--_ga-zi-desktop:auto;--_ga-d-desktop:flex;--_ga-mw-desktop:calc(100% - 0 - 0);--_ga-m-tablet:0 0 0 0;--_ga-p-tablet:0 0 0 0;--_ga-bg-tablet:transparent none;--_ga-zi-tablet:auto;--_ga-d-tablet:flex;--_ga-mw-tablet:calc(100% - 0 - 0);--_ga-m-mobile:0 0 0 0;--_ga-p-mobile:0 0 0 0;--_ga-bg-mobile:transparent none;--_ga-zi-mobile:auto;--_ga-d-mobile:flex;--_ga-mw-mobile:calc(100% - 0 - 0)\">\n\n<figure class=\"wp-block-image size-full full-width\"><img loading=\"lazy\" decoding=\"async\" width=\"279\" height=\"279\" src=\"https:\/\/duchidaosta.com\/wp-content\/uploads\/2024\/11\/experiences-ACTIVE-ITA.pdf-Page-6-image-2.png\" alt=\"\" class=\"wp-image-7767\" srcset=\"https:\/\/duchidaosta.com\/wp-content\/uploads\/2024\/11\/experiences-ACTIVE-ITA.pdf-Page-6-image-2.png 279w, https:\/\/duchidaosta.com\/wp-content\/uploads\/2024\/11\/experiences-ACTIVE-ITA.pdf-Page-6-image-2-150x150.png 150w\" sizes=\"auto, (max-width: 279px) 100vw, 279px\" \/><\/figure>\n\n<\/div>\n<\/div><\/div>","protected":false},"excerpt":{"rendered":"","protected":false},"author":24,"featured_media":5434,"parent":0,"menu_order":0,"comment_status":"closed","ping_status":"closed","template":"","meta":{"_acf_changed":false,"advgb_blocks_editor_width":"","advgb_blocks_columns_visual_guide":"","footnotes":""},"class_list":["post-7738","page","type-page","status-publish","has-post-thumbnail","hentry","entry"],"acf":[],"yoast_head":"<!-- This site is optimized with the Yoast SEO plugin v26.4 - https:\/\/yoast.com\/wordpress\/plugins\/seo\/ -->\n<title>Active lifestyle a Trieste - Grand Hotel Duchi d&#039;Aosta<\/title>\n<meta name=\"description\" content=\"La citt\u00e0 di Trieste \u00e8 vibrante, ha un suo fascino unico, \u00e8 ricca di storia, architetture e attrazioni, e offre molte interessanti escursioni. Scopri quali!\" \/>\n<meta name=\"robots\" content=\"index, follow, max-snippet:-1, max-image-preview:large, max-video-preview:-1\" \/>\n<link rel=\"canonical\" href=\"https:\/\/duchidaosta.com\/it\/active-lifestyle\/\" \/>\n<meta property=\"og:locale\" content=\"it_IT\" \/>\n<meta property=\"og:type\" content=\"article\" \/>\n<meta property=\"og:title\" content=\"Active lifestyle a Trieste - Grand Hotel Duchi d&#039;Aosta\" \/>\n<meta property=\"og:description\" content=\"La citt\u00e0 di Trieste \u00e8 vibrante, ha un suo fascino unico, \u00e8 ricca di storia, architetture e attrazioni, e offre molte interessanti escursioni. Scopri quali!\" \/>\n<meta property=\"og:url\" content=\"https:\/\/duchidaosta.com\/it\/active-lifestyle\/\" \/>\n<meta property=\"og:site_name\" content=\"Grand Hotel Duchi d&#039;Aosta\" \/>\n<meta property=\"article:publisher\" content=\"https:\/\/www.facebook.com\/Hotel.Duchi.Trieste\" \/>\n<meta property=\"article:modified_time\" content=\"2025-02-19T09:56:35+00:00\" \/>\n<meta property=\"og:image\" content=\"https:\/\/duchidaosta.com\/wp-content\/uploads\/2023\/09\/esperienze-hotel-duchi-daosta-trieste-banner.jpg\" \/>\n\t<meta property=\"og:image:width\" content=\"2000\" \/>\n\t<meta property=\"og:image:height\" content=\"1000\" \/>\n\t<meta property=\"og:image:type\" content=\"image\/jpeg\" \/>\n<meta name=\"twitter:card\" content=\"summary_large_image\" \/>\n<meta name=\"twitter:label1\" content=\"Tempo di lettura stimato\" \/>\n\t<meta name=\"twitter:data1\" content=\"6 minuti\" \/>\n<script type=\"application\/ld+json\" class=\"yoast-schema-graph\">{\"@context\":\"https:\/\/schema.org\",\"@graph\":[{\"@type\":\"WebPage\",\"@id\":\"https:\/\/duchidaosta.com\/it\/active-lifestyle\/\",\"url\":\"https:\/\/duchidaosta.com\/it\/active-lifestyle\/\",\"name\":\"Active lifestyle a Trieste - Grand Hotel Duchi d&#039;Aosta\",\"isPartOf\":{\"@id\":\"https:\/\/duchidaosta.com\/it\/#website\"},\"primaryImageOfPage\":{\"@id\":\"https:\/\/duchidaosta.com\/it\/active-lifestyle\/#primaryimage\"},\"image\":{\"@id\":\"https:\/\/duchidaosta.com\/it\/active-lifestyle\/#primaryimage\"},\"thumbnailUrl\":\"https:\/\/duchidaosta.com\/wp-content\/uploads\/2023\/09\/esperienze-hotel-duchi-daosta-trieste-banner.jpg\",\"datePublished\":\"2024-11-21T14:10:45+00:00\",\"dateModified\":\"2025-02-19T09:56:35+00:00\",\"description\":\"La citt\u00e0 di Trieste \u00e8 vibrante, ha un suo fascino unico, \u00e8 ricca di storia, architetture e attrazioni, e offre molte interessanti escursioni. Scopri quali!\",\"breadcrumb\":{\"@id\":\"https:\/\/duchidaosta.com\/it\/active-lifestyle\/#breadcrumb\"},\"inLanguage\":\"it-IT\",\"potentialAction\":[{\"@type\":\"ReadAction\",\"target\":[\"https:\/\/duchidaosta.com\/it\/active-lifestyle\/\"]}]},{\"@type\":\"ImageObject\",\"inLanguage\":\"it-IT\",\"@id\":\"https:\/\/duchidaosta.com\/it\/active-lifestyle\/#primaryimage\",\"url\":\"https:\/\/duchidaosta.com\/wp-content\/uploads\/2023\/09\/esperienze-hotel-duchi-daosta-trieste-banner.jpg\",\"contentUrl\":\"https:\/\/duchidaosta.com\/wp-content\/uploads\/2023\/09\/esperienze-hotel-duchi-daosta-trieste-banner.jpg\",\"width\":2000,\"height\":1000,\"caption\":\"vista aerea del Castello di Miramare\"},{\"@type\":\"BreadcrumbList\",\"@id\":\"https:\/\/duchidaosta.com\/it\/active-lifestyle\/#breadcrumb\",\"itemListElement\":[{\"@type\":\"ListItem\",\"position\":1,\"name\":\"Home\",\"item\":\"https:\/\/duchidaosta.com\/it\/\"},{\"@type\":\"ListItem\",\"position\":2,\"name\":\"ACTIVE lifestyle\"}]},{\"@type\":\"WebSite\",\"@id\":\"https:\/\/duchidaosta.com\/it\/#website\",\"url\":\"https:\/\/duchidaosta.com\/it\/\",\"name\":\"Grand Hotel Duchi d&#039;Aosta\",\"description\":\"\",\"publisher\":{\"@id\":\"https:\/\/duchidaosta.com\/it\/#organization\"},\"potentialAction\":[{\"@type\":\"SearchAction\",\"target\":{\"@type\":\"EntryPoint\",\"urlTemplate\":\"https:\/\/duchidaosta.com\/it\/?s={search_term_string}\"},\"query-input\":{\"@type\":\"PropertyValueSpecification\",\"valueRequired\":true,\"valueName\":\"search_term_string\"}}],\"inLanguage\":\"it-IT\"},{\"@type\":\"Organization\",\"@id\":\"https:\/\/duchidaosta.com\/it\/#organization\",\"name\":\"Grand Hotel Duchi d&#039;Aosta\",\"url\":\"https:\/\/duchidaosta.com\/it\/\",\"logo\":{\"@type\":\"ImageObject\",\"inLanguage\":\"it-IT\",\"@id\":\"https:\/\/duchidaosta.com\/it\/#\/schema\/logo\/image\/\",\"url\":\"https:\/\/duchidaosta.com\/wp-content\/uploads\/2023\/07\/logo-duchi-daosta.svg\",\"contentUrl\":\"https:\/\/duchidaosta.com\/wp-content\/uploads\/2023\/07\/logo-duchi-daosta.svg\",\"caption\":\"Grand Hotel Duchi d&#039;Aosta\"},\"image\":{\"@id\":\"https:\/\/duchidaosta.com\/it\/#\/schema\/logo\/image\/\"},\"sameAs\":[\"https:\/\/www.facebook.com\/Hotel.Duchi.Trieste\",\"https:\/\/www.instagram.com\/duchitrieste\/\",\"https:\/\/www.linkedin.com\/company\/grand-hotel-duchi-d-aosta-harry-s-piccolo-bistr-trieste\/\"]}]}<\/script>\n<!-- \/ Yoast SEO plugin. -->","yoast_head_json":{"title":"Active lifestyle a Trieste - Grand Hotel Duchi d&#039;Aosta","description":"La citt\u00e0 di Trieste \u00e8 vibrante, ha un suo fascino unico, \u00e8 ricca di storia, architetture e attrazioni, e offre molte interessanti escursioni. Scopri quali!","robots":{"index":"index","follow":"follow","max-snippet":"max-snippet:-1","max-image-preview":"max-image-preview:large","max-video-preview":"max-video-preview:-1"},"canonical":"https:\/\/duchidaosta.com\/it\/active-lifestyle\/","og_locale":"it_IT","og_type":"article","og_title":"Active lifestyle a Trieste - Grand Hotel Duchi d&#039;Aosta","og_description":"La citt\u00e0 di Trieste \u00e8 vibrante, ha un suo fascino unico, \u00e8 ricca di storia, architetture e attrazioni, e offre molte interessanti escursioni. Scopri quali!","og_url":"https:\/\/duchidaosta.com\/it\/active-lifestyle\/","og_site_name":"Grand Hotel Duchi d&#039;Aosta","article_publisher":"https:\/\/www.facebook.com\/Hotel.Duchi.Trieste","article_modified_time":"2025-02-19T09:56:35+00:00","og_image":[{"width":2000,"height":1000,"url":"https:\/\/duchidaosta.com\/wp-content\/uploads\/2023\/09\/esperienze-hotel-duchi-daosta-trieste-banner.jpg","type":"image\/jpeg"}],"twitter_card":"summary_large_image","twitter_misc":{"Tempo di lettura stimato":"6 minuti"},"schema":{"@context":"https:\/\/schema.org","@graph":[{"@type":"WebPage","@id":"https:\/\/duchidaosta.com\/it\/active-lifestyle\/","url":"https:\/\/duchidaosta.com\/it\/active-lifestyle\/","name":"Active lifestyle a Trieste - Grand Hotel Duchi d&#039;Aosta","isPartOf":{"@id":"https:\/\/duchidaosta.com\/it\/#website"},"primaryImageOfPage":{"@id":"https:\/\/duchidaosta.com\/it\/active-lifestyle\/#primaryimage"},"image":{"@id":"https:\/\/duchidaosta.com\/it\/active-lifestyle\/#primaryimage"},"thumbnailUrl":"https:\/\/duchidaosta.com\/wp-content\/uploads\/2023\/09\/esperienze-hotel-duchi-daosta-trieste-banner.jpg","datePublished":"2024-11-21T14:10:45+00:00","dateModified":"2025-02-19T09:56:35+00:00","description":"La citt\u00e0 di Trieste \u00e8 vibrante, ha un suo fascino unico, \u00e8 ricca di storia, architetture e attrazioni, e offre molte interessanti escursioni. Scopri quali!","breadcrumb":{"@id":"https:\/\/duchidaosta.com\/it\/active-lifestyle\/#breadcrumb"},"inLanguage":"it-IT","potentialAction":[{"@type":"ReadAction","target":["https:\/\/duchidaosta.com\/it\/active-lifestyle\/"]}]},{"@type":"ImageObject","inLanguage":"it-IT","@id":"https:\/\/duchidaosta.com\/it\/active-lifestyle\/#primaryimage","url":"https:\/\/duchidaosta.com\/wp-content\/uploads\/2023\/09\/esperienze-hotel-duchi-daosta-trieste-banner.jpg","contentUrl":"https:\/\/duchidaosta.com\/wp-content\/uploads\/2023\/09\/esperienze-hotel-duchi-daosta-trieste-banner.jpg","width":2000,"height":1000,"caption":"vista aerea del Castello di Miramare"},{"@type":"BreadcrumbList","@id":"https:\/\/duchidaosta.com\/it\/active-lifestyle\/#breadcrumb","itemListElement":[{"@type":"ListItem","position":1,"name":"Home","item":"https:\/\/duchidaosta.com\/it\/"},{"@type":"ListItem","position":2,"name":"ACTIVE lifestyle"}]},{"@type":"WebSite","@id":"https:\/\/duchidaosta.com\/it\/#website","url":"https:\/\/duchidaosta.com\/it\/","name":"Grand Hotel Duchi d&#039;Aosta","description":"","publisher":{"@id":"https:\/\/duchidaosta.com\/it\/#organization"},"potentialAction":[{"@type":"SearchAction","target":{"@type":"EntryPoint","urlTemplate":"https:\/\/duchidaosta.com\/it\/?s={search_term_string}"},"query-input":{"@type":"PropertyValueSpecification","valueRequired":true,"valueName":"search_term_string"}}],"inLanguage":"it-IT"},{"@type":"Organization","@id":"https:\/\/duchidaosta.com\/it\/#organization","name":"Grand Hotel Duchi d&#039;Aosta","url":"https:\/\/duchidaosta.com\/it\/","logo":{"@type":"ImageObject","inLanguage":"it-IT","@id":"https:\/\/duchidaosta.com\/it\/#\/schema\/logo\/image\/","url":"https:\/\/duchidaosta.com\/wp-content\/uploads\/2023\/07\/logo-duchi-daosta.svg","contentUrl":"https:\/\/duchidaosta.com\/wp-content\/uploads\/2023\/07\/logo-duchi-daosta.svg","caption":"Grand Hotel Duchi d&#039;Aosta"},"image":{"@id":"https:\/\/duchidaosta.com\/it\/#\/schema\/logo\/image\/"},"sameAs":["https:\/\/www.facebook.com\/Hotel.Duchi.Trieste","https:\/\/www.instagram.com\/duchitrieste\/","https:\/\/www.linkedin.com\/company\/grand-hotel-duchi-d-aosta-harry-s-piccolo-bistr-trieste\/"]}]}},"coauthors":[],"author_meta":{"author_link":"https:\/\/duchidaosta.com\/it\/author\/franc-amckaiol\/","display_name":"Francesco Gemin"},"relative_dates":{"created":"Pubblicato 1 anno fa","modified":"Aggiornato 1 anno fa"},"absolute_dates":{"created":"Pubblicato il 21\/11\/2024","modified":"Aggiornato il 19\/02\/2025"},"absolute_dates_time":{"created":"Pubblicato il 21\/11\/2024 15:10","modified":"Aggiornato il 19\/02\/2025 10:56"},"featured_img_caption":"","featured_img":"https:\/\/duchidaosta.com\/wp-content\/uploads\/2023\/09\/esperienze-hotel-duchi-daosta-trieste-banner-1568x784.jpg","series_order":"","_links":{"self":[{"href":"https:\/\/duchidaosta.com\/it\/wp-json\/wp\/v2\/pages\/7738","targetHints":{"allow":["GET"]}}],"collection":[{"href":"https:\/\/duchidaosta.com\/it\/wp-json\/wp\/v2\/pages"}],"about":[{"href":"https:\/\/duchidaosta.com\/it\/wp-json\/wp\/v2\/types\/page"}],"author":[{"embeddable":true,"href":"https:\/\/duchidaosta.com\/it\/wp-json\/wp\/v2\/users\/24"}],"replies":[{"embeddable":true,"href":"https:\/\/duchidaosta.com\/it\/wp-json\/wp\/v2\/comments?post=7738"}],"version-history":[{"count":0,"href":"https:\/\/duchidaosta.com\/it\/wp-json\/wp\/v2\/pages\/7738\/revisions"}],"wp:featuredmedia":[{"embeddable":true,"href":"https:\/\/duchidaosta.com\/it\/wp-json\/wp\/v2\/media\/5434"}],"wp:attachment":[{"href":"https:\/\/duchidaosta.com\/it\/wp-json\/wp\/v2\/media?parent=7738"}],"curies":[{"name":"wp","href":"https:\/\/api.w.org\/{rel}","templated":true}]}}